{"id":39,"date":"2020-03-18T16:44:44","date_gmt":"2020-03-18T16:44:44","guid":{"rendered":"https:\/\/alloggio.qodeinteractive.com\/?page_id=39"},"modified":"2022-06-15T11:06:58","modified_gmt":"2022-06-15T11:06:58","slug":"mareallarco","status":"publish","type":"page","link":"https:\/\/www.mareallarco.com\/en\/","title":{"rendered":"Mareallarco"},"content":{"rendered":"<div data-elementor-type=\"wp-page\" data-elementor-id=\"39\" class=\"elementor elementor-39\">\n\t\t\t\t\t\t\t\t\t<section class=\"elementor-section elementor-top-section elementor-element elementor-element-d81f97c elementor-section-full_width elementor-section-height-default elementor-section-height-default qodef-elementor-content-no\" data-id=\"d81f97c\" data-element_type=\"section\">\n\t\t\t\t\t\t<div class=\"elementor-container elementor-column-gap-no\">\n\t\t\t\t\t<div class=\"elementor-column elementor-col-100 elementor-top-column elementor-element elementor-element-cafd142\" data-id=\"cafd142\" data-element_type=\"column\" id=\"qodef-main-rev-holder\">\n\t\t\t<div class=\"elementor-widget-wrap elementor-element-populated\">\n\t\t\t\t\t\t\t\t<div class=\"elementor-element elementor-element-5a01209 elementor-widget elementor-widget-alloggio_core_room_reservation_filter\" data-id=\"5a01209\" data-element_type=\"widget\" data-widget_type=\"alloggio_core_room_reservation_filter.default\">\n\t\t\t\t<div class=\"elementor-widget-container\">\n\t\t\t<div class=\"qodef-shortcode qodef-m  qodef-room-reservation-filter qodef-layout--revolution-slider\" >\n\t\n\t\t\t<!-- START Slider 1 REVOLUTION SLIDER 6.7.2 --><p class=\"rs-p-wp-fix\"><\/p>\n\t\t\t<rs-module-wrap id=\"rev_slider_10_1_wrapper\" data-source=\"gallery\" style=\"visibility:hidden;background:transparent;padding:0;margin:0px auto;margin-top:0;margin-bottom:0;\">\n\t\t\t\t<rs-module id=\"rev_slider_10_1\" style=\"\" data-version=\"6.7.2\">\n\t\t\t\t\t<rs-slides style=\"overflow: hidden; position: absolute;\">\n\t\t\t\t\t\t<rs-slide style=\"position: absolute;\" data-key=\"rs-28\" data-title=\"Slide\" data-thumb=\"\/\/www.mareallarco.com\/wp-content\/uploads\/2022\/05\/astrea-slide-home-bis-50x100.jpg\" data-anim=\"adpr:false;\" data-in=\"o:0;\" data-out=\"a:false;\">\n\t\t\t\t\t\t\t<img decoding=\"async\" src=\"\/\/www.mareallarco.com\/wp-content\/plugins\/revslider\/sr6\/assets\/assets\/dummy.png\" alt=\"\" title=\"astrea-slide-home-bis\" width=\"1830\" height=\"711\" class=\"rev-slidebg tp-rs-img rs-lazyload\" data-lazyload=\"\/\/www.mareallarco.com\/wp-content\/uploads\/2022\/05\/astrea-slide-home-bis.jpg\" data-no-retina>\n<!--\n\t\t\t\t\t\t\t--><rs-layer\n\t\t\t\t\t\t\t\tid=\"slider-10-slide-28-layer-1\" \n\t\t\t\t\t\t\t\tdata-type=\"text\"\n\t\t\t\t\t\t\t\tdata-color=\"#000000\"\n\t\t\t\t\t\t\t\tdata-rsp_ch=\"on\"\n\t\t\t\t\t\t\t\tdata-xy=\"x:990px;y:116px;\"\n\t\t\t\t\t\t\t\tdata-text=\"w:normal;s:42;fw:500;\"\n\t\t\t\t\t\t\t\tdata-vbility=\"t,f,f,f\"\n\t\t\t\t\t\t\t\tdata-frame_1=\"y:17px;e:power2.out;st:400;sp:1000;\"\n\t\t\t\t\t\t\t\tdata-frame_999=\"o:0;st:w;\"\n\t\t\t\t\t\t\t\tstyle=\"z-index:5;font-family:'Cormorant';\"\n\t\t\t\t\t\t\t>Eccezionale cura di ogni dettaglio \n\t\t\t\t\t\t\t<\/rs-layer><!--\n-->\t\t\t\t\t<\/rs-slide>\n\t\t\t\t\t\t<rs-slide style=\"position: absolute;\" data-key=\"rs-35\" data-title=\"Slide\" data-thumb=\"\/\/www.mareallarco.com\/wp-content\/uploads\/2022\/05\/aura-home-slide-1-50x100.jpg\" data-anim=\"adpr:false;\" data-in=\"o:0;\" data-out=\"a:false;\">\n\t\t\t\t\t\t\t<img decoding=\"async\" src=\"\/\/www.mareallarco.com\/wp-content\/plugins\/revslider\/sr6\/assets\/assets\/dummy.png\" alt=\"\" title=\"aura&#8211;home-slide\" width=\"1830\" height=\"711\" class=\"rev-slidebg tp-rs-img rs-lazyload\" data-lazyload=\"\/\/www.mareallarco.com\/wp-content\/uploads\/2022\/05\/aura-home-slide-1.jpg\" data-no-retina>\n<!--\n\t\t\t\t\t\t\t--><rs-layer\n\t\t\t\t\t\t\t\tid=\"slider-10-slide-35-layer-3\" \n\t\t\t\t\t\t\t\tdata-type=\"text\"\n\t\t\t\t\t\t\t\tdata-color=\"#000000\"\n\t\t\t\t\t\t\t\tdata-rsp_ch=\"on\"\n\t\t\t\t\t\t\t\tdata-xy=\"x:169px;y:221px;\"\n\t\t\t\t\t\t\t\tdata-text=\"w:normal;s:42;l:39;fw:500;\"\n\t\t\t\t\t\t\t\tdata-dim=\"w:603.203px;\"\n\t\t\t\t\t\t\t\tdata-vbility=\"t,f,f,f\"\n\t\t\t\t\t\t\t\tdata-frame_1=\"y:17px;e:power2.out;st:400;sp:1000;\"\n\t\t\t\t\t\t\t\tdata-frame_999=\"o:0;st:w;\"\n\t\t\t\t\t\t\t\tstyle=\"z-index:5;font-family:'Cormorant';\"\n\t\t\t\t\t\t\t>Bellissimi appartamenti e atmosfera accogliente \n\t\t\t\t\t\t\t<\/rs-layer><!--\n-->\t\t\t\t\t<\/rs-slide>\n\t\t\t\t\t\t<rs-slide style=\"position: absolute;\" data-key=\"rs-30\" data-title=\"Slide\" data-thumb=\"\/\/www.mareallarco.com\/wp-content\/uploads\/2022\/05\/terrazzino-50x100.jpg\" data-anim=\"adpr:false;\" data-in=\"o:0;\" data-out=\"a:false;\" data-alttrans=\"random\">\n\t\t\t\t\t\t\t<img decoding=\"async\" src=\"\/\/www.mareallarco.com\/wp-content\/plugins\/revslider\/sr6\/assets\/assets\/dummy.png\" alt=\"\" title=\"terrazzino\" width=\"1830\" height=\"711\" class=\"rev-slidebg tp-rs-img rs-lazyload\" data-lazyload=\"\/\/www.mareallarco.com\/wp-content\/uploads\/2022\/05\/terrazzino.jpg\" data-no-retina>\n<!--\n\t\t\t\t\t\t\t--><rs-layer\n\t\t\t\t\t\t\t\tid=\"slider-10-slide-30-layer-2\" \n\t\t\t\t\t\t\t\tdata-type=\"text\"\n\t\t\t\t\t\t\t\tdata-color=\"#000000\"\n\t\t\t\t\t\t\t\tdata-rsp_ch=\"on\"\n\t\t\t\t\t\t\t\tdata-xy=\"x:625px;y:127px;\"\n\t\t\t\t\t\t\t\tdata-text=\"w:normal;s:42;fw:500;\"\n\t\t\t\t\t\t\t\tdata-vbility=\"t,f,f,f\"\n\t\t\t\t\t\t\t\tdata-frame_1=\"y:17px;e:power2.out;st:400;sp:1000;\"\n\t\t\t\t\t\t\t\tdata-frame_999=\"o:0;st:w;\"\n\t\t\t\t\t\t\t\tstyle=\"z-index:5;font-family:'Cormorant';\"\n\t\t\t\t\t\t\t>Abbinate un aperitivo ad un tramonto perfetto \n\t\t\t\t\t\t\t<\/rs-layer><!--\n-->\t\t\t\t\t<\/rs-slide>\n\t\t\t\t\t\t<rs-slide style=\"position: absolute;\" data-key=\"rs-36\" data-title=\"Slide\" data-thumb=\"\/\/www.mareallarco.com\/wp-content\/uploads\/2022\/05\/slide-gaeta-50x100.jpg\" data-anim=\"adpr:false;\" data-in=\"o:0;\" data-out=\"a:false;\" data-alttrans=\"random\">\n\t\t\t\t\t\t\t<img decoding=\"async\" src=\"\/\/www.mareallarco.com\/wp-content\/plugins\/revslider\/sr6\/assets\/assets\/dummy.png\" alt=\"\" title=\"slide-gaeta\" width=\"1830\" height=\"711\" class=\"rev-slidebg tp-rs-img rs-lazyload\" data-lazyload=\"\/\/www.mareallarco.com\/wp-content\/uploads\/2022\/05\/slide-gaeta.jpg\" data-no-retina>\n<!--\n\t\t\t\t\t\t\t--><rs-layer\n\t\t\t\t\t\t\t\tid=\"slider-10-slide-36-layer-4\" \n\t\t\t\t\t\t\t\tdata-type=\"text\"\n\t\t\t\t\t\t\t\tdata-color=\"#000000\"\n\t\t\t\t\t\t\t\tdata-rsp_ch=\"on\"\n\t\t\t\t\t\t\t\tdata-xy=\"x:158px;y:82px;\"\n\t\t\t\t\t\t\t\tdata-text=\"w:normal;s:42;fw:500;\"\n\t\t\t\t\t\t\t\tdata-vbility=\"t,f,f,f\"\n\t\t\t\t\t\t\t\tdata-frame_1=\"y:17px;e:power2.out;st:400;sp:1000;\"\n\t\t\t\t\t\t\t\tdata-frame_999=\"o:0;st:w;\"\n\t\t\t\t\t\t\t\tstyle=\"z-index:5;font-family:'Cormorant';\"\n\t\t\t\t\t\t\t>Visitate i tesori nascosti di Gaeta \n\t\t\t\t\t\t\t<\/rs-layer><!--\n-->\t\t\t\t\t<\/rs-slide>\n\t\t\t\t\t\t<rs-slide style=\"position: absolute;\" data-key=\"rs-37\" data-title=\"Slide\" data-thumb=\"\/\/www.mareallarco.com\/wp-content\/uploads\/2022\/04\/gaeta-50x100.jpg\" data-anim=\"adpr:false;\" data-in=\"o:0;\" data-out=\"a:false;\" data-alttrans=\"random\">\n\t\t\t\t\t\t\t<img decoding=\"async\" src=\"\/\/www.mareallarco.com\/wp-content\/plugins\/revslider\/sr6\/assets\/assets\/dummy.png\" alt=\"\" title=\"gaeta\" width=\"1921\" height=\"1100\" class=\"rev-slidebg tp-rs-img rs-lazyload\" data-lazyload=\"\/\/www.mareallarco.com\/wp-content\/uploads\/2022\/04\/gaeta.jpg\" data-no-retina>\n<!--\n\t\t\t\t\t\t\t--><rs-layer\n\t\t\t\t\t\t\t\tid=\"slider-10-slide-37-layer-5\" \n\t\t\t\t\t\t\t\tdata-type=\"text\"\n\t\t\t\t\t\t\t\tdata-color=\"#000000\"\n\t\t\t\t\t\t\t\tdata-rsp_ch=\"on\"\n\t\t\t\t\t\t\t\tdata-xy=\"x:141px;y:183px;\"\n\t\t\t\t\t\t\t\tdata-text=\"w:normal;s:42;fw:500;\"\n\t\t\t\t\t\t\t\tdata-vbility=\"t,f,f,f\"\n\t\t\t\t\t\t\t\tdata-frame_1=\"y:17px;e:power2.out;st:400;sp:1000;\"\n\t\t\t\t\t\t\t\tdata-frame_999=\"o:0;st:w;\"\n\t\t\t\t\t\t\t\tstyle=\"z-index:5;font-family:'Cormorant';\"\n\t\t\t\t\t\t\t>Abbandonatevi al dolce far niente \n\t\t\t\t\t\t\t<\/rs-layer><!--\n-->\t\t\t\t\t<\/rs-slide>\n\t\t\t\t\t<\/rs-slides>\n\t\t\t\t<\/rs-module>\n\t\t\t\t<script>\n\t\t\t\t\tsetREVStartSize({c: 'rev_slider_10_1',rl:[1240,1024,778,480],el:[750],gw:[1920],gh:[750],type:'standard',justify:'',layout:'fullwidth',mh:\"0\"});if (window.RS_MODULES!==undefined && window.RS_MODULES.modules!==undefined && window.RS_MODULES.modules[\"revslider101\"]!==undefined) {window.RS_MODULES.modules[\"revslider101\"].once = false;window.revapi10 = undefined;if (window.RS_MODULES.checkMinimal!==undefined) window.RS_MODULES.checkMinimal()}\n\t\t\t\t<\/script>\n\t\t\t<\/rs-module-wrap>\n\t\t\t<!-- END REVOLUTION SLIDER -->\n<div class=\"qodef-form-wrapper\">\n\t<div class=\"qodef-content-grid\">\n\t\t<svg class=\"qodef-m-spinner\" xmlns=\"http:\/\/www.w3.org\/2000\/svg\" viewbox=\"0 0 512 512\"><path d=\"M304 48c0 26.51-21.49 48-48 48s-48-21.49-48-48 21.49-48 48-48 48 21.49 48 48zm-48 368c-26.51 0-48 21.49-48 48s21.49 48 48 48 48-21.49 48-48-21.49-48-48-48zm208-208c-26.51 0-48 21.49-48 48s21.49 48 48 48 48-21.49 48-48-21.49-48-48-48zM96 256c0-26.51-21.49-48-48-48S0 229.49 0 256s21.49 48 48 48 48-21.49 48-48zm12.922 99.078c-26.51 0-48 21.49-48 48s21.49 48 48 48 48-21.49 48-48c0-26.509-21.491-48-48-48zm294.156 0c-26.51 0-48 21.49-48 48s21.49 48 48 48 48-21.49 48-48c0-26.509-21.49-48-48-48zM108.922 60.922c-26.51 0-48 21.49-48 48s21.49 48 48 48 48-21.49 48-48-21.491-48-48-48z\"><\/path><\/svg><form role=\"search\" class=\"qodef-m-form\" method=\"GET\" action=\"https:\/\/www.mareallarco.com\/en\/\" data-trp-original-action=\"https:\/\/www.mareallarco.com\/en\/\">\n\t<input type=\"hidden\" name=\"s\" value=\"\"\/>\n\t<div class=\"qodef-m-field qodef--check-in\">\n\t\t<label class=\"qodef-m-field-label\">Check-in<\/label>\n\t\t<div class=\"qodef-m-field-input-wrapper\">\n\t\t\t<input type=\"text\" class=\"qodef-m-field-input qodef-datepick-calendar qodef--date qodef--check-in\" name=\"check_in\" value=\"\" data-reserved-dates=\"\" required readonly>\n\t\t\t<svg class=\"qodef-m-field-input-icon\" xmlns=\"http:\/\/www.w3.org\/2000\/svg\" xmlns:xlink=\"http:\/\/www.w3.org\/1999\/xlink\" x=\"0px\" y=\"0px\" width=\"64px\" height=\"64px\" viewbox=\"0 0 64 64\" enable-background=\"new 0 0 64 64\" xml:space=\"preserve\"><g><path d=\"M53,5h-8v4H19V5h-8v4H0v50h64V9H53V5z M47,7h4v6h-4V7z M13,7h4v6h-4V7z M2,57V19h60v38H2z M62,11v6H2v-6h9v4h8v-4h26v4h8v-4H62z\"\/><\/g><\/svg>\t\t<\/div>\n\t<\/div>\n\t<div class=\"qodef-m-field qodef--check-out\">\n\t\t<label class=\"qodef-m-field-label\">Check-out<\/label>\n\t\t<div class=\"qodef-m-field-input-wrapper\">\n\t\t\t<input type=\"text\" class=\"qodef-m-field-input qodef-datepick-calendar qodef--date qodef--check-out\" name=\"check_out\" value=\"\" data-reserved-dates=\"\" required readonly>\n\t\t\t<svg class=\"qodef-m-field-input-icon\" xmlns=\"http:\/\/www.w3.org\/2000\/svg\" xmlns:xlink=\"http:\/\/www.w3.org\/1999\/xlink\" x=\"0px\" y=\"0px\" width=\"64px\" height=\"64px\" viewbox=\"0 0 64 64\" enable-background=\"new 0 0 64 64\" xml:space=\"preserve\"><g><path d=\"M53,5h-8v4H19V5h-8v4H0v50h64V9H53V5z M47,7h4v6h-4V7z M13,7h4v6h-4V7z M2,57V19h60v38H2z M62,11v6H2v-6h9v4h8v-4h26v4h8v-4H62z\"\/><\/g><\/svg>\t\t<\/div>\n\t<\/div>\n\t\t\t<div class=\"qodef-m-field qodef--room-type\">\n\t\t\t<label class=\"qodef-m-field-label\">Room Type<\/label>\n\t\t\t<select name=\"type\" class=\"qodef-e-input qodef--select2\">\n\t\t\t\t<option value=\"\">Default<\/option>\n\t\t\t\t\t\t\t\t\t<option value=\"apartments\" >Apartments<\/option>\n\t\t\t\t\t\t\t\t\t<option value=\"bed-breakfast\" >Bed &amp; Breakfast<\/option>\n\t\t\t\t\t\t\t\t\t<option value=\"lux-apartments\" >Lux Apartments<\/option>\n\t\t\t\t\t\t\t\t\t<option value=\"private-home\" >Private Home<\/option>\n\t\t\t\t\t\t\t\t\t<option value=\"villa\" >Villa<\/option>\n\t\t\t\t\t\t\t<\/select>\n\t\t<\/div>\n\t\t\t<div class=\"qodef-m-field qodef--guests\">\n\t\t<label class=\"qodef-m-field-label\">Guests:<\/label>\n\t\t<div class=\"qodef-m-field-input-wrapper\">\n\t\t\t<input type=\"text\" class=\"qodef-m-field-input qodef--guests\" name=\"guests\" value=\"\" readonly \/>\n\t\t\t<svg class=\"qodef-m-field-input-icon\" xmlns=\"http:\/\/www.w3.org\/2000\/svg\" xmlns:xlink=\"http:\/\/www.w3.org\/1999\/xlink\" x=\"0px\" y=\"0px\" width=\"64px\" height=\"64px\" viewbox=\"0 0 64 64\" enable-background=\"new 0 0 64 64\" xml:space=\"preserve\"><g><polygon points=\"48.293,23.293 32,39.586 15.707,23.293 14.293,24.854 31.293,42 32.707,42 49.707,24.854\"\/><\/g><\/svg>\t\t<\/div>\n\t\t<div class=\"qodef-m-field-persons\">\n\t\t\t<div class=\"qodef-m-field-person qodef-e qodef--adult\">\n\t\t\t\t<div class=\"qodef-e-label-text\">Adults<\/div>\n\t\t\t\t<select name=\"adult\" class=\"qodef-e-input qodef--select2\" data-singular-label=\"Adult\" data-plural-label=\"Adults\">\n\t\t\t\t\t\t\t\t\t\t\t<option value=\"1\"  selected='selected'>1<\/option>\n\t\t\t\t\t\t\t\t\t\t\t<option value=\"2\" >2<\/option>\n\t\t\t\t\t\t\t\t\t\t\t<option value=\"3\" >3<\/option>\n\t\t\t\t\t\t\t\t\t\t\t<option value=\"4\" >4<\/option>\n\t\t\t\t\t\t\t\t\t\t\t<option value=\"5\" >5<\/option>\n\t\t\t\t\t\t\t\t\t\t\t<option value=\"6\" >6<\/option>\n\t\t\t\t\t\t\t\t\t\t\t<option value=\"7\" >7<\/option>\n\t\t\t\t\t\t\t\t\t\t\t<option value=\"8\" >8<\/option>\n\t\t\t\t\t\t\t\t\t\t\t<option value=\"9\" >9<\/option>\n\t\t\t\t\t\t\t\t\t\t\t<option value=\"10\" >10<\/option>\n\t\t\t\t\t\t\t\t\t\t\t<option value=\"11\" >11<\/option>\n\t\t\t\t\t\t\t\t\t\t\t<option value=\"12\" >12<\/option>\n\t\t\t\t\t\t\t\t\t\t\t<option value=\"13\" >13<\/option>\n\t\t\t\t\t\t\t\t\t\t\t<option value=\"14\" >14<\/option>\n\t\t\t\t\t\t\t\t\t\t\t<option value=\"15\" >15<\/option>\n\t\t\t\t\t\t\t\t\t\t\t<option value=\"16\" >16<\/option>\n\t\t\t\t\t\t\t\t\t\t\t<option value=\"17\" >17<\/option>\n\t\t\t\t\t\t\t\t\t\t\t<option value=\"18\" >18<\/option>\n\t\t\t\t\t\t\t\t\t\t\t<option value=\"19\" >19<\/option>\n\t\t\t\t\t\t\t\t\t\t\t<option value=\"20\" >20<\/option>\n\t\t\t\t\t\t\t\t\t<\/select>\n\t\t\t<\/div>\n\t\t\t<div class=\"qodef-m-field-person qodef-e qodef--children\">\n\t\t\t\t<div class=\"qodef-e-label\">\n\t\t\t\t\t<span class=\"qodef-e-label-text\">Children<\/span>\n\t\t\t\t\t<span class=\"qodef-e-label-description\">2-12 years old<\/span>\n\t\t\t\t<\/div>\n\t\t\t\t<select name=\"children\" class=\"qodef-e-input qodef--select2\" data-singular-label=\"Children\" data-plural-label=\"Children\">\n\t\t\t\t\t\t\t\t\t\t\t<option value=\"0\"  selected='selected'>0<\/option>\n\t\t\t\t\t\t\t\t\t\t\t<option value=\"1\" >1<\/option>\n\t\t\t\t\t\t\t\t\t\t\t<option value=\"2\" >2<\/option>\n\t\t\t\t\t\t\t\t\t\t\t<option value=\"3\" >3<\/option>\n\t\t\t\t\t\t\t\t\t\t\t<option value=\"4\" >4<\/option>\n\t\t\t\t\t\t\t\t\t\t\t<option value=\"5\" >5<\/option>\n\t\t\t\t\t\t\t\t\t\t\t<option value=\"6\" >6<\/option>\n\t\t\t\t\t\t\t\t\t\t\t<option value=\"7\" >7<\/option>\n\t\t\t\t\t\t\t\t\t\t\t<option value=\"8\" >8<\/option>\n\t\t\t\t\t\t\t\t\t\t\t<option value=\"9\" >9<\/option>\n\t\t\t\t\t\t\t\t\t\t\t<option value=\"10\" >10<\/option>\n\t\t\t\t\t\t\t\t\t\t\t<option value=\"11\" >11<\/option>\n\t\t\t\t\t\t\t\t\t\t\t<option value=\"12\" >12<\/option>\n\t\t\t\t\t\t\t\t\t\t\t<option value=\"13\" >13<\/option>\n\t\t\t\t\t\t\t\t\t\t\t<option value=\"14\" >14<\/option>\n\t\t\t\t\t\t\t\t\t\t\t<option value=\"15\" >15<\/option>\n\t\t\t\t\t\t\t\t\t\t\t<option value=\"16\" >16<\/option>\n\t\t\t\t\t\t\t\t\t\t\t<option value=\"17\" >17<\/option>\n\t\t\t\t\t\t\t\t\t\t\t<option value=\"18\" >18<\/option>\n\t\t\t\t\t\t\t\t\t\t\t<option value=\"19\" >19<\/option>\n\t\t\t\t\t\t\t\t\t\t\t<option value=\"20\" >20<\/option>\n\t\t\t\t\t\t\t\t\t<\/select>\n\t\t\t<\/div>\n\t\t\t<div class=\"qodef-m-field-person qodef-e qodef--infant\">\n\t\t\t\t<div class=\"qodef-e-label\">\n\t\t\t\t\t<span class=\"qodef-e-label-text\">Infant&#039;s<\/span>\n\t\t\t\t\t<span class=\"qodef-e-label-description\">0-2 years old<\/span>\n\t\t\t\t<\/div>\n\t\t\t\t<select name=\"infant\" class=\"qodef-e-input qodef--select2\" data-singular-label=\"Infant\" data-plural-label=\"Infant&#039;s\">\n\t\t\t\t\t\t\t\t\t\t\t<option value=\"0\"  selected='selected'>0<\/option>\n\t\t\t\t\t\t\t\t\t\t\t<option value=\"1\" >1<\/option>\n\t\t\t\t\t\t\t\t\t\t\t<option value=\"2\" >2<\/option>\n\t\t\t\t\t\t\t\t\t\t\t<option value=\"3\" >3<\/option>\n\t\t\t\t\t\t\t\t\t\t\t<option value=\"4\" >4<\/option>\n\t\t\t\t\t\t\t\t\t\t\t<option value=\"5\" >5<\/option>\n\t\t\t\t\t\t\t\t\t\t\t<option value=\"6\" >6<\/option>\n\t\t\t\t\t\t\t\t\t\t\t<option value=\"7\" >7<\/option>\n\t\t\t\t\t\t\t\t\t\t\t<option value=\"8\" >8<\/option>\n\t\t\t\t\t\t\t\t\t\t\t<option value=\"9\" >9<\/option>\n\t\t\t\t\t\t\t\t\t\t\t<option value=\"10\" >10<\/option>\n\t\t\t\t\t\t\t\t\t\t\t<option value=\"11\" >11<\/option>\n\t\t\t\t\t\t\t\t\t\t\t<option value=\"12\" >12<\/option>\n\t\t\t\t\t\t\t\t\t\t\t<option value=\"13\" >13<\/option>\n\t\t\t\t\t\t\t\t\t\t\t<option value=\"14\" >14<\/option>\n\t\t\t\t\t\t\t\t\t\t\t<option value=\"15\" >15<\/option>\n\t\t\t\t\t\t\t\t\t\t\t<option value=\"16\" >16<\/option>\n\t\t\t\t\t\t\t\t\t\t\t<option value=\"17\" >17<\/option>\n\t\t\t\t\t\t\t\t\t\t\t<option value=\"18\" >18<\/option>\n\t\t\t\t\t\t\t\t\t\t\t<option value=\"19\" >19<\/option>\n\t\t\t\t\t\t\t\t\t\t\t<option value=\"20\" >20<\/option>\n\t\t\t\t\t\t\t\t\t<\/select>\n\t\t\t<\/div>\n\t\t\t<div class=\"qodef-m-field-person qodef--button\">\n\t\t\t\t<a class=\"qodef-shortcode qodef-m qodef-button qodef-button qodef-layout--outlined qodef-size--full qodef-html--link\" href=\"#\" target=\"_self\"  >\t<span class=\"qodef-m-text\">Done<\/span>\t<span class=\"qodef-m-background-holder\" ><\/span><\/a>\t\t\t\t\t<\/div>\n\t\t<\/div>\n\t<\/div>\n\t<div class=\"qodef-m-field qodef--booking\">\n\t\t<button type=\"submit\" class=\"qodef-shortcode qodef-m  qodef-button qodef-layout--outlined qodef-size--full\"  >\t<span class=\"qodef-m-text\">prenota<\/span>\t<span class=\"qodef-m-background-holder\" ><\/span><\/button>\t\t\t<\/div>\n<input type=\"hidden\" name=\"trp-form-language\" value=\"en\"\/><\/form>\n\t<\/div>\n<\/div><\/div>\t\t<\/div>\n\t\t\t\t<\/div>\n\t\t\t\t\t<\/div>\n\t\t<\/div>\n\t\t\t\t\t\t\t<\/div>\n\t\t<\/section>\n\t\t\t\t<section class=\"elementor-section elementor-top-section elementor-element elementor-element-b0df7e3 elementor-section-full_width elementor-hidden-desktop elementor-hidden-tablet elementor-hidden-mobile elementor-section-height-default elementor-section-height-default qodef-elementor-content-no\" data-id=\"b0df7e3\" data-element_type=\"section\">\n\t\t\t\t\t\t<div class=\"elementor-container elementor-column-gap-no\">\n\t\t\t\t\t<div class=\"elementor-column elementor-col-100 elementor-top-column elementor-element elementor-element-2340c66\" data-id=\"2340c66\" data-element_type=\"column\">\n\t\t\t<div class=\"elementor-widget-wrap elementor-element-populated\">\n\t\t\t\t\t\t\t\t<div class=\"elementor-element elementor-element-fc428ed elementor-widget elementor-widget-alloggio_core_section_title\" data-id=\"fc428ed\" data-element_type=\"widget\" data-widget_type=\"alloggio_core_section_title.default\">\n\t\t\t\t<div class=\"elementor-widget-container\">\n\t\t\t<div class=\"qodef-shortcode qodef-m  qodef-section-title qodef-alignment--center\">\n\t\t<h2 class=\"qodef-m-title\" >\n\t\t\t\t\tAntica dimora e nuovi comfort\t\t\t<\/h2>\n\t\t<span class=\"qodef-m-text\" >La nostra casa vacanze \u00e8 un luogo dove vivere esperienze urbane, uno spazio in cui cultura e conoscenza possano interagire con la vita quotidiana dei cittadini. E\u2019 una dimora che unisce, in una felice ed equilibrata combinazione, antichi ambienti e nuovi comfort.<\/span>\n<\/div>\t\t<\/div>\n\t\t\t\t<\/div>\n\t\t\t\t\t<\/div>\n\t\t<\/div>\n\t\t\t\t\t\t\t<\/div>\n\t\t<\/section>\n\t\t\t\t<section class=\"elementor-section elementor-top-section elementor-element elementor-element-a978130 elementor-section-full_width elementor-hidden-desktop elementor-hidden-tablet elementor-hidden-mobile elementor-section-height-default elementor-section-height-default qodef-elementor-content-no\" data-id=\"a978130\" data-element_type=\"section\">\n\t\t\t\t\t\t<div class=\"elementor-container elementor-column-gap-default\">\n\t\t\t\t\t<div class=\"elementor-column elementor-col-50 elementor-top-column elementor-element elementor-element-64bdaef\" data-id=\"64bdaef\" data-element_type=\"column\">\n\t\t\t<div class=\"elementor-widget-wrap elementor-element-populated\">\n\t\t\t\t\t\t\t\t<div class=\"elementor-element elementor-element-9c31bee elementor-widget elementor-widget-alloggio_core_room_list\" data-id=\"9c31bee\" data-element_type=\"widget\" data-widget_type=\"alloggio_core_room_list.default\">\n\t\t\t\t<div class=\"elementor-widget-container\">\n\t\t\t<div class=\"qodef-shortcode qodef-m  qodef-room-list qodef-layout--boxed   qodef-grid qodef-layout--columns  qodef-gutter--huge qodef-col-num--2 qodef-item-layout--boxed qodef--no-bottom-space qodef-pagination--off qodef-responsive--custom qodef-col-num--1440--2 qodef-col-num--1366--2 qodef-col-num--1024--2 qodef-col-num--768--1 qodef-col-num--680--1 qodef-col-num--480--1\" data-options=\"{&quot;plugin&quot;:&quot;alloggio_core&quot;,&quot;module&quot;:&quot;post-types\\\/room\\\/shortcodes&quot;,&quot;shortcode&quot;:&quot;room-list&quot;,&quot;post_type&quot;:&quot;room&quot;,&quot;next_page&quot;:&quot;2&quot;,&quot;max_pages_num&quot;:1,&quot;posts_per_page&quot;:&quot;4&quot;,&quot;orderby&quot;:&quot;date&quot;,&quot;order&quot;:&quot;ASC&quot;,&quot;additional_params&quot;:&quot;tax&quot;,&quot;tax&quot;:&quot;location&quot;,&quot;tax_slug&quot;:&quot;gaeta&quot;,&quot;behavior&quot;:&quot;columns&quot;,&quot;images_proportion&quot;:&quot;full&quot;,&quot;columns&quot;:&quot;2&quot;,&quot;columns_responsive&quot;:&quot;custom&quot;,&quot;columns_1440&quot;:&quot;2&quot;,&quot;columns_1366&quot;:&quot;2&quot;,&quot;columns_1024&quot;:&quot;2&quot;,&quot;columns_768&quot;:&quot;1&quot;,&quot;columns_680&quot;:&quot;1&quot;,&quot;columns_480&quot;:&quot;1&quot;,&quot;space&quot;:&quot;huge&quot;,&quot;layout&quot;:&quot;boxed&quot;,&quot;title_tag&quot;:&quot;h3&quot;,&quot;excerpt_length&quot;:&quot;103&quot;,&quot;pagination_type&quot;:&quot;no-pagination&quot;,&quot;object_class_name&quot;:&quot;AlloggioCoreRoomListShortcode&quot;,&quot;additional_query_args&quot;:{&quot;tax_query&quot;:[{&quot;taxonomy&quot;:&quot;location&quot;,&quot;field&quot;:&quot;slug&quot;,&quot;terms&quot;:&quot;gaeta&quot;}]},&quot;unique&quot;:&quot;1&quot;,&quot;item_classes&quot;:&quot;qodef-e qodef-room-list-item qodef-grid-item&quot;,&quot;space_value&quot;:40}\">\n\t<div class=\"qodef-grid-inner clear\">\n\t\t<article class=\"qodef-e qodef-room-list-item qodef-grid-item qodef-item--full\" >\n\t<div class=\"qodef-e-inner\">\n\t\t<div class=\"qodef-e-media\">\n\t\t\t<div class=\"qodef-e-img-holder\">\n\t\t\t\t\t<div class=\"qodef-e-media-image\" data-swiper-parallax=\"27%\">\n\t\t<a itemprop=\"url\" href=\"https:\/\/www.mareallarco.com\/en\/camera\/camera-astrea\/\">\n\t\t\t<img loading=\"lazy\" decoding=\"async\" width=\"790\" height=\"527\" src=\"https:\/\/www.mareallarco.com\/wp-content\/uploads\/2020\/03\/Astrea-letto.jpg\" class=\"attachment-full size-full\" alt=\"\" srcset=\"https:\/\/www.mareallarco.com\/wp-content\/uploads\/2020\/03\/Astrea-letto.jpg 790w, https:\/\/www.mareallarco.com\/wp-content\/uploads\/2020\/03\/Astrea-letto-300x200.jpg 300w, https:\/\/www.mareallarco.com\/wp-content\/uploads\/2020\/03\/Astrea-letto-768x512.jpg 768w, https:\/\/www.mareallarco.com\/wp-content\/uploads\/2020\/03\/Astrea-letto-600x400.jpg 600w\" sizes=\"auto, (max-width: 790px) 100vw, 790px\" \/>\t\t<\/a>\n\t<\/div>\n\t\t\t<\/div>\n\t\t<\/div>\n\t\t<div class=\"qodef-e-content\">\n\t\t\t<div class=\"qodef-e-heading\">\n\t\t\t\t<h3 itemprop=\"name\" class=\"qodef-e-title entry-title\" >\n\t<a itemprop=\"url\" href=\"https:\/\/www.mareallarco.com\/en\/camera\/camera-astrea\/\">\n\t\tCamera Astrea\t<\/a>\n<\/h3>\t\t\t\t\t\t\t<\/div>\n\t\t\t<div class=\"qodef-e-info-items\">\n\t\t\t\t\t\t\t\t\t<span class=\"qodef-e-room-size\">35mq<\/span>\n\t\t\t\t\t<span class=\"qodef-e-capacity\">1-4 person<\/span>\n\t\t\t<\/div>\n\t\t\t\t\t<p itemprop=\"description\" class=\"qodef-e-excerpt\">Astrea \u00e8 un personaggio della mitologia greca, una vergine stellare che and\u00f2 a vivere tra le stelle. <\/p>\n\t\t\t\t<div class=\"qodef-e-button\">\n\t<a class=\"qodef-shortcode qodef-m  qodef-button qodef-layout--textual qodef-size--normal qodef-html--link\" href=\"https:\/\/www.mareallarco.com\/en\/camera\/camera-astrea\/\" target=\"_self\"  >\t<span class=\"qodef-m-text\">Book Now<\/span>\t<span class=\"qodef-m-plus\"><\/span><\/a>\t\t<\/div>\t\t<\/div>\n\t<\/div>\n<\/article><article class=\"qodef-e qodef-room-list-item qodef-grid-item qodef-item--full\" >\n\t<div class=\"qodef-e-inner\">\n\t\t<div class=\"qodef-e-media\">\n\t\t\t<div class=\"qodef-e-img-holder\">\n\t\t\t\t\t<div class=\"qodef-e-media-image\" data-swiper-parallax=\"27%\">\n\t\t<a itemprop=\"url\" href=\"https:\/\/www.mareallarco.com\/en\/camera\/camera-aura\/\">\n\t\t\t<img loading=\"lazy\" decoding=\"async\" width=\"791\" height=\"527\" src=\"https:\/\/www.mareallarco.com\/wp-content\/uploads\/2020\/03\/camera-aura-home.jpg\" class=\"attachment-full size-full\" alt=\"\" srcset=\"https:\/\/www.mareallarco.com\/wp-content\/uploads\/2020\/03\/camera-aura-home.jpg 791w, https:\/\/www.mareallarco.com\/wp-content\/uploads\/2020\/03\/camera-aura-home-300x200.jpg 300w, https:\/\/www.mareallarco.com\/wp-content\/uploads\/2020\/03\/camera-aura-home-768x512.jpg 768w, https:\/\/www.mareallarco.com\/wp-content\/uploads\/2020\/03\/camera-aura-home-600x400.jpg 600w\" sizes=\"auto, (max-width: 791px) 100vw, 791px\" \/>\t\t<\/a>\n\t<\/div>\n\t\t\t<\/div>\n\t\t<\/div>\n\t\t<div class=\"qodef-e-content\">\n\t\t\t<div class=\"qodef-e-heading\">\n\t\t\t\t<h3 itemprop=\"name\" class=\"qodef-e-title entry-title\" >\n\t<a itemprop=\"url\" href=\"https:\/\/www.mareallarco.com\/en\/camera\/camera-aura\/\">\n\t\tCamera Aura\t<\/a>\n<\/h3>\t\t\t\t\t\t\t<\/div>\n\t\t\t<div class=\"qodef-e-info-items\">\n\t\t\t\t\t\t\t\t\t<span class=\"qodef-e-room-size\">35 mq<\/span>\n\t\t\t\t\t<span class=\"qodef-e-capacity\">1-4 person<\/span>\n\t\t\t<\/div>\n\t\t\t\t\t<p itemprop=\"description\" class=\"qodef-e-excerpt\">AURA \u00e8\u2019 una ninfa della mitologia greca legata alla natura. <\/p>\n\t\t\t\t<div class=\"qodef-e-button\">\n\t<a class=\"qodef-shortcode qodef-m  qodef-button qodef-layout--textual qodef-size--normal qodef-html--link\" href=\"https:\/\/www.mareallarco.com\/en\/camera\/camera-aura\/\" target=\"_self\"  >\t<span class=\"qodef-m-text\">Book Now<\/span>\t<span class=\"qodef-m-plus\"><\/span><\/a>\t\t<\/div>\t\t<\/div>\n\t<\/div>\n<\/article>\t<\/div>\n\t<\/div>\t\t<\/div>\n\t\t\t\t<\/div>\n\t\t\t\t\t<\/div>\n\t\t<\/div>\n\t\t\t\t<div class=\"elementor-column elementor-col-50 elementor-top-column elementor-element elementor-element-b48aa4f elementor-hidden-mobile\" data-id=\"b48aa4f\" data-element_type=\"column\" data-settings=\"{&quot;background_background&quot;:&quot;classic&quot;}\">\n\t\t\t<div class=\"elementor-widget-wrap elementor-element-populated\">\n\t\t\t\t\t\t\t\t<div class=\"elementor-element elementor-element-382f7e0 elementor-widget elementor-widget-qi_addons_for_elementor_section_title\" data-id=\"382f7e0\" data-element_type=\"widget\" data-widget_type=\"qi_addons_for_elementor_section_title.default\">\n\t\t\t\t<div class=\"elementor-widget-container\">\n\t\t\t<div class=\"qodef-shortcode qodef-m  qodef-qi-section-title  qodef-decoration--italic  qodef-link--underline-draw qodef-subtitle-icon--left\">\n\t\t\t\t<h4 class=\"qodef-m-subtitle\">\n\t\tLe Camere\t\t\t<\/h4>\n\t\t\t<h2 class=\"qodef-m-title\">\n\t\tCi piace farti sentire a casa\t<\/h2>\n\t\t\t<div class=\"qodef-m-text\">Che cosa c\u2019\u00e8 di pi\u00f9 bello di un sonno tranquillo? Il silenzio fuori, il comfort dentro.\n2 camere ricavate nel fascino di una caratteristica dimora del borgo. \n<\/div>\n\t<\/div>\n\t\t<\/div>\n\t\t\t\t<\/div>\n\t\t\t\t\t<\/div>\n\t\t<\/div>\n\t\t\t\t\t\t\t<\/div>\n\t\t<\/section>\n\t\t\t\t<section class=\"elementor-section elementor-top-section elementor-element elementor-element-b7a4583 elementor-section-full_width elementor-section-height-default elementor-section-height-default qodef-elementor-content-no\" data-id=\"b7a4583\" data-element_type=\"section\">\n\t\t\t\t\t\t<div class=\"elementor-container elementor-column-gap-no\">\n\t\t\t\t\t<div class=\"elementor-column elementor-col-100 elementor-top-column elementor-element elementor-element-df08c16\" data-id=\"df08c16\" data-element_type=\"column\">\n\t\t\t<div class=\"elementor-widget-wrap elementor-element-populated\">\n\t\t\t\t\t\t\t\t<div class=\"elementor-element elementor-element-6d54dc0 elementor-widget elementor-widget-alloggio_core_section_title\" data-id=\"6d54dc0\" data-element_type=\"widget\" data-widget_type=\"alloggio_core_section_title.default\">\n\t\t\t\t<div class=\"elementor-widget-container\">\n\t\t\t<div class=\"qodef-shortcode qodef-m  qodef-section-title qodef-alignment--center\">\n\t\t<h2 class=\"qodef-m-title\" >\n\t\t\t\t\tAntica dimora e nuovi comfort\t\t\t<\/h2>\n\t\t<span class=\"qodef-m-text\" >La nostra casa vacanze \u00e8 un luogo dove vivere esperienze urbane, uno spazio in cui cultura e conoscenza possano interagire con la vita quotidiana dei cittadini. E\u2019 una dimora che unisce, in una felice ed equilibrata combinazione, antichi ambienti e nuovi comfort.<\/span>\n<\/div>\t\t<\/div>\n\t\t\t\t<\/div>\n\t\t\t\t\t<\/div>\n\t\t<\/div>\n\t\t\t\t\t\t\t<\/div>\n\t\t<\/section>\n\t\t\t\t<section class=\"elementor-section elementor-top-section elementor-element elementor-element-74da8a1 elementor-section-boxed elementor-section-height-default elementor-section-height-default qodef-elementor-content-no\" data-id=\"74da8a1\" data-element_type=\"section\">\n\t\t\t\t\t\t<div class=\"elementor-container elementor-column-gap-default\">\n\t\t\t\t\t<div class=\"elementor-column elementor-col-100 elementor-top-column elementor-element elementor-element-e127ab0\" data-id=\"e127ab0\" data-element_type=\"column\">\n\t\t\t<div class=\"elementor-widget-wrap elementor-element-populated\">\n\t\t\t\t\t\t\t\t<div class=\"elementor-element elementor-element-6e57110 elementor-widget elementor-widget-alloggio_core_room_list\" data-id=\"6e57110\" data-element_type=\"widget\" data-widget_type=\"alloggio_core_room_list.default\">\n\t\t\t\t<div class=\"elementor-widget-container\">\n\t\t\t<div class=\"qodef-shortcode qodef-m  qodef-room-list qodef-layout--boxed   qodef-grid qodef-layout--columns  qodef-gutter--huge qodef-col-num--2 qodef-item-layout--boxed qodef--no-bottom-space qodef-pagination--off qodef-responsive--custom qodef-col-num--1440--2 qodef-col-num--1366--2 qodef-col-num--1024--2 qodef-col-num--768--1 qodef-col-num--680--1 qodef-col-num--480--1\" data-options=\"{&quot;plugin&quot;:&quot;alloggio_core&quot;,&quot;module&quot;:&quot;post-types\\\/room\\\/shortcodes&quot;,&quot;shortcode&quot;:&quot;room-list&quot;,&quot;post_type&quot;:&quot;room&quot;,&quot;next_page&quot;:&quot;2&quot;,&quot;max_pages_num&quot;:1,&quot;posts_per_page&quot;:&quot;4&quot;,&quot;orderby&quot;:&quot;date&quot;,&quot;order&quot;:&quot;ASC&quot;,&quot;additional_params&quot;:&quot;tax&quot;,&quot;tax&quot;:&quot;location&quot;,&quot;tax_slug&quot;:&quot;gaeta&quot;,&quot;behavior&quot;:&quot;columns&quot;,&quot;images_proportion&quot;:&quot;full&quot;,&quot;columns&quot;:&quot;2&quot;,&quot;columns_responsive&quot;:&quot;custom&quot;,&quot;columns_1440&quot;:&quot;2&quot;,&quot;columns_1366&quot;:&quot;2&quot;,&quot;columns_1024&quot;:&quot;2&quot;,&quot;columns_768&quot;:&quot;1&quot;,&quot;columns_680&quot;:&quot;1&quot;,&quot;columns_480&quot;:&quot;1&quot;,&quot;space&quot;:&quot;huge&quot;,&quot;layout&quot;:&quot;boxed&quot;,&quot;title_tag&quot;:&quot;h3&quot;,&quot;excerpt_length&quot;:&quot;103&quot;,&quot;pagination_type&quot;:&quot;no-pagination&quot;,&quot;object_class_name&quot;:&quot;AlloggioCoreRoomListShortcode&quot;,&quot;additional_query_args&quot;:{&quot;tax_query&quot;:[{&quot;taxonomy&quot;:&quot;location&quot;,&quot;field&quot;:&quot;slug&quot;,&quot;terms&quot;:&quot;gaeta&quot;}]},&quot;unique&quot;:&quot;2&quot;,&quot;item_classes&quot;:&quot;qodef-e qodef-room-list-item qodef-grid-item&quot;,&quot;space_value&quot;:40}\">\n\t<div class=\"qodef-grid-inner clear\">\n\t\t<article class=\"qodef-e qodef-room-list-item qodef-grid-item qodef-item--full\" >\n\t<div class=\"qodef-e-inner\">\n\t\t<div class=\"qodef-e-media\">\n\t\t\t<div class=\"qodef-e-img-holder\">\n\t\t\t\t\t<div class=\"qodef-e-media-image\" data-swiper-parallax=\"27%\">\n\t\t<a itemprop=\"url\" href=\"https:\/\/www.mareallarco.com\/en\/camera\/camera-astrea\/\">\n\t\t\t<img loading=\"lazy\" decoding=\"async\" width=\"790\" height=\"527\" src=\"https:\/\/www.mareallarco.com\/wp-content\/uploads\/2020\/03\/Astrea-letto.jpg\" class=\"attachment-full size-full\" alt=\"\" srcset=\"https:\/\/www.mareallarco.com\/wp-content\/uploads\/2020\/03\/Astrea-letto.jpg 790w, https:\/\/www.mareallarco.com\/wp-content\/uploads\/2020\/03\/Astrea-letto-300x200.jpg 300w, https:\/\/www.mareallarco.com\/wp-content\/uploads\/2020\/03\/Astrea-letto-768x512.jpg 768w, https:\/\/www.mareallarco.com\/wp-content\/uploads\/2020\/03\/Astrea-letto-600x400.jpg 600w\" sizes=\"auto, (max-width: 790px) 100vw, 790px\" \/>\t\t<\/a>\n\t<\/div>\n\t\t\t<\/div>\n\t\t<\/div>\n\t\t<div class=\"qodef-e-content\">\n\t\t\t<div class=\"qodef-e-heading\">\n\t\t\t\t<h3 itemprop=\"name\" class=\"qodef-e-title entry-title\" >\n\t<a itemprop=\"url\" href=\"https:\/\/www.mareallarco.com\/en\/camera\/camera-astrea\/\">\n\t\tCamera Astrea\t<\/a>\n<\/h3>\t\t\t\t\t\t\t<\/div>\n\t\t\t<div class=\"qodef-e-info-items\">\n\t\t\t\t\t\t\t\t\t<span class=\"qodef-e-room-size\">35mq<\/span>\n\t\t\t\t\t<span class=\"qodef-e-capacity\">1-4 person<\/span>\n\t\t\t<\/div>\n\t\t\t\t\t<p itemprop=\"description\" class=\"qodef-e-excerpt\">Astrea \u00e8 un personaggio della mitologia greca, una vergine stellare che and\u00f2 a vivere tra le stelle. <\/p>\n\t\t\t\t<div class=\"qodef-e-button\">\n\t<a class=\"qodef-shortcode qodef-m  qodef-button qodef-layout--textual qodef-size--normal qodef-html--link\" href=\"https:\/\/www.mareallarco.com\/en\/camera\/camera-astrea\/\" target=\"_self\"  >\t<span class=\"qodef-m-text\">Book Now<\/span>\t<span class=\"qodef-m-plus\"><\/span><\/a>\t\t<\/div>\t\t<\/div>\n\t<\/div>\n<\/article><article class=\"qodef-e qodef-room-list-item qodef-grid-item qodef-item--full\" >\n\t<div class=\"qodef-e-inner\">\n\t\t<div class=\"qodef-e-media\">\n\t\t\t<div class=\"qodef-e-img-holder\">\n\t\t\t\t\t<div class=\"qodef-e-media-image\" data-swiper-parallax=\"27%\">\n\t\t<a itemprop=\"url\" href=\"https:\/\/www.mareallarco.com\/en\/camera\/camera-aura\/\">\n\t\t\t<img loading=\"lazy\" decoding=\"async\" width=\"791\" height=\"527\" src=\"https:\/\/www.mareallarco.com\/wp-content\/uploads\/2020\/03\/camera-aura-home.jpg\" class=\"attachment-full size-full\" alt=\"\" srcset=\"https:\/\/www.mareallarco.com\/wp-content\/uploads\/2020\/03\/camera-aura-home.jpg 791w, https:\/\/www.mareallarco.com\/wp-content\/uploads\/2020\/03\/camera-aura-home-300x200.jpg 300w, https:\/\/www.mareallarco.com\/wp-content\/uploads\/2020\/03\/camera-aura-home-768x512.jpg 768w, https:\/\/www.mareallarco.com\/wp-content\/uploads\/2020\/03\/camera-aura-home-600x400.jpg 600w\" sizes=\"auto, (max-width: 791px) 100vw, 791px\" \/>\t\t<\/a>\n\t<\/div>\n\t\t\t<\/div>\n\t\t<\/div>\n\t\t<div class=\"qodef-e-content\">\n\t\t\t<div class=\"qodef-e-heading\">\n\t\t\t\t<h3 itemprop=\"name\" class=\"qodef-e-title entry-title\" >\n\t<a itemprop=\"url\" href=\"https:\/\/www.mareallarco.com\/en\/camera\/camera-aura\/\">\n\t\tCamera Aura\t<\/a>\n<\/h3>\t\t\t\t\t\t\t<\/div>\n\t\t\t<div class=\"qodef-e-info-items\">\n\t\t\t\t\t\t\t\t\t<span class=\"qodef-e-room-size\">35 mq<\/span>\n\t\t\t\t\t<span class=\"qodef-e-capacity\">1-4 person<\/span>\n\t\t\t<\/div>\n\t\t\t\t\t<p itemprop=\"description\" class=\"qodef-e-excerpt\">AURA \u00e8\u2019 una ninfa della mitologia greca legata alla natura. <\/p>\n\t\t\t\t<div class=\"qodef-e-button\">\n\t<a class=\"qodef-shortcode qodef-m  qodef-button qodef-layout--textual qodef-size--normal qodef-html--link\" href=\"https:\/\/www.mareallarco.com\/en\/camera\/camera-aura\/\" target=\"_self\"  >\t<span class=\"qodef-m-text\">Book Now<\/span>\t<span class=\"qodef-m-plus\"><\/span><\/a>\t\t<\/div>\t\t<\/div>\n\t<\/div>\n<\/article>\t<\/div>\n\t<\/div>\t\t<\/div>\n\t\t\t\t<\/div>\n\t\t\t\t\t<\/div>\n\t\t<\/div>\n\t\t\t\t\t\t\t<\/div>\n\t\t<\/section>\n\t\t\t\t<section class=\"elementor-section elementor-top-section elementor-element elementor-element-14a65f6 qodef-elementor-content-grid elementor-hidden-desktop elementor-hidden-tablet elementor-hidden-mobile elementor-section-full_width elementor-section-stretched elementor-section-height-default elementor-section-height-default\" data-id=\"14a65f6\" data-element_type=\"section\" data-settings=\"{&quot;stretch_section&quot;:&quot;section-stretched&quot;}\">\n\t\t\t\t\t\t<div class=\"elementor-container elementor-column-gap-no\">\n\t\t\t\t\t<div class=\"elementor-column elementor-col-100 elementor-top-column elementor-element elementor-element-82a8d1a\" data-id=\"82a8d1a\" data-element_type=\"column\">\n\t\t\t<div class=\"elementor-widget-wrap elementor-element-populated\">\n\t\t\t\t\t\t\t\t<div class=\"elementor-element elementor-element-e80872f elementor-widget elementor-widget-alloggio_core_room_list\" data-id=\"e80872f\" data-element_type=\"widget\" data-widget_type=\"alloggio_core_room_list.default\">\n\t\t\t\t<div class=\"elementor-widget-container\">\n\t\t\t<div class=\"qodef-shortcode qodef-m  qodef-room-list qodef-layout--boxed   qodef-grid qodef-layout--columns  qodef-gutter--huge qodef-col-num--2 qodef-item-layout--boxed qodef--no-bottom-space qodef-pagination--off qodef-responsive--custom qodef-col-num--1440--2 qodef-col-num--1366--2 qodef-col-num--1024--2 qodef-col-num--768--1 qodef-col-num--680--1 qodef-col-num--480--1\" data-options=\"{&quot;plugin&quot;:&quot;alloggio_core&quot;,&quot;module&quot;:&quot;post-types\\\/room\\\/shortcodes&quot;,&quot;shortcode&quot;:&quot;room-list&quot;,&quot;post_type&quot;:&quot;room&quot;,&quot;next_page&quot;:&quot;2&quot;,&quot;max_pages_num&quot;:1,&quot;posts_per_page&quot;:&quot;4&quot;,&quot;orderby&quot;:&quot;date&quot;,&quot;order&quot;:&quot;ASC&quot;,&quot;additional_params&quot;:&quot;tax&quot;,&quot;tax&quot;:&quot;location&quot;,&quot;tax_slug&quot;:&quot;gaeta&quot;,&quot;behavior&quot;:&quot;columns&quot;,&quot;images_proportion&quot;:&quot;full&quot;,&quot;columns&quot;:&quot;2&quot;,&quot;columns_responsive&quot;:&quot;custom&quot;,&quot;columns_1440&quot;:&quot;2&quot;,&quot;columns_1366&quot;:&quot;2&quot;,&quot;columns_1024&quot;:&quot;2&quot;,&quot;columns_768&quot;:&quot;1&quot;,&quot;columns_680&quot;:&quot;1&quot;,&quot;columns_480&quot;:&quot;1&quot;,&quot;space&quot;:&quot;huge&quot;,&quot;layout&quot;:&quot;boxed&quot;,&quot;title_tag&quot;:&quot;h3&quot;,&quot;excerpt_length&quot;:&quot;103&quot;,&quot;pagination_type&quot;:&quot;no-pagination&quot;,&quot;object_class_name&quot;:&quot;AlloggioCoreRoomListShortcode&quot;,&quot;additional_query_args&quot;:{&quot;tax_query&quot;:[{&quot;taxonomy&quot;:&quot;location&quot;,&quot;field&quot;:&quot;slug&quot;,&quot;terms&quot;:&quot;gaeta&quot;}]},&quot;unique&quot;:&quot;3&quot;,&quot;item_classes&quot;:&quot;qodef-e qodef-room-list-item qodef-grid-item&quot;,&quot;space_value&quot;:40}\">\n\t<div class=\"qodef-grid-inner clear\">\n\t\t<article class=\"qodef-e qodef-room-list-item qodef-grid-item qodef-item--full\" >\n\t<div class=\"qodef-e-inner\">\n\t\t<div class=\"qodef-e-media\">\n\t\t\t<div class=\"qodef-e-img-holder\">\n\t\t\t\t\t<div class=\"qodef-e-media-image\" data-swiper-parallax=\"27%\">\n\t\t<a itemprop=\"url\" href=\"https:\/\/www.mareallarco.com\/en\/camera\/camera-astrea\/\">\n\t\t\t<img loading=\"lazy\" decoding=\"async\" width=\"790\" height=\"527\" src=\"https:\/\/www.mareallarco.com\/wp-content\/uploads\/2020\/03\/Astrea-letto.jpg\" class=\"attachment-full size-full\" alt=\"\" srcset=\"https:\/\/www.mareallarco.com\/wp-content\/uploads\/2020\/03\/Astrea-letto.jpg 790w, https:\/\/www.mareallarco.com\/wp-content\/uploads\/2020\/03\/Astrea-letto-300x200.jpg 300w, https:\/\/www.mareallarco.com\/wp-content\/uploads\/2020\/03\/Astrea-letto-768x512.jpg 768w, https:\/\/www.mareallarco.com\/wp-content\/uploads\/2020\/03\/Astrea-letto-600x400.jpg 600w\" sizes=\"auto, (max-width: 790px) 100vw, 790px\" \/>\t\t<\/a>\n\t<\/div>\n\t\t\t<\/div>\n\t\t<\/div>\n\t\t<div class=\"qodef-e-content\">\n\t\t\t<div class=\"qodef-e-heading\">\n\t\t\t\t<h3 itemprop=\"name\" class=\"qodef-e-title entry-title\" >\n\t<a itemprop=\"url\" href=\"https:\/\/www.mareallarco.com\/en\/camera\/camera-astrea\/\">\n\t\tCamera Astrea\t<\/a>\n<\/h3>\t\t\t\t\t\t\t<\/div>\n\t\t\t<div class=\"qodef-e-info-items\">\n\t\t\t\t\t\t\t\t\t<span class=\"qodef-e-room-size\">35mq<\/span>\n\t\t\t\t\t<span class=\"qodef-e-capacity\">1-4 person<\/span>\n\t\t\t<\/div>\n\t\t\t\t\t<p itemprop=\"description\" class=\"qodef-e-excerpt\">Astrea \u00e8 un personaggio della mitologia greca, una vergine stellare che and\u00f2 a vivere tra le stelle. <\/p>\n\t\t\t\t<div class=\"qodef-e-button\">\n\t<a class=\"qodef-shortcode qodef-m  qodef-button qodef-layout--textual qodef-size--normal qodef-html--link\" href=\"https:\/\/www.mareallarco.com\/en\/camera\/camera-astrea\/\" target=\"_self\"  >\t<span class=\"qodef-m-text\">Book Now<\/span>\t<span class=\"qodef-m-plus\"><\/span><\/a>\t\t<\/div>\t\t<\/div>\n\t<\/div>\n<\/article><article class=\"qodef-e qodef-room-list-item qodef-grid-item qodef-item--full\" >\n\t<div class=\"qodef-e-inner\">\n\t\t<div class=\"qodef-e-media\">\n\t\t\t<div class=\"qodef-e-img-holder\">\n\t\t\t\t\t<div class=\"qodef-e-media-image\" data-swiper-parallax=\"27%\">\n\t\t<a itemprop=\"url\" href=\"https:\/\/www.mareallarco.com\/en\/camera\/camera-aura\/\">\n\t\t\t<img loading=\"lazy\" decoding=\"async\" width=\"791\" height=\"527\" src=\"https:\/\/www.mareallarco.com\/wp-content\/uploads\/2020\/03\/camera-aura-home.jpg\" class=\"attachment-full size-full\" alt=\"\" srcset=\"https:\/\/www.mareallarco.com\/wp-content\/uploads\/2020\/03\/camera-aura-home.jpg 791w, https:\/\/www.mareallarco.com\/wp-content\/uploads\/2020\/03\/camera-aura-home-300x200.jpg 300w, https:\/\/www.mareallarco.com\/wp-content\/uploads\/2020\/03\/camera-aura-home-768x512.jpg 768w, https:\/\/www.mareallarco.com\/wp-content\/uploads\/2020\/03\/camera-aura-home-600x400.jpg 600w\" sizes=\"auto, (max-width: 791px) 100vw, 791px\" \/>\t\t<\/a>\n\t<\/div>\n\t\t\t<\/div>\n\t\t<\/div>\n\t\t<div class=\"qodef-e-content\">\n\t\t\t<div class=\"qodef-e-heading\">\n\t\t\t\t<h3 itemprop=\"name\" class=\"qodef-e-title entry-title\" >\n\t<a itemprop=\"url\" href=\"https:\/\/www.mareallarco.com\/en\/camera\/camera-aura\/\">\n\t\tCamera Aura\t<\/a>\n<\/h3>\t\t\t\t\t\t\t<\/div>\n\t\t\t<div class=\"qodef-e-info-items\">\n\t\t\t\t\t\t\t\t\t<span class=\"qodef-e-room-size\">35 mq<\/span>\n\t\t\t\t\t<span class=\"qodef-e-capacity\">1-4 person<\/span>\n\t\t\t<\/div>\n\t\t\t\t\t<p itemprop=\"description\" class=\"qodef-e-excerpt\">AURA \u00e8\u2019 una ninfa della mitologia greca legata alla natura. <\/p>\n\t\t\t\t<div class=\"qodef-e-button\">\n\t<a class=\"qodef-shortcode qodef-m  qodef-button qodef-layout--textual qodef-size--normal qodef-html--link\" href=\"https:\/\/www.mareallarco.com\/en\/camera\/camera-aura\/\" target=\"_self\"  >\t<span class=\"qodef-m-text\">Book Now<\/span>\t<span class=\"qodef-m-plus\"><\/span><\/a>\t\t<\/div>\t\t<\/div>\n\t<\/div>\n<\/article>\t<\/div>\n\t<\/div>\t\t<\/div>\n\t\t\t\t<\/div>\n\t\t\t\t\t<\/div>\n\t\t<\/div>\n\t\t\t\t\t\t\t<\/div>\n\t\t<\/section>\n\t\t\t\t<section class=\"elementor-section elementor-top-section elementor-element elementor-element-7b70732 elementor-section-full_width qodef-elementor-content-grid elementor-section-stretched elementor-hidden-tablet elementor-hidden-mobile elementor-section-height-default elementor-section-height-default\" data-id=\"7b70732\" data-element_type=\"section\" data-settings=\"{&quot;stretch_section&quot;:&quot;section-stretched&quot;}\">\n\t\t\t\t\t\t<div class=\"elementor-container elementor-column-gap-no\">\n\t\t\t\t\t<div class=\"elementor-column elementor-col-100 elementor-top-column elementor-element elementor-element-90d5c47\" data-id=\"90d5c47\" data-element_type=\"column\">\n\t\t\t<div class=\"elementor-widget-wrap elementor-element-populated\">\n\t\t\t\t\t\t\t\t<div class=\"elementor-element elementor-element-2dff838 elementor-widget elementor-widget-alloggio_core_banner\" data-id=\"2dff838\" data-element_type=\"widget\" data-widget_type=\"alloggio_core_banner.default\">\n\t\t\t\t<div class=\"elementor-widget-container\">\n\t\t\t<div class=\"qodef-shortcode qodef-m testobanner qodef-banner qodef-layout--link-overlay qodef--has-text\">\n\t<div class=\"qodef-m-image\">\n\t<img loading=\"lazy\" decoding=\"async\" width=\"1600\" height=\"962\" src=\"https:\/\/www.mareallarco.com\/wp-content\/uploads\/2022\/05\/collage-home-bis.jpg\" class=\"attachment-full size-full\" alt=\"\" srcset=\"https:\/\/www.mareallarco.com\/wp-content\/uploads\/2022\/05\/collage-home-bis.jpg 1600w, https:\/\/www.mareallarco.com\/wp-content\/uploads\/2022\/05\/collage-home-bis-300x180.jpg 300w, https:\/\/www.mareallarco.com\/wp-content\/uploads\/2022\/05\/collage-home-bis-1024x616.jpg 1024w, https:\/\/www.mareallarco.com\/wp-content\/uploads\/2022\/05\/collage-home-bis-768x462.jpg 768w, https:\/\/www.mareallarco.com\/wp-content\/uploads\/2022\/05\/collage-home-bis-1536x924.jpg 1536w, https:\/\/www.mareallarco.com\/wp-content\/uploads\/2022\/05\/collage-home-bis-600x361.jpg 600w\" sizes=\"auto, (max-width: 1600px) 100vw, 1600px\" \/>\t<a itemprop=\"url\" href=\"#\" class=\"qodef-m-banner-link\" target=\"_self\"><\/a>\n<\/div>\t<div class=\"qodef-m-content\">\n\t\t<div class=\"qodef-m-content-inner\" >\n\t\t\t<div class=\"qodef-m-content-inner-background\" style=\"background-color: #6EC1E400\"><\/div>\n\t\t\t<div class=\"qodef-m-content-inner-holder\">\n\t\t\t\t\t<h3 class=\"qodef-m-title\" >MARE ALL\u2019ARCO <\/h3>\n\t\t\t\t\t<h4 class=\"qodef-m-text\" >Il posto dove sei pi\u00f9 di un ospite \u2026\u2026.<\/h4>\n\t\t\t\t\t\t\t\t<a itemprop=\"url\" href=\"#\" class=\"qodef-m-banner-link\" target=\"_self\"><\/a>\n\t\t\t<\/div>\n\t\t\t<a itemprop=\"url\" href=\"#\" class=\"qodef-m-banner-link\" target=\"_self\"><\/a>\n\t\t<\/div>\n\t<\/div>\n<\/div>\n\t\t<\/div>\n\t\t\t\t<\/div>\n\t\t\t\t\t<\/div>\n\t\t<\/div>\n\t\t\t\t\t\t\t<\/div>\n\t\t<\/section>\n\t\t\t\t<section class=\"elementor-section elementor-top-section elementor-element elementor-element-24817ff elementor-section-full_width qodef-elementor-content-grid elementor-section-stretched elementor-hidden-desktop elementor-hidden-tablet elementor-section-height-default elementor-section-height-default\" data-id=\"24817ff\" data-element_type=\"section\" data-settings=\"{&quot;stretch_section&quot;:&quot;section-stretched&quot;}\">\n\t\t\t\t\t\t<div class=\"elementor-container elementor-column-gap-extended\">\n\t\t\t\t\t<div class=\"elementor-column elementor-col-100 elementor-top-column elementor-element elementor-element-d78adad\" data-id=\"d78adad\" data-element_type=\"column\">\n\t\t\t<div class=\"elementor-widget-wrap elementor-element-populated\">\n\t\t\t\t\t\t\t\t<div class=\"elementor-element elementor-element-5c63295 elementor-widget elementor-widget-alloggio_core_banner\" data-id=\"5c63295\" data-element_type=\"widget\" data-widget_type=\"alloggio_core_banner.default\">\n\t\t\t\t<div class=\"elementor-widget-container\">\n\t\t\t<div class=\"qodef-shortcode qodef-m testobanner qodef-banner qodef-layout--link-overlay\">\n\t<div class=\"qodef-m-image\">\n\t<img loading=\"lazy\" decoding=\"async\" width=\"1600\" height=\"962\" src=\"https:\/\/www.mareallarco.com\/wp-content\/uploads\/2022\/05\/collage-home-bis.jpg\" class=\"attachment-full size-full\" alt=\"\" srcset=\"https:\/\/www.mareallarco.com\/wp-content\/uploads\/2022\/05\/collage-home-bis.jpg 1600w, https:\/\/www.mareallarco.com\/wp-content\/uploads\/2022\/05\/collage-home-bis-300x180.jpg 300w, https:\/\/www.mareallarco.com\/wp-content\/uploads\/2022\/05\/collage-home-bis-1024x616.jpg 1024w, https:\/\/www.mareallarco.com\/wp-content\/uploads\/2022\/05\/collage-home-bis-768x462.jpg 768w, https:\/\/www.mareallarco.com\/wp-content\/uploads\/2022\/05\/collage-home-bis-1536x924.jpg 1536w, https:\/\/www.mareallarco.com\/wp-content\/uploads\/2022\/05\/collage-home-bis-600x361.jpg 600w\" sizes=\"auto, (max-width: 1600px) 100vw, 1600px\" \/>\t<a itemprop=\"url\" href=\"#\" class=\"qodef-m-banner-link\" target=\"_self\"><\/a>\n<\/div>\t<div class=\"qodef-m-content\">\n\t\t<div class=\"qodef-m-content-inner\" >\n\t\t\t<div class=\"qodef-m-content-inner-background\" style=\"background-color: #6EC1E400\"><\/div>\n\t\t\t<div class=\"qodef-m-content-inner-holder\">\n\t\t\t\t\t\t\t\t\t\t\t\t\t\t\t\t<a itemprop=\"url\" href=\"#\" class=\"qodef-m-banner-link\" target=\"_self\"><\/a>\n\t\t\t<\/div>\n\t\t\t<a itemprop=\"url\" href=\"#\" class=\"qodef-m-banner-link\" target=\"_self\"><\/a>\n\t\t<\/div>\n\t<\/div>\n<\/div>\n\t\t<\/div>\n\t\t\t\t<\/div>\n\t\t\t\t\t<\/div>\n\t\t<\/div>\n\t\t\t\t\t\t\t<\/div>\n\t\t<\/section>\n\t\t\t\t<section class=\"elementor-section elementor-top-section elementor-element elementor-element-c5704e4 elementor-section-full_width elementor-section-height-default elementor-section-height-default qodef-elementor-content-no\" data-id=\"c5704e4\" data-element_type=\"section\">\n\t\t\t\t\t\t<div class=\"elementor-container elementor-column-gap-no\">\n\t\t\t\t\t<div class=\"elementor-column elementor-col-100 elementor-top-column elementor-element elementor-element-899a073\" data-id=\"899a073\" data-element_type=\"column\">\n\t\t\t<div class=\"elementor-widget-wrap elementor-element-populated\">\n\t\t\t\t\t\t\t\t<div class=\"elementor-element elementor-element-bbc761e elementor-widget elementor-widget-alloggio_core_section_title\" data-id=\"bbc761e\" data-element_type=\"widget\" data-widget_type=\"alloggio_core_section_title.default\">\n\t\t\t\t<div class=\"elementor-widget-container\">\n\t\t\t<div class=\"qodef-shortcode qodef-m  qodef-section-title qodef-alignment--center\">\n\t\t<h2 class=\"qodef-m-title\" >\n\t\t\t\t\tLa Struttura\t\t\t<\/h2>\n\t\t<span class=\"qodef-m-text\" >Mare all\u2019Arco \u00e8 situata al centro della citt\u00e0 in un tipico palazzetto del centro storico marinaro, denominato il Budello, in uno dei vicoli pi\u00f9 antichi del caratteristico Borgo di via Indipendenza. Una storica dimora del XIX secolo finemente ristrutturata nel rispetto dello stile architettonico del luogo. <\/span>\n<\/div>\t\t<\/div>\n\t\t\t\t<\/div>\n\t\t\t\t\t<\/div>\n\t\t<\/div>\n\t\t\t\t\t\t\t<\/div>\n\t\t<\/section>\n\t\t\t\t<section class=\"elementor-section elementor-top-section elementor-element elementor-element-a7698f4 elementor-section-boxed elementor-section-height-default elementor-section-height-default qodef-elementor-content-no\" data-id=\"a7698f4\" data-element_type=\"section\">\n\t\t\t\t\t\t<div class=\"elementor-container elementor-column-gap-no\">\n\t\t\t\t\t<div class=\"elementor-column elementor-col-16 elementor-top-column elementor-element elementor-element-536215b\" data-id=\"536215b\" data-element_type=\"column\">\n\t\t\t<div class=\"elementor-widget-wrap elementor-element-populated\">\n\t\t\t\t\t\t\t\t<div class=\"elementor-element elementor-element-7bd1180 elementor-widget elementor-widget-alloggio_core_image_with_text\" data-id=\"7bd1180\" data-element_type=\"widget\" data-widget_type=\"alloggio_core_image_with_text.default\">\n\t\t\t\t<div class=\"elementor-widget-container\">\n\t\t\t<div class=\"qodef-shortcode qodef-m  qodef-image-with-text qodef-layout--text-below\">\n\t<div class=\"qodef-m-image\">\n\t\t\t\t\t\t\t\t\t<img loading=\"lazy\" decoding=\"async\" src=\"https:\/\/www.mareallarco.com\/wp-content\/uploads\/2022\/04\/air-64x64.png\" alt=\"\" width=\"64\" height=\"64\" data-ratio=\"1\" \/>\t\t\t\t\t\t\t\t\t<\/div>\t<div class=\"qodef-m-content\">\n\t\t\t<h4 class=\"qodef-m-title\" style=\"margin-top: 12px\">\n\t\t\t\t\tAria condizionata\t\t\t<\/h4>\n\t\t\t<\/div>\n<\/div>\t\t<\/div>\n\t\t\t\t<\/div>\n\t\t\t\t\t<\/div>\n\t\t<\/div>\n\t\t\t\t<div class=\"elementor-column elementor-col-16 elementor-top-column elementor-element elementor-element-f4aa180\" data-id=\"f4aa180\" data-element_type=\"column\">\n\t\t\t<div class=\"elementor-widget-wrap elementor-element-populated\">\n\t\t\t\t\t\t\t\t<div class=\"elementor-element elementor-element-435be87 elementor-widget elementor-widget-alloggio_core_image_with_text\" data-id=\"435be87\" data-element_type=\"widget\" data-widget_type=\"alloggio_core_image_with_text.default\">\n\t\t\t\t<div class=\"elementor-widget-container\">\n\t\t\t<div class=\"qodef-shortcode qodef-m  qodef-image-with-text qodef-layout--text-below\">\n\t<div class=\"qodef-m-image\">\n\t\t\t\t\t\t\t\t\t<img loading=\"lazy\" decoding=\"async\" src=\"https:\/\/www.mareallarco.com\/wp-content\/uploads\/2022\/04\/wi-fi-64x64.png\" alt=\"\" width=\"64\" height=\"64\" data-ratio=\"1\" \/>\t\t\t\t\t\t\t\t\t<\/div>\t<div class=\"qodef-m-content\">\n\t\t\t<h4 class=\"qodef-m-title\" style=\"margin-top: 12px\">\n\t\t\t\t\tWiFi gratuito\t\t\t<\/h4>\n\t\t\t<\/div>\n<\/div>\t\t<\/div>\n\t\t\t\t<\/div>\n\t\t\t\t\t<\/div>\n\t\t<\/div>\n\t\t\t\t<div class=\"elementor-column elementor-col-16 elementor-top-column elementor-element elementor-element-b228f62\" data-id=\"b228f62\" data-element_type=\"column\">\n\t\t\t<div class=\"elementor-widget-wrap elementor-element-populated\">\n\t\t\t\t\t\t\t\t<div class=\"elementor-element elementor-element-b76552a elementor-widget elementor-widget-alloggio_core_image_with_text\" data-id=\"b76552a\" data-element_type=\"widget\" data-widget_type=\"alloggio_core_image_with_text.default\">\n\t\t\t\t<div class=\"elementor-widget-container\">\n\t\t\t<div class=\"qodef-shortcode qodef-m  qodef-image-with-text qodef-layout--text-below\">\n\t<div class=\"qodef-m-image\">\n\t\t\t\t\t\t\t\t\t<img loading=\"lazy\" decoding=\"async\" src=\"https:\/\/www.mareallarco.com\/wp-content\/uploads\/2022\/04\/parking-64x64.png\" alt=\"\" width=\"64\" height=\"64\" data-ratio=\"1\" \/>\t\t\t\t\t\t\t\t\t<\/div>\t<div class=\"qodef-m-content\">\n\t\t\t<h4 class=\"qodef-m-title\" style=\"margin-top: 12px\">\n\t\t\t\t\tParcheggio\t\t\t<\/h4>\n\t\t\t<\/div>\n<\/div>\t\t<\/div>\n\t\t\t\t<\/div>\n\t\t\t\t\t<\/div>\n\t\t<\/div>\n\t\t\t\t<div class=\"elementor-column elementor-col-16 elementor-top-column elementor-element elementor-element-3c8952f\" data-id=\"3c8952f\" data-element_type=\"column\">\n\t\t\t<div class=\"elementor-widget-wrap elementor-element-populated\">\n\t\t\t\t\t\t\t\t<div class=\"elementor-element elementor-element-5e24063 elementor-widget elementor-widget-alloggio_core_image_with_text\" data-id=\"5e24063\" data-element_type=\"widget\" data-widget_type=\"alloggio_core_image_with_text.default\">\n\t\t\t\t<div class=\"elementor-widget-container\">\n\t\t\t<div class=\"qodef-shortcode qodef-m  qodef-image-with-text qodef-layout--text-below\">\n\t<div class=\"qodef-m-image\">\n\t\t\t\t\t\t\t\t\t<img loading=\"lazy\" decoding=\"async\" src=\"https:\/\/www.mareallarco.com\/wp-content\/uploads\/2022\/04\/maps-64x64.png\" alt=\"\" width=\"64\" height=\"64\" data-ratio=\"1\" \/>\t\t\t\t\t\t\t\t\t<\/div>\t<div class=\"qodef-m-content\">\n\t\t\t<h4 class=\"qodef-m-title\" style=\"margin-top: 12px\">\n\t\t\t\t\tCity map\t\t\t<\/h4>\n\t\t\t<\/div>\n<\/div>\t\t<\/div>\n\t\t\t\t<\/div>\n\t\t\t\t\t<\/div>\n\t\t<\/div>\n\t\t\t\t<div class=\"elementor-column elementor-col-16 elementor-top-column elementor-element elementor-element-9da15e2\" data-id=\"9da15e2\" data-element_type=\"column\">\n\t\t\t<div class=\"elementor-widget-wrap elementor-element-populated\">\n\t\t\t\t\t\t\t\t<div class=\"elementor-element elementor-element-1863033 elementor-widget elementor-widget-alloggio_core_image_with_text\" data-id=\"1863033\" data-element_type=\"widget\" data-widget_type=\"alloggio_core_image_with_text.default\">\n\t\t\t\t<div class=\"elementor-widget-container\">\n\t\t\t<div class=\"qodef-shortcode qodef-m  qodef-image-with-text qodef-layout--text-below\">\n\t<div class=\"qodef-m-image\">\n\t\t\t\t\t\t\t\t\t<img loading=\"lazy\" decoding=\"async\" src=\"https:\/\/www.mareallarco.com\/wp-content\/uploads\/2022\/04\/bagno-64x64.png\" alt=\"\" width=\"64\" height=\"64\" data-ratio=\"1\" \/>\t\t\t\t\t\t\t\t\t<\/div>\t<div class=\"qodef-m-content\">\n\t\t\t<h4 class=\"qodef-m-title\" style=\"margin-top: 12px\">\n\t\t\t\t\tBagno in camera\t\t\t<\/h4>\n\t\t\t<\/div>\n<\/div>\t\t<\/div>\n\t\t\t\t<\/div>\n\t\t\t\t\t<\/div>\n\t\t<\/div>\n\t\t\t\t<div class=\"elementor-column elementor-col-16 elementor-top-column elementor-element elementor-element-1c3ea18\" data-id=\"1c3ea18\" data-element_type=\"column\">\n\t\t\t<div class=\"elementor-widget-wrap elementor-element-populated\">\n\t\t\t\t\t\t\t\t<div class=\"elementor-element elementor-element-55bbc97 elementor-widget elementor-widget-alloggio_core_image_with_text\" data-id=\"55bbc97\" data-element_type=\"widget\" data-widget_type=\"alloggio_core_image_with_text.default\">\n\t\t\t\t<div class=\"elementor-widget-container\">\n\t\t\t<div class=\"qodef-shortcode qodef-m  qodef-image-with-text qodef-layout--text-below\">\n\t<div class=\"qodef-m-image\">\n\t\t\t\t\t\t\t\t\t<img loading=\"lazy\" decoding=\"async\" src=\"https:\/\/www.mareallarco.com\/wp-content\/uploads\/2022\/04\/cocktail-64x64.png\" alt=\"\" width=\"64\" height=\"64\" data-ratio=\"1\" \/>\t\t\t\t\t\t\t\t\t<\/div>\t<div class=\"qodef-m-content\">\n\t\t\t<h4 class=\"qodef-m-title\" style=\"margin-top: 12px\">\n\t\t\t\t\tWelcome\t\t\t<\/h4>\n\t\t\t<\/div>\n<\/div>\t\t<\/div>\n\t\t\t\t<\/div>\n\t\t\t\t\t<\/div>\n\t\t<\/div>\n\t\t\t\t\t\t\t<\/div>\n\t\t<\/section>\n\t\t\t\t<section class=\"elementor-section elementor-top-section elementor-element elementor-element-0b0ed98 elementor-section-full_width qodef-elementor-content-grid elementor-hidden-desktop elementor-hidden-tablet elementor-hidden-mobile elementor-section-height-default elementor-section-height-default\" data-id=\"0b0ed98\" data-element_type=\"section\">\n\t\t\t\t\t\t<div class=\"elementor-container elementor-column-gap-no\">\n\t\t\t\t\t<div class=\"elementor-column elementor-col-100 elementor-top-column elementor-element elementor-element-d65ef88\" data-id=\"d65ef88\" data-element_type=\"column\">\n\t\t\t<div class=\"elementor-widget-wrap\">\n\t\t\t\t\t\t\t\t\t<\/div>\n\t\t<\/div>\n\t\t\t\t\t\t\t<\/div>\n\t\t<\/section>\n\t\t\t\t<section class=\"elementor-section elementor-top-section elementor-element elementor-element-51275c6 elementor-section-full_width elementor-section-height-default elementor-section-height-default qodef-elementor-content-no\" data-id=\"51275c6\" data-element_type=\"section\">\n\t\t\t\t\t\t<div class=\"elementor-container elementor-column-gap-no\">\n\t\t\t\t\t<div class=\"elementor-column elementor-col-100 elementor-top-column elementor-element elementor-element-ec83a18\" data-id=\"ec83a18\" data-element_type=\"column\">\n\t\t\t<div class=\"elementor-widget-wrap elementor-element-populated\">\n\t\t\t\t\t\t\t\t<div class=\"elementor-element elementor-element-ea7b0ea elementor-widget elementor-widget-alloggio_core_centered_slider\" data-id=\"ea7b0ea\" data-element_type=\"widget\" data-widget_type=\"alloggio_core_centered_slider.default\">\n\t\t\t\t<div class=\"elementor-widget-container\">\n\t\t\t<div class=\"qodef-shortcode qodef-m  qodef-centered-slider qodef-swiper-container qodef---has-hover qodef--has-title\" data-options=\"{&quot;slidesPerView&quot;:&quot;auto&quot;,&quot;slidesPerView1440&quot;:&quot;auto&quot;,&quot;slidesPerView1366&quot;:&quot;auto&quot;,&quot;slidesPerView1024&quot;:&quot;auto&quot;,&quot;slidesPerView768&quot;:&quot;1&quot;,&quot;centeredSlides&quot;:&quot;true&quot;}\">\n\t<div class=\"swiper-wrapper\">\n\t\t\t\t\t<div class=\"qodef-m-item swiper-slide\">\n\t\t\t\t\t\t\t\t\t<a href=\"https:\/\/www.mareallarco.com\/en\/passeggia-lungo-percorsi-sorprendenti\/\" target=\"\">\n\t\t\t\t\t\t\t\t\t<div class=\"qodef-m-image-holder\"><div class=\"qodef-m-image\">\n\t\t\t\t\t\t<img decoding=\"async\" src=\"https:\/\/www.mareallarco.com\/wp-content\/uploads\/2022\/04\/escursioni.jpg\" alt=\"\"\/>\n\t\t\t\t\t<\/div><\/div>\n\t\t\t\t\t\t\t\t\t<\/a>\n\t\t\t\t\t\t\t\t\t\t\t\t\t<h4 class=\"qodef-m-title\">Passeggia lungo percorsi sorprendenti<\/h4>\n\t\t\t\t\t\t\t\t\t\t\t<\/div>\n\t\t\t\t\t<div class=\"qodef-m-item swiper-slide\">\n\t\t\t\t\t\t\t\t\t<a href=\"https:\/\/www.mareallarco.com\/en\/escursioni-in-bicicletta\/\" target=\"\">\n\t\t\t\t\t\t\t\t\t<div class=\"qodef-m-image-holder\"><div class=\"qodef-m-image\">\n\t\t\t\t\t\t<img decoding=\"async\" src=\"https:\/\/www.mareallarco.com\/wp-content\/uploads\/2022\/04\/bike.jpg\" alt=\"\"\/>\n\t\t\t\t\t<\/div><\/div>\n\t\t\t\t\t\t\t\t\t<\/a>\n\t\t\t\t\t\t\t\t\t\t\t\t\t<h4 class=\"qodef-m-title\">Escursione In bicicletta<\/h4>\n\t\t\t\t\t\t\t\t\t\t\t<\/div>\n\t\t\t\t\t<div class=\"qodef-m-item swiper-slide\">\n\t\t\t\t\t\t\t\t\t<a href=\"https:\/\/www.mareallarco.com\/en\/mini-crociera-in-barca\/\" target=\"\">\n\t\t\t\t\t\t\t\t\t<div class=\"qodef-m-image-holder\"><div class=\"qodef-m-image\">\n\t\t\t\t\t\t<img decoding=\"async\" src=\"https:\/\/www.mareallarco.com\/wp-content\/uploads\/2022\/05\/escursioni-barca-gaeta.jpg\" alt=\"\"\/>\n\t\t\t\t\t<\/div><\/div>\n\t\t\t\t\t\t\t\t\t<\/a>\n\t\t\t\t\t\t\t\t\t\t\t\t\t<h4 class=\"qodef-m-title\"> Mini crociera in barca seguendo la rotta degli antichi romani<\/h4>\n\t\t\t\t\t\t\t\t\t\t\t<\/div>\n\t\t\t<\/div>\n\t\t\t<div class=\"swiper-navigation\">\n\t\t\t<div class=\"swiper-button-next\"><svg xmlns=\"http:\/\/www.w3.org\/2000\/svg\" xmlns:xlink=\"http:\/\/www.w3.org\/1999\/xlink\" x=\"0px\" y=\"0px\" viewbox=\"0 0 26 50.9\" xml:space=\"preserve\"><polyline points=\"0.4,50.6 25.3,25.5 0.4,0.4 \"\/><\/svg><\/div>\n<div class=\"swiper-button-prev\"><svg xmlns=\"http:\/\/www.w3.org\/2000\/svg\" xmlns:xlink=\"http:\/\/www.w3.org\/1999\/xlink\" x=\"0px\" y=\"0px\" viewbox=\"0 0 26 50.9\" xml:space=\"preserve\"><polyline points=\"25.6,0.4 0.7,25.5 25.6,50.6 \"\/><\/svg><\/div>\t\t<\/div>\n\t\t<\/div>\t\t<\/div>\n\t\t\t\t<\/div>\n\t\t\t\t\t<\/div>\n\t\t<\/div>\n\t\t\t\t\t\t\t<\/div>\n\t\t<\/section>\n\t\t\t\t<section class=\"elementor-section elementor-top-section elementor-element elementor-element-d3d8918 elementor-section-full_width elementor-section-height-default elementor-section-height-default qodef-elementor-content-no\" data-id=\"d3d8918\" data-element_type=\"section\">\n\t\t\t\t\t\t<div class=\"elementor-container elementor-column-gap-no\">\n\t\t\t\t\t<div class=\"elementor-column elementor-col-100 elementor-top-column elementor-element elementor-element-ffe1b3f\" data-id=\"ffe1b3f\" data-element_type=\"column\">\n\t\t\t<div class=\"elementor-widget-wrap elementor-element-populated\">\n\t\t\t\t\t\t\t\t<div class=\"elementor-element elementor-element-0bf0084 elementor-hidden-desktop elementor-hidden-tablet elementor-hidden-mobile elementor-widget elementor-widget-alloggio_core_section_title\" data-id=\"0bf0084\" data-element_type=\"widget\" data-widget_type=\"alloggio_core_section_title.default\">\n\t\t\t\t<div class=\"elementor-widget-container\">\n\t\t\t<div class=\"qodef-shortcode qodef-m  qodef-section-title qodef-alignment--center\">\n\t\t<h2 class=\"qodef-m-title\" >\n\t\t\t\t\tEdge B\u2019n\u2019B Offers and Events\t\t\t<\/h2>\n\t\t<span class=\"qodef-m-text\" >Lorem ipsum dolor sit amet, consectetur adipiscing elit, sed do eiusmod tempor incididunt ut labore et dolore magna aliqua. Ut enim ad minim veniam, quis nostrud exercitation ullamco laboris nisi ut aliquip ex ea commodo consequat.<\/span>\n<\/div>\t\t<\/div>\n\t\t\t\t<\/div>\n\t\t\t\t\t<\/div>\n\t\t<\/div>\n\t\t\t\t\t\t\t<\/div>\n\t\t<\/section>\n\t\t\t\t<section class=\"elementor-section elementor-top-section elementor-element elementor-element-5f87e9d elementor-section-full_width qodef-elementor-content-grid elementor-hidden-desktop elementor-hidden-tablet elementor-hidden-mobile elementor-section-height-default elementor-section-height-default\" data-id=\"5f87e9d\" data-element_type=\"section\">\n\t\t\t\t\t\t<div class=\"elementor-container elementor-column-gap-no\">\n\t\t\t\t\t<div class=\"elementor-column elementor-col-100 elementor-top-column elementor-element elementor-element-f119845\" data-id=\"f119845\" data-element_type=\"column\">\n\t\t\t<div class=\"elementor-widget-wrap elementor-element-populated\">\n\t\t\t\t\t\t\t\t<div class=\"elementor-element elementor-element-5b4bdfe elementor-widget elementor-widget-alloggio_core_video_button\" data-id=\"5b4bdfe\" data-element_type=\"widget\" data-widget_type=\"alloggio_core_video_button.default\">\n\t\t\t\t<div class=\"elementor-widget-container\">\n\t\t\t<div class=\"qodef-shortcode qodef-m  qodef-video-button qodef--has-img\">\n\t    <div class=\"qodef-m-image\">\n\t\t<img loading=\"lazy\" decoding=\"async\" width=\"1300\" height=\"595\" src=\"https:\/\/www.mareallarco.com\/wp-content\/uploads\/2020\/03\/h1-img-02.jpg\" class=\"attachment-full size-full\" alt=\"h1-img-02\" srcset=\"https:\/\/www.mareallarco.com\/wp-content\/uploads\/2020\/03\/h1-img-02.jpg 1300w, https:\/\/www.mareallarco.com\/wp-content\/uploads\/2020\/03\/h1-img-02-600x275.jpg 600w, https:\/\/www.mareallarco.com\/wp-content\/uploads\/2020\/03\/h1-img-02-300x137.jpg 300w, https:\/\/www.mareallarco.com\/wp-content\/uploads\/2020\/03\/h1-img-02-1024x469.jpg 1024w, https:\/\/www.mareallarco.com\/wp-content\/uploads\/2020\/03\/h1-img-02-768x352.jpg 768w\" sizes=\"auto, (max-width: 1300px) 100vw, 1300px\" \/>    <\/div>\n\t\t<a itemprop=\"url\" class=\"qodef-m-play qodef-magnific-popup qodef-popup-item\"  href=\"https:\/\/vimeo.com\/9176224\" data-type=\"iframe\">\n\t\t<span class=\"qodef-m-play-inner\">\n\t\t\t\t\t\t<svg xmlns=\"http:\/\/www.w3.org\/2000\/svg\" xmlns:xlink=\"http:\/\/www.w3.org\/1999\/xlink\" x=\"0px\" y=\"0px\" viewbox=\"0 0 71 71\" enable-background=\"new 0 0 71 71\" xml:space=\"preserve\">\n\t\t\t\t<polygon points=\"49.2,35.5 25.8,22 25.8,49 \"\/>\n\t\t\t\t<circle cx=\"35.5\" cy=\"35.5\" r=\"35\"\/>\n\t\t\t<\/svg>\n\t\t<\/span>\n\t<\/a>\n<\/div>\t\t<\/div>\n\t\t\t\t<\/div>\n\t\t\t\t\t<\/div>\n\t\t<\/div>\n\t\t\t\t\t\t\t<\/div>\n\t\t<\/section>\n\t\t\t\t<section class=\"elementor-section elementor-top-section elementor-element elementor-element-3ecd6fa elementor-section-full_width qodef-elementor-content-grid elementor-section-height-default elementor-section-height-default\" data-id=\"3ecd6fa\" data-element_type=\"section\">\n\t\t\t\t\t\t<div class=\"elementor-container elementor-column-gap-no\">\n\t\t\t\t\t<div class=\"elementor-column elementor-col-100 elementor-top-column elementor-element elementor-element-576a7bb\" data-id=\"576a7bb\" data-element_type=\"column\">\n\t\t\t<div class=\"elementor-widget-wrap elementor-element-populated\">\n\t\t\t\t\t\t\t\t<div class=\"elementor-element elementor-element-1b851ce elementor-widget elementor-widget-alloggio_core_testimonials_list\" data-id=\"1b851ce\" data-element_type=\"widget\" data-widget_type=\"alloggio_core_testimonials_list.default\">\n\t\t\t\t<div class=\"elementor-widget-container\">\n\t\t\t<div class=\"qodef-shortcode qodef-m  qodef-testimonials-list   qodef-content-position--center qodef-grid qodef-layout--columns  qodef-gutter--normal qodef-col-num--3 qodef-item-layout--info-below qodef-responsive--predefined\">\n\t<div class=\"qodef-grid-inner clear\">\n\t\t<div class=\"qodef-e qodef-grid-item\">\n\t<div class=\"qodef-e-inner\">\n\t\t\t\t<div class=\"qodef-e-content\">\n\t\t\t\t\t\t\t<h3 itemprop=\"name\" class=\"qodef-e-title entry-title\" >\n\t\t&quot;Appartamento delizioso in zona fantastica&quot;&quot;\t<\/h3>\n\t\t\t\t<p itemprop=\"description\" class=\"qodef-e-text\">\n\t\t\t\tRaramente mi \u00e8 capitato di trovare appartamenti cosi ben curati: pulitissima e arredamento molto nuovo.\t<\/p>\n\t\t\t<p class=\"qodef-e-author\">\n\t<span class=\"qodef-e-author-name\">\n\t\tFerdinando\t<\/span>\n\t<span class=\"qodef-e-author-job\">\n\t\t\t<\/span>\n<\/p>\n\t\t<\/div>\n\t<\/div>\n<\/div><div class=\"qodef-e qodef-grid-item\">\n\t<div class=\"qodef-e-inner\">\n\t\t\t\t<div class=\"qodef-e-content\">\n\t\t\t\t\t\t\t<h3 itemprop=\"name\" class=\"qodef-e-title entry-title\" >\n\t\t&quot;Consigliato&quot;\t<\/h3>\n\t\t\t\t<p itemprop=\"description\" class=\"qodef-e-text\">\n\t\t\t\tAbbiamo alloggiato in questo b&amp;b usufruendo di entrambe le camere. La pulizia e il profumo delle camere sono al top.\t<\/p>\n\t\t\t<p class=\"qodef-e-author\">\n\t<span class=\"qodef-e-author-name\">\n\t\tSteelgate\t<\/span>\n\t<span class=\"qodef-e-author-job\">\n\t\t\t<\/span>\n<\/p>\n\t\t<\/div>\n\t<\/div>\n<\/div><div class=\"qodef-e qodef-grid-item\">\n\t<div class=\"qodef-e-inner\">\n\t\t\t\t<div class=\"qodef-e-content\">\n\t\t\t\t\t\t\t<h3 itemprop=\"name\" class=\"qodef-e-title entry-title\" >\n\t\t&quot;Se dovessi tornare a Gaeta tornerei qui!!!&quot;\t<\/h3>\n\t\t\t\t<p itemprop=\"description\" class=\"qodef-e-text\">\n\t\t\t\tAppartamento stupendo. Nuovissimo, curato nei minimi particolari. Posizione strategica.\t<\/p>\n\t\t\t<p class=\"qodef-e-author\">\n\t<span class=\"qodef-e-author-name\">\n\t\tPatuccio74\t<\/span>\n\t<span class=\"qodef-e-author-job\">\n\t\t\t<\/span>\n<\/p>\n\t\t<\/div>\n\t<\/div>\n<\/div>\t<\/div>\n<\/div>\t\t<\/div>\n\t\t\t\t<\/div>\n\t\t\t\t\t<\/div>\n\t\t<\/div>\n\t\t\t\t\t\t\t<\/div>\n\t\t<\/section>\n\t\t\t\t<section class=\"elementor-section elementor-top-section elementor-element elementor-element-cc0c7ce elementor-section-full_width qodef-elementor-content-grid elementor-section-stretched elementor-section-height-default elementor-section-height-default\" data-id=\"cc0c7ce\" data-element_type=\"section\" data-settings=\"{&quot;stretch_section&quot;:&quot;section-stretched&quot;}\">\n\t\t\t\t\t\t<div class=\"elementor-container elementor-column-gap-no\">\n\t\t\t\t\t<div class=\"elementor-column elementor-col-100 elementor-top-column elementor-element elementor-element-41001d3\" data-id=\"41001d3\" data-element_type=\"column\">\n\t\t\t<div class=\"elementor-widget-wrap elementor-element-populated\">\n\t\t\t\t\t\t\t\t<div class=\"elementor-element elementor-element-1c6c852 elementor-widget elementor-widget-alloggio_core_section_title\" data-id=\"1c6c852\" data-element_type=\"widget\" data-widget_type=\"alloggio_core_section_title.default\">\n\t\t\t\t<div class=\"elementor-widget-container\">\n\t\t\t<div class=\"qodef-shortcode qodef-m  qodef-section-title qodef-alignment--center\">\n\t\t<h2 class=\"qodef-m-title\" >\n\t\t\t\t\tGaeta e la riviera di Ulisse\t\t\t<\/h2>\n\t\t<h4 class=\"qodef-m-text\" >Un luogo in cui \u00e8 impossibile annoiarsi\u2026\u2026.<\/h4>\n<\/div>\t\t<\/div>\n\t\t\t\t<\/div>\n\t\t\t\t<div class=\"elementor-element elementor-element-9bfed82 elementor-widget elementor-widget-alloggio_core_blog_list\" data-id=\"9bfed82\" data-element_type=\"widget\" data-widget_type=\"alloggio_core_blog_list.default\">\n\t\t\t\t<div class=\"elementor-widget-container\">\n\t\t\t<div class=\"qodef-shortcode qodef-m  qodef-blog qodef--list qodef-item-layout--standard  qodef--has-animation qodef-grid qodef-swiper-container  qodef-gutter--normal qodef-col-num--3 qodef-item-layout--standard qodef--no-bottom-space qodef-pagination--off qodef-responsive--predefined\" data-options=\"{&quot;slidesPerView&quot;:&quot;3&quot;,&quot;spaceBetween&quot;:15,&quot;loop&quot;:true,&quot;autoplay&quot;:true,&quot;speed&quot;:&quot;&quot;,&quot;speedAnimation&quot;:&quot;&quot;,&quot;slideAnimation&quot;:&quot;&quot;}\">\n\t<div class=\"swiper-wrapper\">\n\t\t<article class=\"qodef-e qodef-blog-item swiper-slide qodef-item--full post-245 post type-post status-publish format-standard has-post-thumbnail hentry category-escursioni\">\n\t<div class=\"qodef-e-inner\">\n\t\t<div class=\"qodef-e-media\">\n\t\t<div class=\"qodef-e-media-image\">\n\t\t<a itemprop=\"url\" href=\"https:\/\/www.mareallarco.com\/en\/la-cappelletta-doro\/\">\n\t\t\t<img loading=\"lazy\" decoding=\"async\" width=\"800\" height=\"585\" src=\"https:\/\/www.mareallarco.com\/wp-content\/uploads\/2022\/05\/cappella-oro-gaeta.jpg\" class=\"attachment-full size-full wp-post-image\" alt=\"\" srcset=\"https:\/\/www.mareallarco.com\/wp-content\/uploads\/2022\/05\/cappella-oro-gaeta.jpg 800w, https:\/\/www.mareallarco.com\/wp-content\/uploads\/2022\/05\/cappella-oro-gaeta-300x219.jpg 300w, https:\/\/www.mareallarco.com\/wp-content\/uploads\/2022\/05\/cappella-oro-gaeta-768x562.jpg 768w, https:\/\/www.mareallarco.com\/wp-content\/uploads\/2022\/05\/cappella-oro-gaeta-600x439.jpg 600w\" sizes=\"auto, (max-width: 800px) 100vw, 800px\" \/>\t\t<\/a>\n\t<\/div>\n<\/div>\t\t<div class=\"qodef-e-content\">\n\t\t\t<div class=\"qodef-e-info qodef-info--top\">\n\t\t\t\t<div itemprop=\"dateCreated\" class=\"qodef-e-info-item qodef-e-info-date entry-date\">\n\t<a itemprop=\"url\" href=\"https:\/\/www.mareallarco.com\/en\/2020\/03\/\">March 19, 2020<\/a>\n\t<meta itemprop=\"interactionCount\" content=\"UserComments: 0\"\/>\n<\/div>\t\t\t<\/div>\n\t\t\t<div class=\"qodef-e-text\">\n\t\t\t\t<h4 itemprop=\"name\" class=\"qodef-e-title entry-title\" >\n\t<a itemprop=\"url\" class=\"qodef-e-title-link\" href=\"https:\/\/www.mareallarco.com\/en\/la-cappelletta-doro\/\">\n\t\tLa Cappelletta d\u2019Oro\t<\/a>\n<\/h4>\t\t<p itemprop=\"description\" class=\"qodef-e-excerpt\">N ascosta all\u2019interno dell\u2019edificio dell\u2019Istituto dell\u2019Annunziata si trova questa splendida cappelletta con il soffitto a cassettoni dorato del XIV secolo. L<\/p>\n\t\t\t\t<\/div>\n\t\t\t\t\t<\/div>\n\t<\/div>\n<\/article><article class=\"qodef-e qodef-blog-item swiper-slide qodef-item--full post-250 post type-post status-publish format-standard has-post-thumbnail hentry category-escursioni\">\n\t<div class=\"qodef-e-inner\">\n\t\t<div class=\"qodef-e-media\">\n\t\t<div class=\"qodef-e-media-image\">\n\t\t<a itemprop=\"url\" href=\"https:\/\/www.mareallarco.com\/en\/il-castello-angioino\/\">\n\t\t\t<img loading=\"lazy\" decoding=\"async\" width=\"800\" height=\"585\" src=\"https:\/\/www.mareallarco.com\/wp-content\/uploads\/2022\/05\/castello-angioino-gaeta.jpg\" class=\"attachment-full size-full wp-post-image\" alt=\"\" srcset=\"https:\/\/www.mareallarco.com\/wp-content\/uploads\/2022\/05\/castello-angioino-gaeta.jpg 800w, https:\/\/www.mareallarco.com\/wp-content\/uploads\/2022\/05\/castello-angioino-gaeta-300x219.jpg 300w, https:\/\/www.mareallarco.com\/wp-content\/uploads\/2022\/05\/castello-angioino-gaeta-768x562.jpg 768w, https:\/\/www.mareallarco.com\/wp-content\/uploads\/2022\/05\/castello-angioino-gaeta-600x439.jpg 600w\" sizes=\"auto, (max-width: 800px) 100vw, 800px\" \/>\t\t<\/a>\n\t<\/div>\n<\/div>\t\t<div class=\"qodef-e-content\">\n\t\t\t<div class=\"qodef-e-info qodef-info--top\">\n\t\t\t\t<div itemprop=\"dateCreated\" class=\"qodef-e-info-item qodef-e-info-date entry-date\">\n\t<a itemprop=\"url\" href=\"https:\/\/www.mareallarco.com\/en\/2020\/03\/\">March 19, 2020<\/a>\n\t<meta itemprop=\"interactionCount\" content=\"UserComments: 0\"\/>\n<\/div>\t\t\t<\/div>\n\t\t\t<div class=\"qodef-e-text\">\n\t\t\t\t<h4 itemprop=\"name\" class=\"qodef-e-title entry-title\" >\n\t<a itemprop=\"url\" class=\"qodef-e-title-link\" href=\"https:\/\/www.mareallarco.com\/en\/il-castello-angioino\/\">\n\t\tIl Castello Angioino\t<\/a>\n<\/h4>\t\t<p itemprop=\"description\" class=\"qodef-e-excerpt\">F amoso per essere stata la sede del carcere militare pi\u00f9 temuto d\u2019Italia dal 1911 al 1990. Ancora si sente l\u2019eco della minaccia pi\u00f9 terribile: \u201dTi mando a G<\/p>\n\t\t\t\t<\/div>\n\t\t\t\t\t<\/div>\n\t<\/div>\n<\/article><article class=\"qodef-e qodef-blog-item swiper-slide qodef-item--full post-717 post type-post status-publish format-standard has-post-thumbnail hentry category-escursioni\">\n\t<div class=\"qodef-e-inner\">\n\t\t<div class=\"qodef-e-media\">\n\t\t<div class=\"qodef-e-media-image\">\n\t\t<a itemprop=\"url\" href=\"https:\/\/www.mareallarco.com\/en\/santuario-della-montagna-spaccata\/\">\n\t\t\t<img loading=\"lazy\" decoding=\"async\" width=\"800\" height=\"585\" src=\"https:\/\/www.mareallarco.com\/wp-content\/uploads\/2022\/05\/montagna-spaccata-gaeta.jpg\" class=\"attachment-full size-full wp-post-image\" alt=\"\" srcset=\"https:\/\/www.mareallarco.com\/wp-content\/uploads\/2022\/05\/montagna-spaccata-gaeta.jpg 800w, https:\/\/www.mareallarco.com\/wp-content\/uploads\/2022\/05\/montagna-spaccata-gaeta-300x219.jpg 300w, https:\/\/www.mareallarco.com\/wp-content\/uploads\/2022\/05\/montagna-spaccata-gaeta-768x562.jpg 768w, https:\/\/www.mareallarco.com\/wp-content\/uploads\/2022\/05\/montagna-spaccata-gaeta-600x439.jpg 600w\" sizes=\"auto, (max-width: 800px) 100vw, 800px\" \/>\t\t<\/a>\n\t<\/div>\n<\/div>\t\t<div class=\"qodef-e-content\">\n\t\t\t<div class=\"qodef-e-info qodef-info--top\">\n\t\t\t\t<div itemprop=\"dateCreated\" class=\"qodef-e-info-item qodef-e-info-date entry-date\">\n\t<a itemprop=\"url\" href=\"https:\/\/www.mareallarco.com\/en\/2020\/03\/\">March 23, 2020<\/a>\n\t<meta itemprop=\"interactionCount\" content=\"UserComments: 0\"\/>\n<\/div>\t\t\t<\/div>\n\t\t\t<div class=\"qodef-e-text\">\n\t\t\t\t<h4 itemprop=\"name\" class=\"qodef-e-title entry-title\" >\n\t<a itemprop=\"url\" class=\"qodef-e-title-link\" href=\"https:\/\/www.mareallarco.com\/en\/santuario-della-montagna-spaccata\/\">\n\t\tSantuario della Montagna Spaccata\t<\/a>\n<\/h4>\t\t<p itemprop=\"description\" class=\"qodef-e-excerpt\">C ostruito nel 930 d.C. dai monaci benedettini sui resti della villa di Lucio Munazio Planco del I secolo a.C. Immancabile una breve sosta sulle terrazze del santuar<\/p>\n\t\t\t\t<\/div>\n\t\t\t\t\t<\/div>\n\t<\/div>\n<\/article><article class=\"qodef-e qodef-blog-item swiper-slide qodef-item--full post-6713 post type-post status-publish format-standard has-post-thumbnail hentry category-escursioni\">\n\t<div class=\"qodef-e-inner\">\n\t\t<div class=\"qodef-e-media\">\n\t\t<div class=\"qodef-e-media-image\">\n\t\t<a itemprop=\"url\" href=\"https:\/\/www.mareallarco.com\/en\/una-passeggiata-in-via-indipendenza\/\">\n\t\t\t<img loading=\"lazy\" decoding=\"async\" width=\"800\" height=\"585\" src=\"https:\/\/www.mareallarco.com\/wp-content\/uploads\/2022\/05\/via-indipendenza2i.jpg\" class=\"attachment-full size-full wp-post-image\" alt=\"\" srcset=\"https:\/\/www.mareallarco.com\/wp-content\/uploads\/2022\/05\/via-indipendenza2i.jpg 800w, https:\/\/www.mareallarco.com\/wp-content\/uploads\/2022\/05\/via-indipendenza2i-300x219.jpg 300w, https:\/\/www.mareallarco.com\/wp-content\/uploads\/2022\/05\/via-indipendenza2i-768x562.jpg 768w, https:\/\/www.mareallarco.com\/wp-content\/uploads\/2022\/05\/via-indipendenza2i-600x439.jpg 600w\" sizes=\"auto, (max-width: 800px) 100vw, 800px\" \/>\t\t<\/a>\n\t<\/div>\n<\/div>\t\t<div class=\"qodef-e-content\">\n\t\t\t<div class=\"qodef-e-info qodef-info--top\">\n\t\t\t\t<div itemprop=\"dateCreated\" class=\"qodef-e-info-item qodef-e-info-date entry-date\">\n\t<a itemprop=\"url\" href=\"https:\/\/www.mareallarco.com\/en\/2022\/05\/\">May 30, 2022<\/a>\n\t<meta itemprop=\"interactionCount\" content=\"UserComments: 0\"\/>\n<\/div>\t\t\t<\/div>\n\t\t\t<div class=\"qodef-e-text\">\n\t\t\t\t<h4 itemprop=\"name\" class=\"qodef-e-title entry-title\" >\n\t<a itemprop=\"url\" class=\"qodef-e-title-link\" href=\"https:\/\/www.mareallarco.com\/en\/una-passeggiata-in-via-indipendenza\/\">\n\t\tUna passeggiata in Via Indipendenza\t<\/a>\n<\/h4>\t\t<p itemprop=\"description\" class=\"qodef-e-excerpt\">S i trova nella parte nuova di Gaeta, che fino al 1927 costituiva un comune autonomo con il nome di \u201cElena\u201d, in onore della moglie del re Vittorio Emanuele III. <\/p>\n\t\t\t\t<\/div>\n\t\t\t\t\t<\/div>\n\t<\/div>\n<\/article><article class=\"qodef-e qodef-blog-item swiper-slide qodef-item--full post-6719 post type-post status-publish format-standard has-post-thumbnail hentry category-escursioni\">\n\t<div class=\"qodef-e-inner\">\n\t\t<div class=\"qodef-e-media\">\n\t\t<div class=\"qodef-e-media-image\">\n\t\t<a itemprop=\"url\" href=\"https:\/\/www.mareallarco.com\/en\/le-100-chiese\/\">\n\t\t\t<img loading=\"lazy\" decoding=\"async\" width=\"800\" height=\"585\" src=\"https:\/\/www.mareallarco.com\/wp-content\/uploads\/2022\/05\/via-indipendenza-salita-scalzi.jpg\" class=\"attachment-full size-full wp-post-image\" alt=\"\" srcset=\"https:\/\/www.mareallarco.com\/wp-content\/uploads\/2022\/05\/via-indipendenza-salita-scalzi.jpg 800w, https:\/\/www.mareallarco.com\/wp-content\/uploads\/2022\/05\/via-indipendenza-salita-scalzi-300x219.jpg 300w, https:\/\/www.mareallarco.com\/wp-content\/uploads\/2022\/05\/via-indipendenza-salita-scalzi-768x562.jpg 768w, https:\/\/www.mareallarco.com\/wp-content\/uploads\/2022\/05\/via-indipendenza-salita-scalzi-600x439.jpg 600w\" sizes=\"auto, (max-width: 800px) 100vw, 800px\" \/>\t\t<\/a>\n\t<\/div>\n<\/div>\t\t<div class=\"qodef-e-content\">\n\t\t\t<div class=\"qodef-e-info qodef-info--top\">\n\t\t\t\t<div itemprop=\"dateCreated\" class=\"qodef-e-info-item qodef-e-info-date entry-date\">\n\t<a itemprop=\"url\" href=\"https:\/\/www.mareallarco.com\/en\/2022\/05\/\">May 30, 2022<\/a>\n\t<meta itemprop=\"interactionCount\" content=\"UserComments: 0\"\/>\n<\/div>\t\t\t<\/div>\n\t\t\t<div class=\"qodef-e-text\">\n\t\t\t\t<h4 itemprop=\"name\" class=\"qodef-e-title entry-title\" >\n\t<a itemprop=\"url\" class=\"qodef-e-title-link\" href=\"https:\/\/www.mareallarco.com\/en\/le-100-chiese\/\">\n\t\tLe 100 chiese\t<\/a>\n<\/h4>\t\t<p itemprop=\"description\" class=\"qodef-e-excerpt\">G aeta \u00e8 una cittadina ricca di edifici religiosi, caratteristica questa che le ha fatto acquisire il nomigliolo di \u201ccitt\u00e0 dalle 100 Chiese\u201d anche se, in realt<\/p>\n\t\t\t\t<\/div>\n\t\t\t\t\t<\/div>\n\t<\/div>\n<\/article><article class=\"qodef-e qodef-blog-item swiper-slide qodef-item--full post-6774 post type-post status-publish format-standard has-post-thumbnail hentry category-escursioni\">\n\t<div class=\"qodef-e-inner\">\n\t\t<div class=\"qodef-e-media\">\n\t\t<div class=\"qodef-e-media-image\">\n\t\t<a itemprop=\"url\" href=\"https:\/\/www.mareallarco.com\/en\/le-7-spiagge\/\">\n\t\t\t<img loading=\"lazy\" decoding=\"async\" width=\"1921\" height=\"1100\" src=\"https:\/\/www.mareallarco.com\/wp-content\/uploads\/2022\/04\/serapo.jpg\" class=\"attachment-full size-full wp-post-image\" alt=\"\" srcset=\"https:\/\/www.mareallarco.com\/wp-content\/uploads\/2022\/04\/serapo.jpg 1921w, https:\/\/www.mareallarco.com\/wp-content\/uploads\/2022\/04\/serapo-300x172.jpg 300w, https:\/\/www.mareallarco.com\/wp-content\/uploads\/2022\/04\/serapo-1024x586.jpg 1024w, https:\/\/www.mareallarco.com\/wp-content\/uploads\/2022\/04\/serapo-768x440.jpg 768w, https:\/\/www.mareallarco.com\/wp-content\/uploads\/2022\/04\/serapo-1536x880.jpg 1536w, https:\/\/www.mareallarco.com\/wp-content\/uploads\/2022\/04\/serapo-600x344.jpg 600w\" sizes=\"auto, (max-width: 1921px) 100vw, 1921px\" \/>\t\t<\/a>\n\t<\/div>\n<\/div>\t\t<div class=\"qodef-e-content\">\n\t\t\t<div class=\"qodef-e-info qodef-info--top\">\n\t\t\t\t<div itemprop=\"dateCreated\" class=\"qodef-e-info-item qodef-e-info-date entry-date\">\n\t<a itemprop=\"url\" href=\"https:\/\/www.mareallarco.com\/en\/2022\/06\/\">June 9, 2022<\/a>\n\t<meta itemprop=\"interactionCount\" content=\"UserComments: 0\"\/>\n<\/div>\t\t\t<\/div>\n\t\t\t<div class=\"qodef-e-text\">\n\t\t\t\t<h4 itemprop=\"name\" class=\"qodef-e-title entry-title\" >\n\t<a itemprop=\"url\" class=\"qodef-e-title-link\" href=\"https:\/\/www.mareallarco.com\/en\/le-7-spiagge\/\">\n\t\tLe 7 spiagge\t<\/a>\n<\/h4>\t\t<p itemprop=\"description\" class=\"qodef-e-excerpt\">Spiaggia di Serapo E&#039; la spiaggia principale del comune di Gaeta, poco distante dal centro cittadino e dal borgo medievale alle pendici del Parco Naturale di Mo<\/p>\n\t\t\t\t<\/div>\n\t\t\t\t\t<\/div>\n\t<\/div>\n<\/article><article class=\"qodef-e qodef-blog-item swiper-slide qodef-item--full post-7037 post type-post status-publish format-standard has-post-thumbnail hentry category-escursioni category-news category-servizi\">\n\t<div class=\"qodef-e-inner\">\n\t\t<div class=\"qodef-e-media\">\n\t\t<div class=\"qodef-e-media-image\">\n\t\t<a itemprop=\"url\" href=\"https:\/\/www.mareallarco.com\/en\/percorsi-in-bicicletta-a-gaeta\/\">\n\t\t\t<img loading=\"lazy\" decoding=\"async\" width=\"275\" height=\"183\" src=\"https:\/\/www.mareallarco.com\/wp-content\/uploads\/2023\/06\/Senza-titolo-2.jpg\" class=\"attachment-full size-full wp-post-image\" alt=\"\" srcset=\"https:\/\/www.mareallarco.com\/wp-content\/uploads\/2023\/06\/Senza-titolo-2.jpg 275w, https:\/\/www.mareallarco.com\/wp-content\/uploads\/2023\/06\/Senza-titolo-2-18x12.jpg 18w\" sizes=\"auto, (max-width: 275px) 100vw, 275px\" \/>\t\t<\/a>\n\t<\/div>\n<\/div>\t\t<div class=\"qodef-e-content\">\n\t\t\t<div class=\"qodef-e-info qodef-info--top\">\n\t\t\t\t<div itemprop=\"dateCreated\" class=\"qodef-e-info-item qodef-e-info-date entry-date\">\n\t<a itemprop=\"url\" href=\"https:\/\/www.mareallarco.com\/en\/2023\/06\/\">June 14, 2023<\/a>\n\t<meta itemprop=\"interactionCount\" content=\"UserComments: 0\"\/>\n<\/div>\t\t\t<\/div>\n\t\t\t<div class=\"qodef-e-text\">\n\t\t\t\t<h4 itemprop=\"name\" class=\"qodef-e-title entry-title\" >\n\t<a itemprop=\"url\" class=\"qodef-e-title-link\" href=\"https:\/\/www.mareallarco.com\/en\/percorsi-in-bicicletta-a-gaeta\/\">\n\t\tPercorsi in bicicletta a Gaeta!\t<\/a>\n<\/h4>\t\t<p itemprop=\"description\" class=\"qodef-e-excerpt\">Scopri l&#8217;incanto di Gaeta in sella alla tua bici! Pedala lungo i diversi percorsi ciclistici presenti e lasciati stupire dalla bellezza mozzafiato del nostro t<\/p>\n\t\t\t\t<\/div>\n\t\t\t\t\t<\/div>\n\t<\/div>\n<\/article><article class=\"qodef-e qodef-blog-item swiper-slide qodef-item--full post-7090 post type-post status-publish format-standard has-post-thumbnail hentry category-escursioni category-news category-servizi\">\n\t<div class=\"qodef-e-inner\">\n\t\t<div class=\"qodef-e-media\">\n\t\t<div class=\"qodef-e-media-image\">\n\t\t<a itemprop=\"url\" href=\"https:\/\/www.mareallarco.com\/en\/blu-il-clima-della-cultura-svelato-il-titolo-del-dossier-per-la-candidatura-di-gaeta-a-capitale-italiana-della-cultura-2026\/\">\n\t\t\t<img loading=\"lazy\" decoding=\"async\" width=\"2048\" height=\"1165\" src=\"https:\/\/www.mareallarco.com\/wp-content\/uploads\/2023\/09\/Blu-il-clima-della-cultura-svelato-il-titolo-del-dossier-per-la-candidatura-di-Gaeta-a-Capitale-Italiana-della-Cultura-2026.jpg\" class=\"attachment-full size-full wp-post-image\" alt=\"\" srcset=\"https:\/\/www.mareallarco.com\/wp-content\/uploads\/2023\/09\/Blu-il-clima-della-cultura-svelato-il-titolo-del-dossier-per-la-candidatura-di-Gaeta-a-Capitale-Italiana-della-Cultura-2026.jpg 2048w, https:\/\/www.mareallarco.com\/wp-content\/uploads\/2023\/09\/Blu-il-clima-della-cultura-svelato-il-titolo-del-dossier-per-la-candidatura-di-Gaeta-a-Capitale-Italiana-della-Cultura-2026-300x171.jpg 300w, https:\/\/www.mareallarco.com\/wp-content\/uploads\/2023\/09\/Blu-il-clima-della-cultura-svelato-il-titolo-del-dossier-per-la-candidatura-di-Gaeta-a-Capitale-Italiana-della-Cultura-2026-1024x583.jpg 1024w, https:\/\/www.mareallarco.com\/wp-content\/uploads\/2023\/09\/Blu-il-clima-della-cultura-svelato-il-titolo-del-dossier-per-la-candidatura-di-Gaeta-a-Capitale-Italiana-della-Cultura-2026-768x437.jpg 768w, https:\/\/www.mareallarco.com\/wp-content\/uploads\/2023\/09\/Blu-il-clima-della-cultura-svelato-il-titolo-del-dossier-per-la-candidatura-di-Gaeta-a-Capitale-Italiana-della-Cultura-2026-1536x874.jpg 1536w, https:\/\/www.mareallarco.com\/wp-content\/uploads\/2023\/09\/Blu-il-clima-della-cultura-svelato-il-titolo-del-dossier-per-la-candidatura-di-Gaeta-a-Capitale-Italiana-della-Cultura-2026-18x10.jpg 18w, https:\/\/www.mareallarco.com\/wp-content\/uploads\/2023\/09\/Blu-il-clima-della-cultura-svelato-il-titolo-del-dossier-per-la-candidatura-di-Gaeta-a-Capitale-Italiana-della-Cultura-2026-600x341.jpg 600w\" sizes=\"auto, (max-width: 2048px) 100vw, 2048px\" \/>\t\t<\/a>\n\t<\/div>\n<\/div>\t\t<div class=\"qodef-e-content\">\n\t\t\t<div class=\"qodef-e-info qodef-info--top\">\n\t\t\t\t<div itemprop=\"dateCreated\" class=\"qodef-e-info-item qodef-e-info-date entry-date\">\n\t<a itemprop=\"url\" href=\"https:\/\/www.mareallarco.com\/en\/2023\/09\/\">September 29, 2023<\/a>\n\t<meta itemprop=\"interactionCount\" content=\"UserComments: 0\"\/>\n<\/div>\t\t\t<\/div>\n\t\t\t<div class=\"qodef-e-text\">\n\t\t\t\t<h4 itemprop=\"name\" class=\"qodef-e-title entry-title\" >\n\t<a itemprop=\"url\" class=\"qodef-e-title-link\" href=\"https:\/\/www.mareallarco.com\/en\/blu-il-clima-della-cultura-svelato-il-titolo-del-dossier-per-la-candidatura-di-gaeta-a-capitale-italiana-della-cultura-2026\/\">\n\t\t&#8220;Blu: il Clima della Cultura&#8221;: svelato il titolo del dossier per la candidatura di Gaeta a Capitale Italiana della Cultura 2026\t<\/a>\n<\/h4>\t\t<p itemprop=\"description\" class=\"qodef-e-excerpt\">Blu, come la profondit\u00e0 del mare. Blu, come l\u2019immensit\u00e0 del cielo. Blu, come il Clima della Cultura. Ad un mese dal termine previsto dal Ministero della Cultura <\/p>\n\t\t\t\t<\/div>\n\t\t\t\t\t<\/div>\n\t<\/div>\n<\/article><article class=\"qodef-e qodef-blog-item swiper-slide qodef-item--full post-7133 post type-post status-publish format-standard has-post-thumbnail hentry category-escursioni category-news category-servizi\">\n\t<div class=\"qodef-e-inner\">\n\t\t<div class=\"qodef-e-media\">\n\t\t<div class=\"qodef-e-media-image\">\n\t\t<a itemprop=\"url\" href=\"https:\/\/www.mareallarco.com\/en\/gaeta-citta-della-cultura\/\">\n\t\t\t<img loading=\"lazy\" decoding=\"async\" width=\"1080\" height=\"1417\" src=\"https:\/\/www.mareallarco.com\/wp-content\/uploads\/2024\/03\/GAETA-CITTA-DELLA-CULTURA-FOTO-1.jpg\" class=\"attachment-full size-full wp-post-image\" alt=\"\" srcset=\"https:\/\/www.mareallarco.com\/wp-content\/uploads\/2024\/03\/GAETA-CITTA-DELLA-CULTURA-FOTO-1.jpg 1080w, https:\/\/www.mareallarco.com\/wp-content\/uploads\/2024\/03\/GAETA-CITTA-DELLA-CULTURA-FOTO-1-229x300.jpg 229w, https:\/\/www.mareallarco.com\/wp-content\/uploads\/2024\/03\/GAETA-CITTA-DELLA-CULTURA-FOTO-1-780x1024.jpg 780w, https:\/\/www.mareallarco.com\/wp-content\/uploads\/2024\/03\/GAETA-CITTA-DELLA-CULTURA-FOTO-1-768x1008.jpg 768w, https:\/\/www.mareallarco.com\/wp-content\/uploads\/2024\/03\/GAETA-CITTA-DELLA-CULTURA-FOTO-1-9x12.jpg 9w, https:\/\/www.mareallarco.com\/wp-content\/uploads\/2024\/03\/GAETA-CITTA-DELLA-CULTURA-FOTO-1-600x787.jpg 600w\" sizes=\"auto, (max-width: 1080px) 100vw, 1080px\" \/>\t\t<\/a>\n\t<\/div>\n<\/div>\t\t<div class=\"qodef-e-content\">\n\t\t\t<div class=\"qodef-e-info qodef-info--top\">\n\t\t\t\t<div itemprop=\"dateCreated\" class=\"qodef-e-info-item qodef-e-info-date entry-date\">\n\t<a itemprop=\"url\" href=\"https:\/\/www.mareallarco.com\/en\/2024\/03\/\">March 1, 2024<\/a>\n\t<meta itemprop=\"interactionCount\" content=\"UserComments: 0\"\/>\n<\/div>\t\t\t<\/div>\n\t\t\t<div class=\"qodef-e-text\">\n\t\t\t\t<h4 itemprop=\"name\" class=\"qodef-e-title entry-title\" >\n\t<a itemprop=\"url\" class=\"qodef-e-title-link\" href=\"https:\/\/www.mareallarco.com\/en\/gaeta-citta-della-cultura\/\">\n\t\tGaeta Citt\u00e0 della Cultura\t<\/a>\n<\/h4>\t\t<p itemprop=\"description\" class=\"qodef-e-excerpt\">APERTURE MONUMENTI E SITI DI INTERESSE*-DA GENNAIO AD APRILE 2024 Auditorium Santa Lucia-(Ex Chiesa di S. Lucia, gia\u2019 S. Maria in Pensulis), Via Ladislao Prima e t<\/p>\n\t\t\t\t<\/div>\n\t\t\t\t\t<\/div>\n\t<\/div>\n<\/article><article class=\"qodef-e qodef-blog-item swiper-slide qodef-item--full post-7136 post type-post status-publish format-standard has-post-thumbnail hentry category-escursioni category-news category-servizi\">\n\t<div class=\"qodef-e-inner\">\n\t\t<div class=\"qodef-e-media\">\n\t\t<div class=\"qodef-e-media-image\">\n\t\t<a itemprop=\"url\" href=\"https:\/\/www.mareallarco.com\/en\/passeggiate-dinverno-a-gaeta\/\">\n\t\t\t<img loading=\"lazy\" decoding=\"async\" width=\"679\" height=\"960\" src=\"https:\/\/www.mareallarco.com\/wp-content\/uploads\/2024\/03\/Passeggiate-dinverno.jpg\" class=\"attachment-full size-full wp-post-image\" alt=\"\" srcset=\"https:\/\/www.mareallarco.com\/wp-content\/uploads\/2024\/03\/Passeggiate-dinverno.jpg 679w, https:\/\/www.mareallarco.com\/wp-content\/uploads\/2024\/03\/Passeggiate-dinverno-212x300.jpg 212w, https:\/\/www.mareallarco.com\/wp-content\/uploads\/2024\/03\/Passeggiate-dinverno-8x12.jpg 8w, https:\/\/www.mareallarco.com\/wp-content\/uploads\/2024\/03\/Passeggiate-dinverno-600x848.jpg 600w\" sizes=\"auto, (max-width: 679px) 100vw, 679px\" \/>\t\t<\/a>\n\t<\/div>\n<\/div>\t\t<div class=\"qodef-e-content\">\n\t\t\t<div class=\"qodef-e-info qodef-info--top\">\n\t\t\t\t<div itemprop=\"dateCreated\" class=\"qodef-e-info-item qodef-e-info-date entry-date\">\n\t<a itemprop=\"url\" href=\"https:\/\/www.mareallarco.com\/en\/2024\/03\/\">March 1, 2024<\/a>\n\t<meta itemprop=\"interactionCount\" content=\"UserComments: 0\"\/>\n<\/div>\t\t\t<\/div>\n\t\t\t<div class=\"qodef-e-text\">\n\t\t\t\t<h4 itemprop=\"name\" class=\"qodef-e-title entry-title\" >\n\t<a itemprop=\"url\" class=\"qodef-e-title-link\" href=\"https:\/\/www.mareallarco.com\/en\/passeggiate-dinverno-a-gaeta\/\">\n\t\tPasseggiate d&#8217;inverno a Gaeta\t<\/a>\n<\/h4>\t\t\t<\/div>\n\t\t\t\t\t<\/div>\n\t<\/div>\n<\/article><article class=\"qodef-e qodef-blog-item swiper-slide qodef-item--full post-7140 post type-post status-publish format-standard has-post-thumbnail hentry category-escursioni category-gite-in-barca category-news category-servizi\">\n\t<div class=\"qodef-e-inner\">\n\t\t<div class=\"qodef-e-media\">\n\t\t<div class=\"qodef-e-media-image\">\n\t\t<a itemprop=\"url\" href=\"https:\/\/www.mareallarco.com\/en\/luoghi-turistici-da-visitare-a-gaeta\/\">\n\t\t\t<img loading=\"lazy\" decoding=\"async\" width=\"612\" height=\"400\" src=\"https:\/\/www.mareallarco.com\/wp-content\/uploads\/2024\/04\/Gaeta.jpg\" class=\"attachment-full size-full wp-post-image\" alt=\"\" srcset=\"https:\/\/www.mareallarco.com\/wp-content\/uploads\/2024\/04\/Gaeta.jpg 612w, https:\/\/www.mareallarco.com\/wp-content\/uploads\/2024\/04\/Gaeta-300x196.jpg 300w, https:\/\/www.mareallarco.com\/wp-content\/uploads\/2024\/04\/Gaeta-18x12.jpg 18w, https:\/\/www.mareallarco.com\/wp-content\/uploads\/2024\/04\/Gaeta-600x392.jpg 600w\" sizes=\"auto, (max-width: 612px) 100vw, 612px\" \/>\t\t<\/a>\n\t<\/div>\n<\/div>\t\t<div class=\"qodef-e-content\">\n\t\t\t<div class=\"qodef-e-info qodef-info--top\">\n\t\t\t\t<div itemprop=\"dateCreated\" class=\"qodef-e-info-item qodef-e-info-date entry-date\">\n\t<a itemprop=\"url\" href=\"https:\/\/www.mareallarco.com\/en\/2024\/04\/\">April 7, 2024<\/a>\n\t<meta itemprop=\"interactionCount\" content=\"UserComments: 0\"\/>\n<\/div>\t\t\t<\/div>\n\t\t\t<div class=\"qodef-e-text\">\n\t\t\t\t<h4 itemprop=\"name\" class=\"qodef-e-title entry-title\" >\n\t<a itemprop=\"url\" class=\"qodef-e-title-link\" href=\"https:\/\/www.mareallarco.com\/en\/luoghi-turistici-da-visitare-a-gaeta\/\">\n\t\tLuoghi turistici da visitare a Gaeta\t<\/a>\n<\/h4>\t\t<p itemprop=\"description\" class=\"qodef-e-excerpt\">Buongiorno ai miei carissimi ospiti. Ecco alcuni dei principali luoghi turistici da visitare a Gaeta: Monte Orlando: Questo promontorio offre panorami mozzafiato sul<\/p>\n\t\t\t\t<\/div>\n\t\t\t\t\t<\/div>\n\t<\/div>\n<\/article><article class=\"qodef-e qodef-blog-item swiper-slide qodef-item--full post-7143 post type-post status-publish format-standard has-post-thumbnail hentry category-escursioni category-news category-servizi\">\n\t<div class=\"qodef-e-inner\">\n\t\t<div class=\"qodef-e-media\">\n\t\t<div class=\"qodef-e-media-image\">\n\t\t<a itemprop=\"url\" href=\"https:\/\/www.mareallarco.com\/en\/i-migliori-ristoranti-a-gaeta\/\">\n\t\t\t<img loading=\"lazy\" decoding=\"async\" width=\"680\" height=\"510\" src=\"https:\/\/www.mareallarco.com\/wp-content\/uploads\/2024\/04\/Cucina-gaetana.jpg\" class=\"attachment-full size-full wp-post-image\" alt=\"\" srcset=\"https:\/\/www.mareallarco.com\/wp-content\/uploads\/2024\/04\/Cucina-gaetana.jpg 680w, https:\/\/www.mareallarco.com\/wp-content\/uploads\/2024\/04\/Cucina-gaetana-300x225.jpg 300w, https:\/\/www.mareallarco.com\/wp-content\/uploads\/2024\/04\/Cucina-gaetana-16x12.jpg 16w, https:\/\/www.mareallarco.com\/wp-content\/uploads\/2024\/04\/Cucina-gaetana-600x450.jpg 600w\" sizes=\"auto, (max-width: 680px) 100vw, 680px\" \/>\t\t<\/a>\n\t<\/div>\n<\/div>\t\t<div class=\"qodef-e-content\">\n\t\t\t<div class=\"qodef-e-info qodef-info--top\">\n\t\t\t\t<div itemprop=\"dateCreated\" class=\"qodef-e-info-item qodef-e-info-date entry-date\">\n\t<a itemprop=\"url\" href=\"https:\/\/www.mareallarco.com\/en\/2024\/04\/\">April 7, 2024<\/a>\n\t<meta itemprop=\"interactionCount\" content=\"UserComments: 0\"\/>\n<\/div>\t\t\t<\/div>\n\t\t\t<div class=\"qodef-e-text\">\n\t\t\t\t<h4 itemprop=\"name\" class=\"qodef-e-title entry-title\" >\n\t<a itemprop=\"url\" class=\"qodef-e-title-link\" href=\"https:\/\/www.mareallarco.com\/en\/i-migliori-ristoranti-a-gaeta\/\">\n\t\tI migliori ristoranti a Gaeta.\t<\/a>\n<\/h4>\t\t<p itemprop=\"description\" class=\"qodef-e-excerpt\">Ecco alcuni dei migliori ristoranti a Gaeta, dove puoi gustare piatti della cucina locale e internazionale: Questi ristoranti rappresentano solo una piccola selezion<\/p>\n\t\t\t\t<\/div>\n\t\t\t\t\t<\/div>\n\t<\/div>\n<\/article><article class=\"qodef-e qodef-blog-item swiper-slide qodef-item--full post-7147 post type-post status-publish format-standard has-post-thumbnail hentry category-escursioni category-news category-servizi\">\n\t<div class=\"qodef-e-inner\">\n\t\t<div class=\"qodef-e-media\">\n\t\t<div class=\"qodef-e-media-image\">\n\t\t<a itemprop=\"url\" href=\"https:\/\/www.mareallarco.com\/en\/le-migliori-case-vacanze-a-gaeta-per-famiglie\/\">\n\t\t\t<img loading=\"lazy\" decoding=\"async\" width=\"687\" height=\"386\" src=\"https:\/\/www.mareallarco.com\/wp-content\/uploads\/2024\/04\/viaggiatori.jpg\" class=\"attachment-full size-full wp-post-image\" alt=\"\" srcset=\"https:\/\/www.mareallarco.com\/wp-content\/uploads\/2024\/04\/viaggiatori.jpg 687w, https:\/\/www.mareallarco.com\/wp-content\/uploads\/2024\/04\/viaggiatori-300x169.jpg 300w, https:\/\/www.mareallarco.com\/wp-content\/uploads\/2024\/04\/viaggiatori-18x10.jpg 18w, https:\/\/www.mareallarco.com\/wp-content\/uploads\/2024\/04\/viaggiatori-600x337.jpg 600w\" sizes=\"auto, (max-width: 687px) 100vw, 687px\" \/>\t\t<\/a>\n\t<\/div>\n<\/div>\t\t<div class=\"qodef-e-content\">\n\t\t\t<div class=\"qodef-e-info qodef-info--top\">\n\t\t\t\t<div itemprop=\"dateCreated\" class=\"qodef-e-info-item qodef-e-info-date entry-date\">\n\t<a itemprop=\"url\" href=\"https:\/\/www.mareallarco.com\/en\/2024\/04\/\">April 7, 2024<\/a>\n\t<meta itemprop=\"interactionCount\" content=\"UserComments: 0\"\/>\n<\/div>\t\t\t<\/div>\n\t\t\t<div class=\"qodef-e-text\">\n\t\t\t\t<h4 itemprop=\"name\" class=\"qodef-e-title entry-title\" >\n\t<a itemprop=\"url\" class=\"qodef-e-title-link\" href=\"https:\/\/www.mareallarco.com\/en\/le-migliori-case-vacanze-a-gaeta-per-famiglie\/\">\n\t\tCome scegliere la casa vacanza perfetta a Gaeta.\t<\/a>\n<\/h4>\t\t<p itemprop=\"description\" class=\"qodef-e-excerpt\">Buongiorno miei carissimi viaggiatori, come state? Ricordatevi sempre che: La propria destinazione non \u00e8 mai un luogo, ma un nuovo modo di vedere le cose. Oggi vi s<\/p>\n\t\t\t\t<\/div>\n\t\t\t\t\t<\/div>\n\t<\/div>\n<\/article><article class=\"qodef-e qodef-blog-item swiper-slide qodef-item--full post-7151 post type-post status-publish format-standard has-post-thumbnail hentry category-escursioni category-news category-servizi\">\n\t<div class=\"qodef-e-inner\">\n\t\t<div class=\"qodef-e-media\">\n\t\t<div class=\"qodef-e-media-image\">\n\t\t<a itemprop=\"url\" href=\"https:\/\/www.mareallarco.com\/en\/le-piu-belle-spiaggie-di-gaeta\/\">\n\t\t\t<img loading=\"lazy\" decoding=\"async\" width=\"1200\" height=\"682\" src=\"https:\/\/www.mareallarco.com\/wp-content\/uploads\/2023\/06\/Gaeta_Medievale.jpg\" class=\"attachment-full size-full wp-post-image\" alt=\"\" srcset=\"https:\/\/www.mareallarco.com\/wp-content\/uploads\/2023\/06\/Gaeta_Medievale.jpg 1200w, https:\/\/www.mareallarco.com\/wp-content\/uploads\/2023\/06\/Gaeta_Medievale-300x171.jpg 300w, https:\/\/www.mareallarco.com\/wp-content\/uploads\/2023\/06\/Gaeta_Medievale-1024x582.jpg 1024w, https:\/\/www.mareallarco.com\/wp-content\/uploads\/2023\/06\/Gaeta_Medievale-768x436.jpg 768w, https:\/\/www.mareallarco.com\/wp-content\/uploads\/2023\/06\/Gaeta_Medievale-18x10.jpg 18w, https:\/\/www.mareallarco.com\/wp-content\/uploads\/2023\/06\/Gaeta_Medievale-600x341.jpg 600w\" sizes=\"auto, (max-width: 1200px) 100vw, 1200px\" \/>\t\t<\/a>\n\t<\/div>\n<\/div>\t\t<div class=\"qodef-e-content\">\n\t\t\t<div class=\"qodef-e-info qodef-info--top\">\n\t\t\t\t<div itemprop=\"dateCreated\" class=\"qodef-e-info-item qodef-e-info-date entry-date\">\n\t<a itemprop=\"url\" href=\"https:\/\/www.mareallarco.com\/en\/2024\/04\/\">April 7, 2024<\/a>\n\t<meta itemprop=\"interactionCount\" content=\"UserComments: 0\"\/>\n<\/div>\t\t\t<\/div>\n\t\t\t<div class=\"qodef-e-text\">\n\t\t\t\t<h4 itemprop=\"name\" class=\"qodef-e-title entry-title\" >\n\t<a itemprop=\"url\" class=\"qodef-e-title-link\" href=\"https:\/\/www.mareallarco.com\/en\/le-piu-belle-spiaggie-di-gaeta\/\">\n\t\tLe pi\u00f9 belle spiagge di Gaeta.\t<\/a>\n<\/h4>\t\t<p itemprop=\"description\" class=\"qodef-e-excerpt\">Buongiorno carissimi viaggiatori. Il Dalai Lama disse: &#8220;Una volta l\u2019anno, vai in un posto dove non sei mai stato prima\u201d. Gaeta \u00e8 rinomata per le sue belle<\/p>\n\t\t\t\t<\/div>\n\t\t\t\t\t<\/div>\n\t<\/div>\n<\/article><article class=\"qodef-e qodef-blog-item swiper-slide qodef-item--full post-7158 post type-post status-publish format-standard has-post-thumbnail hentry category-escursioni category-news category-servizi\">\n\t<div class=\"qodef-e-inner\">\n\t\t<div class=\"qodef-e-media\">\n\t\t<div class=\"qodef-e-media-image\">\n\t\t<a itemprop=\"url\" href=\"https:\/\/www.mareallarco.com\/en\/dove-dormire-a-gaeta\/\">\n\t\t\t<img loading=\"lazy\" decoding=\"async\" width=\"1242\" height=\"686\" src=\"https:\/\/www.mareallarco.com\/wp-content\/uploads\/2023\/06\/IMG_4218.jpg\" class=\"attachment-full size-full wp-post-image\" alt=\"\" srcset=\"https:\/\/www.mareallarco.com\/wp-content\/uploads\/2023\/06\/IMG_4218.jpg 1242w, https:\/\/www.mareallarco.com\/wp-content\/uploads\/2023\/06\/IMG_4218-300x166.jpg 300w, https:\/\/www.mareallarco.com\/wp-content\/uploads\/2023\/06\/IMG_4218-1024x566.jpg 1024w, https:\/\/www.mareallarco.com\/wp-content\/uploads\/2023\/06\/IMG_4218-768x424.jpg 768w, https:\/\/www.mareallarco.com\/wp-content\/uploads\/2023\/06\/IMG_4218-18x10.jpg 18w, https:\/\/www.mareallarco.com\/wp-content\/uploads\/2023\/06\/IMG_4218-600x331.jpg 600w\" sizes=\"auto, (max-width: 1242px) 100vw, 1242px\" \/>\t\t<\/a>\n\t<\/div>\n<\/div>\t\t<div class=\"qodef-e-content\">\n\t\t\t<div class=\"qodef-e-info qodef-info--top\">\n\t\t\t\t<div itemprop=\"dateCreated\" class=\"qodef-e-info-item qodef-e-info-date entry-date\">\n\t<a itemprop=\"url\" href=\"https:\/\/www.mareallarco.com\/en\/2024\/04\/\">April 12, 2024<\/a>\n\t<meta itemprop=\"interactionCount\" content=\"UserComments: 0\"\/>\n<\/div>\t\t\t<\/div>\n\t\t\t<div class=\"qodef-e-text\">\n\t\t\t\t<h4 itemprop=\"name\" class=\"qodef-e-title entry-title\" >\n\t<a itemprop=\"url\" class=\"qodef-e-title-link\" href=\"https:\/\/www.mareallarco.com\/en\/dove-dormire-a-gaeta\/\">\n\t\tDove dormire a Gaeta.\t<\/a>\n<\/h4>\t\t<p itemprop=\"description\" class=\"qodef-e-excerpt\">Buona giornata viaggiatori. Dopo una intensa giornata trascorsa tra le bellezze della nostra cittadina, non resta altro che fermarsi&#8230;. e riposarsi. Gaeta \u00e8 un<\/p>\n\t\t\t\t<\/div>\n\t\t\t\t\t<\/div>\n\t<\/div>\n<\/article><article class=\"qodef-e qodef-blog-item swiper-slide qodef-item--full post-7161 post type-post status-publish format-standard has-post-thumbnail hentry category-escursioni category-gite-in-barca category-news category-servizi\">\n\t<div class=\"qodef-e-inner\">\n\t\t<div class=\"qodef-e-media\">\n\t\t<div class=\"qodef-e-media-image\">\n\t\t<a itemprop=\"url\" href=\"https:\/\/www.mareallarco.com\/en\/attivita-allaperto-a-gaeta\/\">\n\t\t\t<img loading=\"lazy\" decoding=\"async\" width=\"800\" height=\"530\" src=\"https:\/\/www.mareallarco.com\/wp-content\/uploads\/2022\/05\/barca-02.jpg\" class=\"attachment-full size-full wp-post-image\" alt=\"\" srcset=\"https:\/\/www.mareallarco.com\/wp-content\/uploads\/2022\/05\/barca-02.jpg 800w, https:\/\/www.mareallarco.com\/wp-content\/uploads\/2022\/05\/barca-02-300x199.jpg 300w, https:\/\/www.mareallarco.com\/wp-content\/uploads\/2022\/05\/barca-02-768x509.jpg 768w, https:\/\/www.mareallarco.com\/wp-content\/uploads\/2022\/05\/barca-02-600x398.jpg 600w\" sizes=\"auto, (max-width: 800px) 100vw, 800px\" \/>\t\t<\/a>\n\t<\/div>\n<\/div>\t\t<div class=\"qodef-e-content\">\n\t\t\t<div class=\"qodef-e-info qodef-info--top\">\n\t\t\t\t<div itemprop=\"dateCreated\" class=\"qodef-e-info-item qodef-e-info-date entry-date\">\n\t<a itemprop=\"url\" href=\"https:\/\/www.mareallarco.com\/en\/2024\/04\/\">April 16, 2024<\/a>\n\t<meta itemprop=\"interactionCount\" content=\"UserComments: 0\"\/>\n<\/div>\t\t\t<\/div>\n\t\t\t<div class=\"qodef-e-text\">\n\t\t\t\t<h4 itemprop=\"name\" class=\"qodef-e-title entry-title\" >\n\t<a itemprop=\"url\" class=\"qodef-e-title-link\" href=\"https:\/\/www.mareallarco.com\/en\/attivita-allaperto-a-gaeta\/\">\n\t\tAttivit\u00e0 all&#8217;aperto a Gaeta.\t<\/a>\n<\/h4>\t\t<p itemprop=\"description\" class=\"qodef-e-excerpt\">Buongiorno a tutti i miei cari viaggiatori. e come diceva Lamartine &#8220;I viaggiatori sono quelli che lasciano le loro convinzioni a casa, i turisti no\u201d. Oggi v<\/p>\n\t\t\t\t<\/div>\n\t\t\t\t\t<\/div>\n\t<\/div>\n<\/article><article class=\"qodef-e qodef-blog-item swiper-slide qodef-item--full post-7165 post type-post status-publish format-standard has-post-thumbnail hentry category-escursioni category-news category-servizi\">\n\t<div class=\"qodef-e-inner\">\n\t\t<div class=\"qodef-e-media\">\n\t\t<div class=\"qodef-e-media-image\">\n\t\t<a itemprop=\"url\" href=\"https:\/\/www.mareallarco.com\/en\/castello-angioino-2024-orario-aperture-al-pubblico\/\">\n\t\t\t<img loading=\"lazy\" decoding=\"async\" width=\"500\" height=\"375\" src=\"https:\/\/www.mareallarco.com\/wp-content\/uploads\/2023\/05\/Castello.jpg\" class=\"attachment-full size-full wp-post-image\" alt=\"\" srcset=\"https:\/\/www.mareallarco.com\/wp-content\/uploads\/2023\/05\/Castello.jpg 500w, https:\/\/www.mareallarco.com\/wp-content\/uploads\/2023\/05\/Castello-300x225.jpg 300w, https:\/\/www.mareallarco.com\/wp-content\/uploads\/2023\/05\/Castello-16x12.jpg 16w\" sizes=\"auto, (max-width: 500px) 100vw, 500px\" \/>\t\t<\/a>\n\t<\/div>\n<\/div>\t\t<div class=\"qodef-e-content\">\n\t\t\t<div class=\"qodef-e-info qodef-info--top\">\n\t\t\t\t<div itemprop=\"dateCreated\" class=\"qodef-e-info-item qodef-e-info-date entry-date\">\n\t<a itemprop=\"url\" href=\"https:\/\/www.mareallarco.com\/en\/2024\/04\/\">April 16, 2024<\/a>\n\t<meta itemprop=\"interactionCount\" content=\"UserComments: 0\"\/>\n<\/div>\t\t\t<\/div>\n\t\t\t<div class=\"qodef-e-text\">\n\t\t\t\t<h4 itemprop=\"name\" class=\"qodef-e-title entry-title\" >\n\t<a itemprop=\"url\" class=\"qodef-e-title-link\" href=\"https:\/\/www.mareallarco.com\/en\/castello-angioino-2024-orario-aperture-al-pubblico\/\">\n\t\tCASTELLO ANGIOINO &#8211; orario aperture al pubblico-\t<\/a>\n<\/h4>\t\t<p itemprop=\"description\" class=\"qodef-e-excerpt\">Per tutti i nostri viaggiatori, Vi informo che sar\u00e0 possibile visitare l&#8217;ex carcere militare di Gaeta sito nei locali dell&#8217;antico Castello Angioino. Di <\/p>\n\t\t\t\t<\/div>\n\t\t\t\t\t<\/div>\n\t<\/div>\n<\/article><article class=\"qodef-e qodef-blog-item swiper-slide qodef-item--full post-7172 post type-post status-publish format-standard has-post-thumbnail hentry category-escursioni category-news category-servizi\">\n\t<div class=\"qodef-e-inner\">\n\t\t<div class=\"qodef-e-media\">\n\t\t<div class=\"qodef-e-media-image\">\n\t\t<a itemprop=\"url\" href=\"https:\/\/www.mareallarco.com\/en\/santuario-ss-trinita-alla-montagna-spaccata-di-gaeta\/\">\n\t\t\t<img loading=\"lazy\" decoding=\"async\" width=\"800\" height=\"585\" src=\"https:\/\/www.mareallarco.com\/wp-content\/uploads\/2022\/05\/montagna-spaccata-gaeta.jpg\" class=\"attachment-full size-full wp-post-image\" alt=\"\" srcset=\"https:\/\/www.mareallarco.com\/wp-content\/uploads\/2022\/05\/montagna-spaccata-gaeta.jpg 800w, https:\/\/www.mareallarco.com\/wp-content\/uploads\/2022\/05\/montagna-spaccata-gaeta-300x219.jpg 300w, https:\/\/www.mareallarco.com\/wp-content\/uploads\/2022\/05\/montagna-spaccata-gaeta-768x562.jpg 768w, https:\/\/www.mareallarco.com\/wp-content\/uploads\/2022\/05\/montagna-spaccata-gaeta-600x439.jpg 600w\" sizes=\"auto, (max-width: 800px) 100vw, 800px\" \/>\t\t<\/a>\n\t<\/div>\n<\/div>\t\t<div class=\"qodef-e-content\">\n\t\t\t<div class=\"qodef-e-info qodef-info--top\">\n\t\t\t\t<div itemprop=\"dateCreated\" class=\"qodef-e-info-item qodef-e-info-date entry-date\">\n\t<a itemprop=\"url\" href=\"https:\/\/www.mareallarco.com\/en\/2024\/04\/\">April 16, 2024<\/a>\n\t<meta itemprop=\"interactionCount\" content=\"UserComments: 0\"\/>\n<\/div>\t\t\t<\/div>\n\t\t\t<div class=\"qodef-e-text\">\n\t\t\t\t<h4 itemprop=\"name\" class=\"qodef-e-title entry-title\" >\n\t<a itemprop=\"url\" class=\"qodef-e-title-link\" href=\"https:\/\/www.mareallarco.com\/en\/santuario-ss-trinita-alla-montagna-spaccata-di-gaeta\/\">\n\t\tSantuario SS Trinit\u00e0 alla Montagna Spaccata di Gaeta.\t<\/a>\n<\/h4>\t\t<p itemprop=\"description\" class=\"qodef-e-excerpt\">Santuario SS Trinit\u00e0 alla Montagna Spaccata di Gaeta. Orario estivo 2024 Santuario SS. Trinit\u00e0 alla Montagna Spaccata ORARIO ESTIVO 2024 Montagna Spaccata e Grotta<\/p>\n\t\t\t\t<\/div>\n\t\t\t\t\t<\/div>\n\t<\/div>\n<\/article><article class=\"qodef-e qodef-blog-item swiper-slide qodef-item--full post-7176 post type-post status-publish format-standard has-post-thumbnail hentry category-escursioni category-news category-servizi\">\n\t<div class=\"qodef-e-inner\">\n\t\t<div class=\"qodef-e-media\">\n\t\t<div class=\"qodef-e-media-image\">\n\t\t<a itemprop=\"url\" href=\"https:\/\/www.mareallarco.com\/en\/appartamenti-e-bb-a-gaeta-sul-mare\/\">\n\t\t\t<img loading=\"lazy\" decoding=\"async\" width=\"2047\" height=\"1191\" src=\"https:\/\/www.mareallarco.com\/wp-content\/uploads\/2023\/06\/30-Gaeta-Maedioevale.jpg\" class=\"attachment-full size-full wp-post-image\" alt=\"\" srcset=\"https:\/\/www.mareallarco.com\/wp-content\/uploads\/2023\/06\/30-Gaeta-Maedioevale.jpg 2047w, https:\/\/www.mareallarco.com\/wp-content\/uploads\/2023\/06\/30-Gaeta-Maedioevale-300x175.jpg 300w, https:\/\/www.mareallarco.com\/wp-content\/uploads\/2023\/06\/30-Gaeta-Maedioevale-1024x596.jpg 1024w, https:\/\/www.mareallarco.com\/wp-content\/uploads\/2023\/06\/30-Gaeta-Maedioevale-768x447.jpg 768w, https:\/\/www.mareallarco.com\/wp-content\/uploads\/2023\/06\/30-Gaeta-Maedioevale-1536x894.jpg 1536w, https:\/\/www.mareallarco.com\/wp-content\/uploads\/2023\/06\/30-Gaeta-Maedioevale-18x10.jpg 18w, https:\/\/www.mareallarco.com\/wp-content\/uploads\/2023\/06\/30-Gaeta-Maedioevale-600x349.jpg 600w\" sizes=\"auto, (max-width: 2047px) 100vw, 2047px\" \/>\t\t<\/a>\n\t<\/div>\n<\/div>\t\t<div class=\"qodef-e-content\">\n\t\t\t<div class=\"qodef-e-info qodef-info--top\">\n\t\t\t\t<div itemprop=\"dateCreated\" class=\"qodef-e-info-item qodef-e-info-date entry-date\">\n\t<a itemprop=\"url\" href=\"https:\/\/www.mareallarco.com\/en\/2024\/04\/\">April 17, 2024<\/a>\n\t<meta itemprop=\"interactionCount\" content=\"UserComments: 0\"\/>\n<\/div>\t\t\t<\/div>\n\t\t\t<div class=\"qodef-e-text\">\n\t\t\t\t<h4 itemprop=\"name\" class=\"qodef-e-title entry-title\" >\n\t<a itemprop=\"url\" class=\"qodef-e-title-link\" href=\"https:\/\/www.mareallarco.com\/en\/appartamenti-e-bb-a-gaeta-sul-mare\/\">\n\t\tAppartamenti e B&#038;B a Gaeta sul mare.\t<\/a>\n<\/h4>\t\t<p itemprop=\"description\" class=\"qodef-e-excerpt\">Perch\u00e9 scegliere un appartamento, casa vacanze o B&amp;b a Gaeta sul mare per la nostra prossima vacanza? Elementare Watson: \u00e8 la migliore soluzione tra un\u2019ospit<\/p>\n\t\t\t\t<\/div>\n\t\t\t\t\t<\/div>\n\t<\/div>\n<\/article><article class=\"qodef-e qodef-blog-item swiper-slide qodef-item--full post-7180 post type-post status-publish format-standard has-post-thumbnail hentry category-escursioni category-news category-servizi\">\n\t<div class=\"qodef-e-inner\">\n\t\t<div class=\"qodef-e-media\">\n\t\t<div class=\"qodef-e-media-image\">\n\t\t<a itemprop=\"url\" href=\"https:\/\/www.mareallarco.com\/en\/visite-guidate-ed-escursioni-centro-storico-di-gaeta-medievale\/\">\n\t\t\t<img loading=\"lazy\" decoding=\"async\" width=\"565\" height=\"372\" src=\"https:\/\/www.mareallarco.com\/wp-content\/uploads\/2024\/06\/gaeta-barche.jpg\" class=\"attachment-full size-full wp-post-image\" alt=\"\" srcset=\"https:\/\/www.mareallarco.com\/wp-content\/uploads\/2024\/06\/gaeta-barche.jpg 565w, https:\/\/www.mareallarco.com\/wp-content\/uploads\/2024\/06\/gaeta-barche-300x198.jpg 300w, https:\/\/www.mareallarco.com\/wp-content\/uploads\/2024\/06\/gaeta-barche-18x12.jpg 18w\" sizes=\"auto, (max-width: 565px) 100vw, 565px\" \/>\t\t<\/a>\n\t<\/div>\n<\/div>\t\t<div class=\"qodef-e-content\">\n\t\t\t<div class=\"qodef-e-info qodef-info--top\">\n\t\t\t\t<div itemprop=\"dateCreated\" class=\"qodef-e-info-item qodef-e-info-date entry-date\">\n\t<a itemprop=\"url\" href=\"https:\/\/www.mareallarco.com\/en\/2024\/06\/\">June 12, 2024<\/a>\n\t<meta itemprop=\"interactionCount\" content=\"UserComments: 0\"\/>\n<\/div>\t\t\t<\/div>\n\t\t\t<div class=\"qodef-e-text\">\n\t\t\t\t<h4 itemprop=\"name\" class=\"qodef-e-title entry-title\" >\n\t<a itemprop=\"url\" class=\"qodef-e-title-link\" href=\"https:\/\/www.mareallarco.com\/en\/visite-guidate-ed-escursioni-centro-storico-di-gaeta-medievale\/\">\n\t\tVisite guidate ed Escursioni: Centro Storico di Gaeta Medievale\t<\/a>\n<\/h4>\t\t<p itemprop=\"description\" class=\"qodef-e-excerpt\">Buongiorno miei cari viaggiatori e come diceva Lao Tzu \u201cUn buon viaggiatore non ha piani precisi, il suo scopo non \u00e8 arrivare\u201d Oggi vi volevo informare che nell<\/p>\n\t\t\t\t<\/div>\n\t\t\t\t\t<\/div>\n\t<\/div>\n<\/article><article class=\"qodef-e qodef-blog-item swiper-slide qodef-item--full post-7183 post type-post status-publish format-standard has-post-thumbnail hentry category-escursioni category-news category-servizi\">\n\t<div class=\"qodef-e-inner\">\n\t\t<div class=\"qodef-e-media\">\n\t\t<div class=\"qodef-e-media-image\">\n\t\t<a itemprop=\"url\" href=\"https:\/\/www.mareallarco.com\/en\/tradizioni-e-folklore-a-gaeta\/\">\n\t\t\t<img loading=\"lazy\" decoding=\"async\" width=\"1200\" height=\"800\" src=\"https:\/\/www.mareallarco.com\/wp-content\/uploads\/2024\/06\/HD-Video-Il-Sciuscio-di-Baffone-Gaeta-Comunicato-Stampa.jpg\" class=\"attachment-full size-full wp-post-image\" alt=\"\" srcset=\"https:\/\/www.mareallarco.com\/wp-content\/uploads\/2024\/06\/HD-Video-Il-Sciuscio-di-Baffone-Gaeta-Comunicato-Stampa.jpg 1200w, https:\/\/www.mareallarco.com\/wp-content\/uploads\/2024\/06\/HD-Video-Il-Sciuscio-di-Baffone-Gaeta-Comunicato-Stampa-300x200.jpg 300w, https:\/\/www.mareallarco.com\/wp-content\/uploads\/2024\/06\/HD-Video-Il-Sciuscio-di-Baffone-Gaeta-Comunicato-Stampa-1024x683.jpg 1024w, https:\/\/www.mareallarco.com\/wp-content\/uploads\/2024\/06\/HD-Video-Il-Sciuscio-di-Baffone-Gaeta-Comunicato-Stampa-768x512.jpg 768w, https:\/\/www.mareallarco.com\/wp-content\/uploads\/2024\/06\/HD-Video-Il-Sciuscio-di-Baffone-Gaeta-Comunicato-Stampa-18x12.jpg 18w, https:\/\/www.mareallarco.com\/wp-content\/uploads\/2024\/06\/HD-Video-Il-Sciuscio-di-Baffone-Gaeta-Comunicato-Stampa-600x400.jpg 600w\" sizes=\"auto, (max-width: 1200px) 100vw, 1200px\" \/>\t\t<\/a>\n\t<\/div>\n<\/div>\t\t<div class=\"qodef-e-content\">\n\t\t\t<div class=\"qodef-e-info qodef-info--top\">\n\t\t\t\t<div itemprop=\"dateCreated\" class=\"qodef-e-info-item qodef-e-info-date entry-date\">\n\t<a itemprop=\"url\" href=\"https:\/\/www.mareallarco.com\/en\/2024\/06\/\">June 12, 2024<\/a>\n\t<meta itemprop=\"interactionCount\" content=\"UserComments: 0\"\/>\n<\/div>\t\t\t<\/div>\n\t\t\t<div class=\"qodef-e-text\">\n\t\t\t\t<h4 itemprop=\"name\" class=\"qodef-e-title entry-title\" >\n\t<a itemprop=\"url\" class=\"qodef-e-title-link\" href=\"https:\/\/www.mareallarco.com\/en\/tradizioni-e-folklore-a-gaeta\/\">\n\t\tTradizioni e Folklore a Gaeta!\t<\/a>\n<\/h4>\t\t<p itemprop=\"description\" class=\"qodef-e-excerpt\">Gaeta \u00e8 ricca di tradizioni e alcune manifestazioni folcloristiche, che non hanno uguali nei paesi limitrofi. Le usanze ed i costumi delle feste di Natale e del pri<\/p>\n\t\t\t\t<\/div>\n\t\t\t\t\t<\/div>\n\t<\/div>\n<\/article><article class=\"qodef-e qodef-blog-item swiper-slide qodef-item--full post-7190 post type-post status-publish format-standard has-post-thumbnail hentry category-escursioni category-news category-servizi\">\n\t<div class=\"qodef-e-inner\">\n\t\t<div class=\"qodef-e-media\">\n\t\t<div class=\"qodef-e-media-image\">\n\t\t<a itemprop=\"url\" href=\"https:\/\/www.mareallarco.com\/en\/aperture-monumenti-e-siti-di-interesse-gaeta-2024\/\">\n\t\t\t<img loading=\"lazy\" decoding=\"async\" width=\"2560\" height=\"1792\" src=\"https:\/\/www.mareallarco.com\/wp-content\/uploads\/2023\/05\/Mappa-musei-Gaeta-scaled.jpg\" class=\"attachment-full size-full wp-post-image\" alt=\"\" srcset=\"https:\/\/www.mareallarco.com\/wp-content\/uploads\/2023\/05\/Mappa-musei-Gaeta-scaled.jpg 2560w, https:\/\/www.mareallarco.com\/wp-content\/uploads\/2023\/05\/Mappa-musei-Gaeta-300x210.jpg 300w, https:\/\/www.mareallarco.com\/wp-content\/uploads\/2023\/05\/Mappa-musei-Gaeta-1024x717.jpg 1024w, https:\/\/www.mareallarco.com\/wp-content\/uploads\/2023\/05\/Mappa-musei-Gaeta-768x537.jpg 768w, https:\/\/www.mareallarco.com\/wp-content\/uploads\/2023\/05\/Mappa-musei-Gaeta-1536x1075.jpg 1536w, https:\/\/www.mareallarco.com\/wp-content\/uploads\/2023\/05\/Mappa-musei-Gaeta-2048x1433.jpg 2048w, https:\/\/www.mareallarco.com\/wp-content\/uploads\/2023\/05\/Mappa-musei-Gaeta-18x12.jpg 18w, https:\/\/www.mareallarco.com\/wp-content\/uploads\/2023\/05\/Mappa-musei-Gaeta-600x420.jpg 600w\" sizes=\"auto, (max-width: 2560px) 100vw, 2560px\" \/>\t\t<\/a>\n\t<\/div>\n<\/div>\t\t<div class=\"qodef-e-content\">\n\t\t\t<div class=\"qodef-e-info qodef-info--top\">\n\t\t\t\t<div itemprop=\"dateCreated\" class=\"qodef-e-info-item qodef-e-info-date entry-date\">\n\t<a itemprop=\"url\" href=\"https:\/\/www.mareallarco.com\/en\/2024\/10\/\">October 3, 2024<\/a>\n\t<meta itemprop=\"interactionCount\" content=\"UserComments: 0\"\/>\n<\/div>\t\t\t<\/div>\n\t\t\t<div class=\"qodef-e-text\">\n\t\t\t\t<h4 itemprop=\"name\" class=\"qodef-e-title entry-title\" >\n\t<a itemprop=\"url\" class=\"qodef-e-title-link\" href=\"https:\/\/www.mareallarco.com\/en\/aperture-monumenti-e-siti-di-interesse-gaeta-2024\/\">\n\t\tAPERTURE MONUMENTI E SITI DI INTERESSE*\t<\/a>\n<\/h4>\t\t<p itemprop=\"description\" class=\"qodef-e-excerpt\">APERTURE MONUMENTI E SITI DI INTERESSE- SETTEMBRE A DICEMBRE 2024 Basilica Cattedrale di Maria Santissima Assunta in Cielo e dei Santi Erasmo e Marciano Via Duomo Da<\/p>\n\t\t\t\t<\/div>\n\t\t\t\t\t<\/div>\n\t<\/div>\n<\/article><article class=\"qodef-e qodef-blog-item swiper-slide qodef-item--full post-7206 post type-post status-publish format-standard has-post-thumbnail hentry category-escursioni category-gite-in-barca category-news category-servizi\">\n\t<div class=\"qodef-e-inner\">\n\t\t<div class=\"qodef-e-media\">\n\t\t<div class=\"qodef-e-media-image\">\n\t\t<a itemprop=\"url\" href=\"https:\/\/www.mareallarco.com\/en\/esperienza-esclusiva-a-gaeta-soggiorno-nel-cuore-di-gaeta-e-tour-in-barca-nella-riviera-di-ulisse\/\">\n\t\t\t<img loading=\"lazy\" decoding=\"async\" width=\"900\" height=\"1600\" src=\"https:\/\/www.mareallarco.com\/wp-content\/uploads\/2025\/03\/1eb311da-775e-4d17-99a4-061ae4e09e0a.jpg\" class=\"attachment-full size-full wp-post-image\" alt=\"\" srcset=\"https:\/\/www.mareallarco.com\/wp-content\/uploads\/2025\/03\/1eb311da-775e-4d17-99a4-061ae4e09e0a.jpg 900w, https:\/\/www.mareallarco.com\/wp-content\/uploads\/2025\/03\/1eb311da-775e-4d17-99a4-061ae4e09e0a-169x300.jpg 169w, https:\/\/www.mareallarco.com\/wp-content\/uploads\/2025\/03\/1eb311da-775e-4d17-99a4-061ae4e09e0a-576x1024.jpg 576w, https:\/\/www.mareallarco.com\/wp-content\/uploads\/2025\/03\/1eb311da-775e-4d17-99a4-061ae4e09e0a-768x1365.jpg 768w, https:\/\/www.mareallarco.com\/wp-content\/uploads\/2025\/03\/1eb311da-775e-4d17-99a4-061ae4e09e0a-864x1536.jpg 864w, https:\/\/www.mareallarco.com\/wp-content\/uploads\/2025\/03\/1eb311da-775e-4d17-99a4-061ae4e09e0a-7x12.jpg 7w, https:\/\/www.mareallarco.com\/wp-content\/uploads\/2025\/03\/1eb311da-775e-4d17-99a4-061ae4e09e0a-600x1067.jpg 600w\" sizes=\"auto, (max-width: 900px) 100vw, 900px\" \/>\t\t<\/a>\n\t<\/div>\n<\/div>\t\t<div class=\"qodef-e-content\">\n\t\t\t<div class=\"qodef-e-info qodef-info--top\">\n\t\t\t\t<div itemprop=\"dateCreated\" class=\"qodef-e-info-item qodef-e-info-date entry-date\">\n\t<a itemprop=\"url\" href=\"https:\/\/www.mareallarco.com\/en\/2025\/03\/\">March 22, 2025<\/a>\n\t<meta itemprop=\"interactionCount\" content=\"UserComments: 0\"\/>\n<\/div>\t\t\t<\/div>\n\t\t\t<div class=\"qodef-e-text\">\n\t\t\t\t<h4 itemprop=\"name\" class=\"qodef-e-title entry-title\" >\n\t<a itemprop=\"url\" class=\"qodef-e-title-link\" href=\"https:\/\/www.mareallarco.com\/en\/esperienza-esclusiva-a-gaeta-soggiorno-nel-cuore-di-gaeta-e-tour-in-barca-nella-riviera-di-ulisse\/\">\n\t\tEsperienza esclusiva a Gaeta: soggiorno nel cuore di Gaeta e Tour in barca nella Riviera di Ulisse!\t<\/a>\n<\/h4>\t\t<p itemprop=\"description\" class=\"qodef-e-excerpt\">Buongiorno cari viaggiatori, oggi vi propongo di vivere un&#8217;esperienza unica tra storia, mare cristallino e relax. Soggiorna nel nostro caratteristico palazzott<\/p>\n\t\t\t\t<\/div>\n\t\t\t\t\t<\/div>\n\t<\/div>\n<\/article><article class=\"qodef-e qodef-blog-item swiper-slide qodef-item--full post-7216 post type-post status-publish format-standard has-post-thumbnail hentry category-escursioni category-gite-in-barca category-news category-servizi\">\n\t<div class=\"qodef-e-inner\">\n\t\t<div class=\"qodef-e-media\">\n\t\t<div class=\"qodef-e-media-image\">\n\t\t<a itemprop=\"url\" href=\"https:\/\/www.mareallarco.com\/en\/week-end-romantico-a-gaeta-mare-tramonti-e-tour-speciale-in-barca\/\">\n\t\t\t<img loading=\"lazy\" decoding=\"async\" width=\"640\" height=\"480\" src=\"https:\/\/www.mareallarco.com\/wp-content\/uploads\/2025\/03\/TRAMONTO.jpg\" class=\"attachment-full size-full wp-post-image\" alt=\"\" srcset=\"https:\/\/www.mareallarco.com\/wp-content\/uploads\/2025\/03\/TRAMONTO.jpg 640w, https:\/\/www.mareallarco.com\/wp-content\/uploads\/2025\/03\/TRAMONTO-300x225.jpg 300w, https:\/\/www.mareallarco.com\/wp-content\/uploads\/2025\/03\/TRAMONTO-16x12.jpg 16w, https:\/\/www.mareallarco.com\/wp-content\/uploads\/2025\/03\/TRAMONTO-600x450.jpg 600w\" sizes=\"auto, (max-width: 640px) 100vw, 640px\" \/>\t\t<\/a>\n\t<\/div>\n<\/div>\t\t<div class=\"qodef-e-content\">\n\t\t\t<div class=\"qodef-e-info qodef-info--top\">\n\t\t\t\t<div itemprop=\"dateCreated\" class=\"qodef-e-info-item qodef-e-info-date entry-date\">\n\t<a itemprop=\"url\" href=\"https:\/\/www.mareallarco.com\/en\/2025\/03\/\">March 22, 2025<\/a>\n\t<meta itemprop=\"interactionCount\" content=\"UserComments: 0\"\/>\n<\/div>\t\t\t<\/div>\n\t\t\t<div class=\"qodef-e-text\">\n\t\t\t\t<h4 itemprop=\"name\" class=\"qodef-e-title entry-title\" >\n\t<a itemprop=\"url\" class=\"qodef-e-title-link\" href=\"https:\/\/www.mareallarco.com\/en\/week-end-romantico-a-gaeta-mare-tramonti-e-tour-speciale-in-barca\/\">\n\t\tWEEK END ROMANTICO A GAETA: MARE, TRAMONTI E TOUR SPECIALE IN BARCA.\t<\/a>\n<\/h4>\t\t<p itemprop=\"description\" class=\"qodef-e-excerpt\">Regalati un soggiorno da favolacon la tua dolce met\u00e0. il nostro palazzotto storico ti accoglier\u00e0 con il suo fascino unico, mentre il toru in barca ti far\u00e0 vivere <\/p>\n\t\t\t\t<\/div>\n\t\t\t\t\t<\/div>\n\t<\/div>\n<\/article><article class=\"qodef-e qodef-blog-item swiper-slide qodef-item--full post-7230 post type-post status-publish format-standard has-post-thumbnail hentry category-escursioni category-news category-servizi\">\n\t<div class=\"qodef-e-inner\">\n\t\t<div class=\"qodef-e-media\">\n\t\t<div class=\"qodef-e-media-image\">\n\t\t<a itemprop=\"url\" href=\"https:\/\/www.mareallarco.com\/en\/benvenuti-a-gaeta-opera-popolare\/\">\n\t\t\t<img loading=\"lazy\" decoding=\"async\" width=\"200\" height=\"130\" src=\"https:\/\/www.mareallarco.com\/wp-content\/uploads\/2025\/11\/OPERA-POPOLARE.jpg\" class=\"attachment-full size-full wp-post-image\" alt=\"\" srcset=\"https:\/\/www.mareallarco.com\/wp-content\/uploads\/2025\/11\/OPERA-POPOLARE.jpg 200w, https:\/\/www.mareallarco.com\/wp-content\/uploads\/2025\/11\/OPERA-POPOLARE-18x12.jpg 18w\" sizes=\"auto, (max-width: 200px) 100vw, 200px\" \/>\t\t<\/a>\n\t<\/div>\n<\/div>\t\t<div class=\"qodef-e-content\">\n\t\t\t<div class=\"qodef-e-info qodef-info--top\">\n\t\t\t\t<div itemprop=\"dateCreated\" class=\"qodef-e-info-item qodef-e-info-date entry-date\">\n\t<a itemprop=\"url\" href=\"https:\/\/www.mareallarco.com\/en\/2025\/11\/\">November 25, 2025<\/a>\n\t<meta itemprop=\"interactionCount\" content=\"UserComments: 0\"\/>\n<\/div>\t\t\t<\/div>\n\t\t\t<div class=\"qodef-e-text\">\n\t\t\t\t<h4 itemprop=\"name\" class=\"qodef-e-title entry-title\" >\n\t<a itemprop=\"url\" class=\"qodef-e-title-link\" href=\"https:\/\/www.mareallarco.com\/en\/benvenuti-a-gaeta-opera-popolare\/\">\n\t\t\u201cBenvenuti a Gaeta &#8211; Opera Popolare\u201d\t<\/a>\n<\/h4>\t\t<p itemprop=\"description\" class=\"qodef-e-excerpt\">Dal 29 novembre al 28 dicembre, ogni sabato e domenica, presso il Complesso Monumentale della Santissima Annunziata di Gaeta. L\u2019ASP \u2013 Istituti Riuniti del Lazio <\/p>\n\t\t\t\t<\/div>\n\t\t\t\t\t<\/div>\n\t<\/div>\n<\/article><article class=\"qodef-e qodef-blog-item swiper-slide qodef-item--full post-7240 post type-post status-publish format-standard has-post-thumbnail hentry category-escursioni category-news category-servizi\">\n\t<div class=\"qodef-e-inner\">\n\t\t<div class=\"qodef-e-media\">\n\t\t<div class=\"qodef-e-media-image\">\n\t\t<a itemprop=\"url\" href=\"https:\/\/www.mareallarco.com\/en\/xxxvii-edizione-del-porticato-gaetano-consumo-dal-14-dicembre-al-1-marzo-26\/\">\n\t\t\t<img loading=\"lazy\" decoding=\"async\" width=\"200\" height=\"130\" src=\"https:\/\/www.mareallarco.com\/wp-content\/uploads\/2025\/11\/porticato-gaetano.jpg\" class=\"attachment-full size-full wp-post-image\" alt=\"\" srcset=\"https:\/\/www.mareallarco.com\/wp-content\/uploads\/2025\/11\/porticato-gaetano.jpg 200w, https:\/\/www.mareallarco.com\/wp-content\/uploads\/2025\/11\/porticato-gaetano-18x12.jpg 18w\" sizes=\"auto, (max-width: 200px) 100vw, 200px\" \/>\t\t<\/a>\n\t<\/div>\n<\/div>\t\t<div class=\"qodef-e-content\">\n\t\t\t<div class=\"qodef-e-info qodef-info--top\">\n\t\t\t\t<div itemprop=\"dateCreated\" class=\"qodef-e-info-item qodef-e-info-date entry-date\">\n\t<a itemprop=\"url\" href=\"https:\/\/www.mareallarco.com\/en\/2025\/11\/\">November 25, 2025<\/a>\n\t<meta itemprop=\"interactionCount\" content=\"UserComments: 0\"\/>\n<\/div>\t\t\t<\/div>\n\t\t\t<div class=\"qodef-e-text\">\n\t\t\t\t<h4 itemprop=\"name\" class=\"qodef-e-title entry-title\" >\n\t<a itemprop=\"url\" class=\"qodef-e-title-link\" href=\"https:\/\/www.mareallarco.com\/en\/xxxvii-edizione-del-porticato-gaetano-consumo-dal-14-dicembre-al-1-marzo-26\/\">\n\t\tXXXVII edizione del PORTICATO GAETANO: CONSUMO! Dal 14 Dicembre al 1 Marzo &#8217;26\t<\/a>\n<\/h4>\t\t<p itemprop=\"description\" class=\"qodef-e-excerpt\">&nbsp; XXXVII edizione del PORTICATO GAETANO: CONSUMO! Dal 14 Dicembre al 1 Marzo &#8217;26 Inaugurazione: Domenica 14 Dicembre, ore 11:00 presso Pinacoteca Comunale<\/p>\n\t\t\t\t<\/div>\n\t\t\t\t\t<\/div>\n\t<\/div>\n<\/article><article class=\"qodef-e qodef-blog-item swiper-slide qodef-item--full post-7242 post type-post status-publish format-standard has-post-thumbnail hentry category-escursioni category-news category-servizi\">\n\t<div class=\"qodef-e-inner\">\n\t\t<div class=\"qodef-e-media\">\n\t\t<div class=\"qodef-e-media-image\">\n\t\t<a itemprop=\"url\" href=\"https:\/\/www.mareallarco.com\/en\/favole-di-luce-a-gaeta-dal-9-novembre-2025-all11-gennaio-2026\/\">\n\t\t\t<img loading=\"lazy\" decoding=\"async\" width=\"886\" height=\"886\" src=\"https:\/\/www.mareallarco.com\/wp-content\/uploads\/2024\/10\/LUMINARIE-1-principale.jpg\" class=\"attachment-full size-full wp-post-image\" alt=\"\" srcset=\"https:\/\/www.mareallarco.com\/wp-content\/uploads\/2024\/10\/LUMINARIE-1-principale.jpg 886w, https:\/\/www.mareallarco.com\/wp-content\/uploads\/2024\/10\/LUMINARIE-1-principale-300x300.jpg 300w, https:\/\/www.mareallarco.com\/wp-content\/uploads\/2024\/10\/LUMINARIE-1-principale-150x150.jpg 150w, https:\/\/www.mareallarco.com\/wp-content\/uploads\/2024\/10\/LUMINARIE-1-principale-768x768.jpg 768w, https:\/\/www.mareallarco.com\/wp-content\/uploads\/2024\/10\/LUMINARIE-1-principale-12x12.jpg 12w, https:\/\/www.mareallarco.com\/wp-content\/uploads\/2024\/10\/LUMINARIE-1-principale-650x650.jpg 650w\" sizes=\"auto, (max-width: 886px) 100vw, 886px\" \/>\t\t<\/a>\n\t<\/div>\n<\/div>\t\t<div class=\"qodef-e-content\">\n\t\t\t<div class=\"qodef-e-info qodef-info--top\">\n\t\t\t\t<div itemprop=\"dateCreated\" class=\"qodef-e-info-item qodef-e-info-date entry-date\">\n\t<a itemprop=\"url\" href=\"https:\/\/www.mareallarco.com\/en\/2025\/11\/\">November 25, 2025<\/a>\n\t<meta itemprop=\"interactionCount\" content=\"UserComments: 0\"\/>\n<\/div>\t\t\t<\/div>\n\t\t\t<div class=\"qodef-e-text\">\n\t\t\t\t<h4 itemprop=\"name\" class=\"qodef-e-title entry-title\" >\n\t<a itemprop=\"url\" class=\"qodef-e-title-link\" href=\"https:\/\/www.mareallarco.com\/en\/favole-di-luce-a-gaeta-dal-9-novembre-2025-all11-gennaio-2026\/\">\n\t\tFAVOLE DI LUCE A GAETA DAL 9 NOVEMBRE 2025 ALL&#8217;11 GENNAIO 2026\t<\/a>\n<\/h4>\t\t<p itemprop=\"description\" class=\"qodef-e-excerpt\">A Gaeta, le emozioni non finiscono mai&#8230; da domenica 9 novembre all&#8217;11 gennaio torna la magia di&#8230; \u201cFavole di Luce\u201d! Lasciati incantare da maesto<\/p>\n\t\t\t\t<\/div>\n\t\t\t\t\t<\/div>\n\t<\/div>\n<\/article>\t<\/div>\n\t<div class=\"swiper-button-next\"><svg xmlns=\"http:\/\/www.w3.org\/2000\/svg\" xmlns:xlink=\"http:\/\/www.w3.org\/1999\/xlink\" x=\"0px\" y=\"0px\" viewbox=\"0 0 26 50.9\" xml:space=\"preserve\"><polyline points=\"0.4,50.6 25.3,25.5 0.4,0.4 \"\/><\/svg><\/div>\n<div class=\"swiper-button-prev\"><svg xmlns=\"http:\/\/www.w3.org\/2000\/svg\" xmlns:xlink=\"http:\/\/www.w3.org\/1999\/xlink\" x=\"0px\" y=\"0px\" viewbox=\"0 0 26 50.9\" xml:space=\"preserve\"><polyline points=\"25.6,0.4 0.7,25.5 25.6,50.6 \"\/><\/svg><\/div>\t<\/div>\t\t<\/div>\n\t\t\t\t<\/div>\n\t\t\t\t\t<\/div>\n\t\t<\/div>\n\t\t\t\t\t\t\t<\/div>\n\t\t<\/section>\n\t\t\t\t<section class=\"elementor-section elementor-top-section elementor-element elementor-element-01fecee elementor-section-full_width elementor-section-height-default elementor-section-height-default qodef-elementor-content-no\" data-id=\"01fecee\" data-element_type=\"section\">\n\t\t\t\t\t\t<div class=\"elementor-container elementor-column-gap-no\">\n\t\t\t\t\t<div class=\"elementor-column elementor-col-100 elementor-top-column elementor-element elementor-element-b65c8da\" data-id=\"b65c8da\" data-element_type=\"column\" data-settings=\"{&quot;background_background&quot;:&quot;classic&quot;}\">\n\t\t\t<div class=\"elementor-widget-wrap elementor-element-populated\">\n\t\t\t\t\t\t\t\t<div class=\"elementor-element elementor-element-976ad44 elementor-widget elementor-widget-wp-widget-alloggio_core_contact_form_7\" data-id=\"976ad44\" data-element_type=\"widget\" data-widget_type=\"wp-widget-alloggio_core_contact_form_7.default\">\n\t\t\t\t<div class=\"elementor-widget-container\">\n\t\t\t\t\t\t<div class=\"qodef-contact-form-7\">\n\t\t\t\t\n<div class=\"wpcf7 no-js\" id=\"wpcf7-f257-o1\" lang=\"en-US\" dir=\"ltr\" data-wpcf7-id=\"257\">\n<div class=\"screen-reader-response\"><p role=\"status\" aria-live=\"polite\" aria-atomic=\"true\"><\/p> <ul><\/ul><\/div>\n<form action=\"\/en\/wp-json\/wp\/v2\/pages\/39#wpcf7-f257-o1\" method=\"post\" class=\"wpcf7-form init\" aria-label=\"Contact form\" novalidate=\"novalidate\" data-status=\"init\" data-trp-original-action=\"\/en\/wp-json\/wp\/v2\/pages\/39#wpcf7-f257-o1\">\n<fieldset class=\"hidden-fields-container\"><input type=\"hidden\" name=\"_wpcf7\" value=\"257\" \/><input type=\"hidden\" name=\"_wpcf7_version\" value=\"6.1.5\" \/><input type=\"hidden\" name=\"_wpcf7_locale\" value=\"en_US\" \/><input type=\"hidden\" name=\"_wpcf7_unit_tag\" value=\"wpcf7-f257-o1\" \/><input type=\"hidden\" name=\"_wpcf7_container_post\" value=\"0\" \/><input type=\"hidden\" name=\"_wpcf7_posted_data_hash\" value=\"\" \/><input type=\"hidden\" name=\"_wpcf7_recaptcha_response\" value=\"\" \/>\n<\/fieldset>\n<div class=\"qodef-newsletter-form-style\">\n<div class=\"row center w3-text-white\" style=\"float: right;position: absolute;right: 12%;top: 114%;\">\n <span style=\"display:block; margin: 0 auto; font-size: 11px;\"><span class=\"wpcf7-form-control-wrap\" data-name=\"acceptance-829\"><span class=\"wpcf7-form-control wpcf7-acceptance\"><span class=\"wpcf7-list-item\"><label><input type=\"checkbox\" name=\"acceptance-829\" value=\"1\" id=\"privacy\" aria-invalid=\"false\" \/><span class=\"wpcf7-list-item-label\">Privacy | Trattamento dei <a href=\"https:\/\/www.mareallarco.com\/en\/privacy-policy\/\" target=\"_self\">dati personali<\/a><\/span><\/label><\/span><\/span><\/span><\/span>\n<\/div>\n<h2 class=\"qodef-e-title\"><span class=\"icon-basic-mail-open-text qodef-e-icon\"><\/span>Iscriviti alla nostra Newsletter<\/h2><span class=\"wpcf7-form-control-wrap\" data-name=\"your-email\"><input size=\"40\" maxlength=\"400\" class=\"wpcf7-form-control wpcf7-email wpcf7-validates-as-required wpcf7-text wpcf7-validates-as-email\" aria-required=\"true\" aria-invalid=\"false\" placeholder=\"Inserisci la tua mail\" value=\"\" type=\"email\" name=\"your-email\" \/><\/span>\n<button class=\"wpcf7-form-control wpcf7-submit qodef-button qodef-size--normal qodef-type--outlined qodef-m\" type=\"submit\"><span class=\"qodef-m-text\">Iscriviti<\/span><\/button>\n<\/div><p style=\"display: none !important;\" class=\"akismet-fields-container\" data-prefix=\"_wpcf7_ak_\"><label>&#916;<textarea name=\"_wpcf7_ak_hp_textarea\" cols=\"45\" rows=\"8\" maxlength=\"100\"><\/textarea><\/label><input type=\"hidden\" id=\"ak_js_1\" name=\"_wpcf7_ak_js\" value=\"241\"\/><script type=\"text\/javascript\">\n\/* <![CDATA[ *\/\ndocument.getElementById( \"ak_js_1\" ).setAttribute( \"value\", ( new Date() ).getTime() );\n\/* ]]> *\/\n<\/script>\n<\/p><div class=\"wpcf7-response-output\" aria-hidden=\"true\"><\/div>\n<input type=\"hidden\" name=\"trp-form-language\" value=\"en\"\/><\/form>\n<\/div>\n\t\t\t<\/div>\n\t\t\t\t\t<\/div>\n\t\t\t\t<\/div>\n\t\t\t\t\t<\/div>\n\t\t<\/div>\n\t\t\t\t\t\t\t<\/div>\n\t\t<\/section>\n\t\t\t\t<section class=\"elementor-section elementor-top-section elementor-element elementor-element-f738607 elementor-section-full_width qodef-elementor-content-grid elementor-section-stretched elementor-hidden-desktop elementor-hidden-tablet elementor-hidden-mobile elementor-section-height-default elementor-section-height-default\" data-id=\"f738607\" data-element_type=\"section\" data-settings=\"{&quot;stretch_section&quot;:&quot;section-stretched&quot;}\">\n\t\t\t\t\t\t<div class=\"elementor-container elementor-column-gap-no\">\n\t\t\t\t\t<div class=\"elementor-column elementor-col-100 elementor-top-column elementor-element elementor-element-f2dfeaf\" data-id=\"f2dfeaf\" data-element_type=\"column\">\n\t\t\t<div class=\"elementor-widget-wrap elementor-element-populated\">\n\t\t\t\t\t\t\t\t<div class=\"elementor-element elementor-element-80a6151 elementor-widget elementor-widget-spacer\" data-id=\"80a6151\" data-element_type=\"widget\" data-widget_type=\"spacer.default\">\n\t\t\t\t<div class=\"elementor-widget-container\">\n\t\t\t<style>\/*! elementor - v3.6.2 - 04-04-2022 *\/\n.e-container.e-container--row .elementor-spacer-inner{width:var(--spacer-size)}.e-container.e-container--column .elementor-spacer-inner,.elementor-column .elementor-spacer-inner{height:var(--spacer-size)}<\/style>\t\t<div class=\"elementor-spacer\">\n\t\t\t<div class=\"elementor-spacer-inner\"><\/div>\n\t\t<\/div>\n\t\t\t\t<\/div>\n\t\t\t\t<\/div>\n\t\t\t\t<div class=\"elementor-element elementor-element-8fc0d71 elementor-widget elementor-widget-alloggio_core_section_title\" data-id=\"8fc0d71\" data-element_type=\"widget\" data-widget_type=\"alloggio_core_section_title.default\">\n\t\t\t\t<div class=\"elementor-widget-container\">\n\t\t\t<div class=\"qodef-shortcode qodef-m  qodef-section-title qodef-alignment--center\">\n\t\t<h2 class=\"qodef-m-title\" >\n\t\t\t\t\tNews ed Eventi\t\t\t<\/h2>\n\t\t<h4 class=\"qodef-m-text\" >Scopri tutte le ultime news ed eventi a Gaeta<\/h4>\n<\/div>\t\t<\/div>\n\t\t\t\t<\/div>\n\t\t\t\t<div class=\"elementor-element elementor-element-0a08dae elementor-widget elementor-widget-alloggio_core_blog_list\" data-id=\"0a08dae\" data-element_type=\"widget\" data-widget_type=\"alloggio_core_blog_list.default\">\n\t\t\t\t<div class=\"elementor-widget-container\">\n\t\t\t<div class=\"qodef-shortcode qodef-m  qodef-blog qodef--list qodef-item-layout--standard  qodef--has-animation qodef-grid qodef-layout--columns  qodef-gutter--normal qodef-col-num--3 qodef-item-layout--standard qodef--no-bottom-space qodef-pagination--off qodef-responsive--predefined\" data-options=\"{&quot;plugin&quot;:&quot;alloggio_core&quot;,&quot;module&quot;:&quot;blog\\\/shortcodes&quot;,&quot;shortcode&quot;:&quot;blog-list&quot;,&quot;post_type&quot;:&quot;post&quot;,&quot;next_page&quot;:&quot;2&quot;,&quot;behavior&quot;:&quot;columns&quot;,&quot;images_proportion&quot;:&quot;full&quot;,&quot;columns&quot;:&quot;3&quot;,&quot;columns_responsive&quot;:&quot;predefined&quot;,&quot;space&quot;:&quot;normal&quot;,&quot;orderby&quot;:&quot;date&quot;,&quot;order&quot;:&quot;ASC&quot;,&quot;additional_params&quot;:&quot;tax&quot;,&quot;tax&quot;:&quot;category&quot;,&quot;tax_slug&quot;:&quot;news&quot;,&quot;layout&quot;:&quot;standard&quot;,&quot;title_tag&quot;:&quot;h4&quot;,&quot;enable_animation&quot;:&quot;yes&quot;,&quot;enable_author_info&quot;:&quot;no&quot;,&quot;enable_read_more&quot;:&quot;no&quot;,&quot;excerpt_length&quot;:&quot;165&quot;,&quot;pagination_type&quot;:&quot;no-pagination&quot;,&quot;object_class_name&quot;:&quot;AlloggioCoreBlogListShortcode&quot;,&quot;taxonomy_filter&quot;:&quot;category&quot;,&quot;additional_query_args&quot;:{&quot;tax_query&quot;:[{&quot;taxonomy&quot;:&quot;category&quot;,&quot;field&quot;:&quot;slug&quot;,&quot;terms&quot;:&quot;news&quot;}]},&quot;space_value&quot;:15}\">\n\t\t<div class=\"qodef-grid-inner clear\">\n\t\t<article class=\"qodef-e qodef-blog-item qodef-grid-item qodef-item--full post-6990 post type-post status-publish format-standard has-post-thumbnail hentry category-news category-servizi\">\n\t<div class=\"qodef-e-inner\">\n\t\t<div class=\"qodef-e-media\">\n\t\t<div class=\"qodef-e-media-image\">\n\t\t<a itemprop=\"url\" href=\"https:\/\/www.mareallarco.com\/en\/traveller-review-award-2022-2023\/\">\n\t\t\t<img loading=\"lazy\" decoding=\"async\" width=\"1081\" height=\"1081\" src=\"https:\/\/www.mareallarco.com\/wp-content\/uploads\/2023\/02\/Digital-Award-TRA-2022.png\" class=\"attachment-full size-full wp-post-image\" alt=\"\" srcset=\"https:\/\/www.mareallarco.com\/wp-content\/uploads\/2023\/02\/Digital-Award-TRA-2022.png 1081w, https:\/\/www.mareallarco.com\/wp-content\/uploads\/2023\/02\/Digital-Award-TRA-2022-300x300.png 300w, https:\/\/www.mareallarco.com\/wp-content\/uploads\/2023\/02\/Digital-Award-TRA-2022-1024x1024.png 1024w, https:\/\/www.mareallarco.com\/wp-content\/uploads\/2023\/02\/Digital-Award-TRA-2022-150x150.png 150w, https:\/\/www.mareallarco.com\/wp-content\/uploads\/2023\/02\/Digital-Award-TRA-2022-768x768.png 768w, https:\/\/www.mareallarco.com\/wp-content\/uploads\/2023\/02\/Digital-Award-TRA-2022-12x12.png 12w, https:\/\/www.mareallarco.com\/wp-content\/uploads\/2023\/02\/Digital-Award-TRA-2022-650x650.png 650w, https:\/\/www.mareallarco.com\/wp-content\/uploads\/2023\/02\/Digital-Award-TRA-2022-600x600.png 600w, https:\/\/www.mareallarco.com\/wp-content\/uploads\/2023\/02\/Digital-Award-TRA-2022-100x100.png 100w\" sizes=\"auto, (max-width: 1081px) 100vw, 1081px\" \/>\t\t<\/a>\n\t<\/div>\n<\/div>\t\t<div class=\"qodef-e-content\">\n\t\t\t<div class=\"qodef-e-info qodef-info--top\">\n\t\t\t\t<div itemprop=\"dateCreated\" class=\"qodef-e-info-item qodef-e-info-date entry-date\">\n\t<a itemprop=\"url\" href=\"https:\/\/www.mareallarco.com\/en\/2023\/02\/\">February 24, 2023<\/a>\n\t<meta itemprop=\"interactionCount\" content=\"UserComments: 0\"\/>\n<\/div>\t\t\t<\/div>\n\t\t\t<div class=\"qodef-e-text\">\n\t\t\t\t<h4 itemprop=\"name\" class=\"qodef-e-title entry-title\" >\n\t<a itemprop=\"url\" class=\"qodef-e-title-link\" href=\"https:\/\/www.mareallarco.com\/en\/traveller-review-award-2022-2023\/\">\n\t\tTraveller Review Award 2022-2023\t<\/a>\n<\/h4>\t\t<p itemprop=\"description\" class=\"qodef-e-excerpt\">Sono profondamente grato ai miei ospiti per avermi aiutato a ricevere il prestigioso Traveller Review Award! Senza il vostro sostegno e apprezzamento, questo riconos<\/p>\n\t\t\t\t<\/div>\n\t\t\t\t\t<\/div>\n\t<\/div>\n<\/article><article class=\"qodef-e qodef-blog-item qodef-grid-item qodef-item--full post-7037 post type-post status-publish format-standard has-post-thumbnail hentry category-escursioni category-news category-servizi\">\n\t<div class=\"qodef-e-inner\">\n\t\t<div class=\"qodef-e-media\">\n\t\t<div class=\"qodef-e-media-image\">\n\t\t<a itemprop=\"url\" href=\"https:\/\/www.mareallarco.com\/en\/percorsi-in-bicicletta-a-gaeta\/\">\n\t\t\t<img loading=\"lazy\" decoding=\"async\" width=\"275\" height=\"183\" src=\"https:\/\/www.mareallarco.com\/wp-content\/uploads\/2023\/06\/Senza-titolo-2.jpg\" class=\"attachment-full size-full wp-post-image\" alt=\"\" srcset=\"https:\/\/www.mareallarco.com\/wp-content\/uploads\/2023\/06\/Senza-titolo-2.jpg 275w, https:\/\/www.mareallarco.com\/wp-content\/uploads\/2023\/06\/Senza-titolo-2-18x12.jpg 18w\" sizes=\"auto, (max-width: 275px) 100vw, 275px\" \/>\t\t<\/a>\n\t<\/div>\n<\/div>\t\t<div class=\"qodef-e-content\">\n\t\t\t<div class=\"qodef-e-info qodef-info--top\">\n\t\t\t\t<div itemprop=\"dateCreated\" class=\"qodef-e-info-item qodef-e-info-date entry-date\">\n\t<a itemprop=\"url\" href=\"https:\/\/www.mareallarco.com\/en\/2023\/06\/\">June 14, 2023<\/a>\n\t<meta itemprop=\"interactionCount\" content=\"UserComments: 0\"\/>\n<\/div>\t\t\t<\/div>\n\t\t\t<div class=\"qodef-e-text\">\n\t\t\t\t<h4 itemprop=\"name\" class=\"qodef-e-title entry-title\" >\n\t<a itemprop=\"url\" class=\"qodef-e-title-link\" href=\"https:\/\/www.mareallarco.com\/en\/percorsi-in-bicicletta-a-gaeta\/\">\n\t\tPercorsi in bicicletta a Gaeta!\t<\/a>\n<\/h4>\t\t<p itemprop=\"description\" class=\"qodef-e-excerpt\">Scopri l&#8217;incanto di Gaeta in sella alla tua bici! Pedala lungo i diversi percorsi ciclistici presenti e lasciati stupire dalla bellezza mozzafiato del nostro t<\/p>\n\t\t\t\t<\/div>\n\t\t\t\t\t<\/div>\n\t<\/div>\n<\/article><article class=\"qodef-e qodef-blog-item qodef-grid-item qodef-item--full post-7090 post type-post status-publish format-standard has-post-thumbnail hentry category-escursioni category-news category-servizi\">\n\t<div class=\"qodef-e-inner\">\n\t\t<div class=\"qodef-e-media\">\n\t\t<div class=\"qodef-e-media-image\">\n\t\t<a itemprop=\"url\" href=\"https:\/\/www.mareallarco.com\/en\/blu-il-clima-della-cultura-svelato-il-titolo-del-dossier-per-la-candidatura-di-gaeta-a-capitale-italiana-della-cultura-2026\/\">\n\t\t\t<img loading=\"lazy\" decoding=\"async\" width=\"2048\" height=\"1165\" src=\"https:\/\/www.mareallarco.com\/wp-content\/uploads\/2023\/09\/Blu-il-clima-della-cultura-svelato-il-titolo-del-dossier-per-la-candidatura-di-Gaeta-a-Capitale-Italiana-della-Cultura-2026.jpg\" class=\"attachment-full size-full wp-post-image\" alt=\"\" srcset=\"https:\/\/www.mareallarco.com\/wp-content\/uploads\/2023\/09\/Blu-il-clima-della-cultura-svelato-il-titolo-del-dossier-per-la-candidatura-di-Gaeta-a-Capitale-Italiana-della-Cultura-2026.jpg 2048w, https:\/\/www.mareallarco.com\/wp-content\/uploads\/2023\/09\/Blu-il-clima-della-cultura-svelato-il-titolo-del-dossier-per-la-candidatura-di-Gaeta-a-Capitale-Italiana-della-Cultura-2026-300x171.jpg 300w, https:\/\/www.mareallarco.com\/wp-content\/uploads\/2023\/09\/Blu-il-clima-della-cultura-svelato-il-titolo-del-dossier-per-la-candidatura-di-Gaeta-a-Capitale-Italiana-della-Cultura-2026-1024x583.jpg 1024w, https:\/\/www.mareallarco.com\/wp-content\/uploads\/2023\/09\/Blu-il-clima-della-cultura-svelato-il-titolo-del-dossier-per-la-candidatura-di-Gaeta-a-Capitale-Italiana-della-Cultura-2026-768x437.jpg 768w, https:\/\/www.mareallarco.com\/wp-content\/uploads\/2023\/09\/Blu-il-clima-della-cultura-svelato-il-titolo-del-dossier-per-la-candidatura-di-Gaeta-a-Capitale-Italiana-della-Cultura-2026-1536x874.jpg 1536w, https:\/\/www.mareallarco.com\/wp-content\/uploads\/2023\/09\/Blu-il-clima-della-cultura-svelato-il-titolo-del-dossier-per-la-candidatura-di-Gaeta-a-Capitale-Italiana-della-Cultura-2026-18x10.jpg 18w, https:\/\/www.mareallarco.com\/wp-content\/uploads\/2023\/09\/Blu-il-clima-della-cultura-svelato-il-titolo-del-dossier-per-la-candidatura-di-Gaeta-a-Capitale-Italiana-della-Cultura-2026-600x341.jpg 600w\" sizes=\"auto, (max-width: 2048px) 100vw, 2048px\" \/>\t\t<\/a>\n\t<\/div>\n<\/div>\t\t<div class=\"qodef-e-content\">\n\t\t\t<div class=\"qodef-e-info qodef-info--top\">\n\t\t\t\t<div itemprop=\"dateCreated\" class=\"qodef-e-info-item qodef-e-info-date entry-date\">\n\t<a itemprop=\"url\" href=\"https:\/\/www.mareallarco.com\/en\/2023\/09\/\">September 29, 2023<\/a>\n\t<meta itemprop=\"interactionCount\" content=\"UserComments: 0\"\/>\n<\/div>\t\t\t<\/div>\n\t\t\t<div class=\"qodef-e-text\">\n\t\t\t\t<h4 itemprop=\"name\" class=\"qodef-e-title entry-title\" >\n\t<a itemprop=\"url\" class=\"qodef-e-title-link\" href=\"https:\/\/www.mareallarco.com\/en\/blu-il-clima-della-cultura-svelato-il-titolo-del-dossier-per-la-candidatura-di-gaeta-a-capitale-italiana-della-cultura-2026\/\">\n\t\t&#8220;Blu: il Clima della Cultura&#8221;: svelato il titolo del dossier per la candidatura di Gaeta a Capitale Italiana della Cultura 2026\t<\/a>\n<\/h4>\t\t<p itemprop=\"description\" class=\"qodef-e-excerpt\">Blu, come la profondit\u00e0 del mare. Blu, come l\u2019immensit\u00e0 del cielo. Blu, come il Clima della Cultura. Ad un mese dal termine previsto dal Ministero della Cultura <\/p>\n\t\t\t\t<\/div>\n\t\t\t\t\t<\/div>\n\t<\/div>\n<\/article><article class=\"qodef-e qodef-blog-item qodef-grid-item qodef-item--full post-7133 post type-post status-publish format-standard has-post-thumbnail hentry category-escursioni category-news category-servizi\">\n\t<div class=\"qodef-e-inner\">\n\t\t<div class=\"qodef-e-media\">\n\t\t<div class=\"qodef-e-media-image\">\n\t\t<a itemprop=\"url\" href=\"https:\/\/www.mareallarco.com\/en\/gaeta-citta-della-cultura\/\">\n\t\t\t<img loading=\"lazy\" decoding=\"async\" width=\"1080\" height=\"1417\" src=\"https:\/\/www.mareallarco.com\/wp-content\/uploads\/2024\/03\/GAETA-CITTA-DELLA-CULTURA-FOTO-1.jpg\" class=\"attachment-full size-full wp-post-image\" alt=\"\" srcset=\"https:\/\/www.mareallarco.com\/wp-content\/uploads\/2024\/03\/GAETA-CITTA-DELLA-CULTURA-FOTO-1.jpg 1080w, https:\/\/www.mareallarco.com\/wp-content\/uploads\/2024\/03\/GAETA-CITTA-DELLA-CULTURA-FOTO-1-229x300.jpg 229w, https:\/\/www.mareallarco.com\/wp-content\/uploads\/2024\/03\/GAETA-CITTA-DELLA-CULTURA-FOTO-1-780x1024.jpg 780w, https:\/\/www.mareallarco.com\/wp-content\/uploads\/2024\/03\/GAETA-CITTA-DELLA-CULTURA-FOTO-1-768x1008.jpg 768w, https:\/\/www.mareallarco.com\/wp-content\/uploads\/2024\/03\/GAETA-CITTA-DELLA-CULTURA-FOTO-1-9x12.jpg 9w, https:\/\/www.mareallarco.com\/wp-content\/uploads\/2024\/03\/GAETA-CITTA-DELLA-CULTURA-FOTO-1-600x787.jpg 600w\" sizes=\"auto, (max-width: 1080px) 100vw, 1080px\" \/>\t\t<\/a>\n\t<\/div>\n<\/div>\t\t<div class=\"qodef-e-content\">\n\t\t\t<div class=\"qodef-e-info qodef-info--top\">\n\t\t\t\t<div itemprop=\"dateCreated\" class=\"qodef-e-info-item qodef-e-info-date entry-date\">\n\t<a itemprop=\"url\" href=\"https:\/\/www.mareallarco.com\/en\/2024\/03\/\">March 1, 2024<\/a>\n\t<meta itemprop=\"interactionCount\" content=\"UserComments: 0\"\/>\n<\/div>\t\t\t<\/div>\n\t\t\t<div class=\"qodef-e-text\">\n\t\t\t\t<h4 itemprop=\"name\" class=\"qodef-e-title entry-title\" >\n\t<a itemprop=\"url\" class=\"qodef-e-title-link\" href=\"https:\/\/www.mareallarco.com\/en\/gaeta-citta-della-cultura\/\">\n\t\tGaeta Citt\u00e0 della Cultura\t<\/a>\n<\/h4>\t\t<p itemprop=\"description\" class=\"qodef-e-excerpt\">APERTURE MONUMENTI E SITI DI INTERESSE*-DA GENNAIO AD APRILE 2024 Auditorium Santa Lucia-(Ex Chiesa di S. Lucia, gia\u2019 S. Maria in Pensulis), Via Ladislao Prima e t<\/p>\n\t\t\t\t<\/div>\n\t\t\t\t\t<\/div>\n\t<\/div>\n<\/article><article class=\"qodef-e qodef-blog-item qodef-grid-item qodef-item--full post-7136 post type-post status-publish format-standard has-post-thumbnail hentry category-escursioni category-news category-servizi\">\n\t<div class=\"qodef-e-inner\">\n\t\t<div class=\"qodef-e-media\">\n\t\t<div class=\"qodef-e-media-image\">\n\t\t<a itemprop=\"url\" href=\"https:\/\/www.mareallarco.com\/en\/passeggiate-dinverno-a-gaeta\/\">\n\t\t\t<img loading=\"lazy\" decoding=\"async\" width=\"679\" height=\"960\" src=\"https:\/\/www.mareallarco.com\/wp-content\/uploads\/2024\/03\/Passeggiate-dinverno.jpg\" class=\"attachment-full size-full wp-post-image\" alt=\"\" srcset=\"https:\/\/www.mareallarco.com\/wp-content\/uploads\/2024\/03\/Passeggiate-dinverno.jpg 679w, https:\/\/www.mareallarco.com\/wp-content\/uploads\/2024\/03\/Passeggiate-dinverno-212x300.jpg 212w, https:\/\/www.mareallarco.com\/wp-content\/uploads\/2024\/03\/Passeggiate-dinverno-8x12.jpg 8w, https:\/\/www.mareallarco.com\/wp-content\/uploads\/2024\/03\/Passeggiate-dinverno-600x848.jpg 600w\" sizes=\"auto, (max-width: 679px) 100vw, 679px\" \/>\t\t<\/a>\n\t<\/div>\n<\/div>\t\t<div class=\"qodef-e-content\">\n\t\t\t<div class=\"qodef-e-info qodef-info--top\">\n\t\t\t\t<div itemprop=\"dateCreated\" class=\"qodef-e-info-item qodef-e-info-date entry-date\">\n\t<a itemprop=\"url\" href=\"https:\/\/www.mareallarco.com\/en\/2024\/03\/\">March 1, 2024<\/a>\n\t<meta itemprop=\"interactionCount\" content=\"UserComments: 0\"\/>\n<\/div>\t\t\t<\/div>\n\t\t\t<div class=\"qodef-e-text\">\n\t\t\t\t<h4 itemprop=\"name\" class=\"qodef-e-title entry-title\" >\n\t<a itemprop=\"url\" class=\"qodef-e-title-link\" href=\"https:\/\/www.mareallarco.com\/en\/passeggiate-dinverno-a-gaeta\/\">\n\t\tPasseggiate d&#8217;inverno a Gaeta\t<\/a>\n<\/h4>\t\t\t<\/div>\n\t\t\t\t\t<\/div>\n\t<\/div>\n<\/article><article class=\"qodef-e qodef-blog-item qodef-grid-item qodef-item--full post-7140 post type-post status-publish format-standard has-post-thumbnail hentry category-escursioni category-gite-in-barca category-news category-servizi\">\n\t<div class=\"qodef-e-inner\">\n\t\t<div class=\"qodef-e-media\">\n\t\t<div class=\"qodef-e-media-image\">\n\t\t<a itemprop=\"url\" href=\"https:\/\/www.mareallarco.com\/en\/luoghi-turistici-da-visitare-a-gaeta\/\">\n\t\t\t<img loading=\"lazy\" decoding=\"async\" width=\"612\" height=\"400\" src=\"https:\/\/www.mareallarco.com\/wp-content\/uploads\/2024\/04\/Gaeta.jpg\" class=\"attachment-full size-full wp-post-image\" alt=\"\" srcset=\"https:\/\/www.mareallarco.com\/wp-content\/uploads\/2024\/04\/Gaeta.jpg 612w, https:\/\/www.mareallarco.com\/wp-content\/uploads\/2024\/04\/Gaeta-300x196.jpg 300w, https:\/\/www.mareallarco.com\/wp-content\/uploads\/2024\/04\/Gaeta-18x12.jpg 18w, https:\/\/www.mareallarco.com\/wp-content\/uploads\/2024\/04\/Gaeta-600x392.jpg 600w\" sizes=\"auto, (max-width: 612px) 100vw, 612px\" \/>\t\t<\/a>\n\t<\/div>\n<\/div>\t\t<div class=\"qodef-e-content\">\n\t\t\t<div class=\"qodef-e-info qodef-info--top\">\n\t\t\t\t<div itemprop=\"dateCreated\" class=\"qodef-e-info-item qodef-e-info-date entry-date\">\n\t<a itemprop=\"url\" href=\"https:\/\/www.mareallarco.com\/en\/2024\/04\/\">April 7, 2024<\/a>\n\t<meta itemprop=\"interactionCount\" content=\"UserComments: 0\"\/>\n<\/div>\t\t\t<\/div>\n\t\t\t<div class=\"qodef-e-text\">\n\t\t\t\t<h4 itemprop=\"name\" class=\"qodef-e-title entry-title\" >\n\t<a itemprop=\"url\" class=\"qodef-e-title-link\" href=\"https:\/\/www.mareallarco.com\/en\/luoghi-turistici-da-visitare-a-gaeta\/\">\n\t\tLuoghi turistici da visitare a Gaeta\t<\/a>\n<\/h4>\t\t<p itemprop=\"description\" class=\"qodef-e-excerpt\">Buongiorno ai miei carissimi ospiti. Ecco alcuni dei principali luoghi turistici da visitare a Gaeta: Monte Orlando: Questo promontorio offre panorami mozzafiato sul<\/p>\n\t\t\t\t<\/div>\n\t\t\t\t\t<\/div>\n\t<\/div>\n<\/article><article class=\"qodef-e qodef-blog-item qodef-grid-item qodef-item--full post-7143 post type-post status-publish format-standard has-post-thumbnail hentry category-escursioni category-news category-servizi\">\n\t<div class=\"qodef-e-inner\">\n\t\t<div class=\"qodef-e-media\">\n\t\t<div class=\"qodef-e-media-image\">\n\t\t<a itemprop=\"url\" href=\"https:\/\/www.mareallarco.com\/en\/i-migliori-ristoranti-a-gaeta\/\">\n\t\t\t<img loading=\"lazy\" decoding=\"async\" width=\"680\" height=\"510\" src=\"https:\/\/www.mareallarco.com\/wp-content\/uploads\/2024\/04\/Cucina-gaetana.jpg\" class=\"attachment-full size-full wp-post-image\" alt=\"\" srcset=\"https:\/\/www.mareallarco.com\/wp-content\/uploads\/2024\/04\/Cucina-gaetana.jpg 680w, https:\/\/www.mareallarco.com\/wp-content\/uploads\/2024\/04\/Cucina-gaetana-300x225.jpg 300w, https:\/\/www.mareallarco.com\/wp-content\/uploads\/2024\/04\/Cucina-gaetana-16x12.jpg 16w, https:\/\/www.mareallarco.com\/wp-content\/uploads\/2024\/04\/Cucina-gaetana-600x450.jpg 600w\" sizes=\"auto, (max-width: 680px) 100vw, 680px\" \/>\t\t<\/a>\n\t<\/div>\n<\/div>\t\t<div class=\"qodef-e-content\">\n\t\t\t<div class=\"qodef-e-info qodef-info--top\">\n\t\t\t\t<div itemprop=\"dateCreated\" class=\"qodef-e-info-item qodef-e-info-date entry-date\">\n\t<a itemprop=\"url\" href=\"https:\/\/www.mareallarco.com\/en\/2024\/04\/\">April 7, 2024<\/a>\n\t<meta itemprop=\"interactionCount\" content=\"UserComments: 0\"\/>\n<\/div>\t\t\t<\/div>\n\t\t\t<div class=\"qodef-e-text\">\n\t\t\t\t<h4 itemprop=\"name\" class=\"qodef-e-title entry-title\" >\n\t<a itemprop=\"url\" class=\"qodef-e-title-link\" href=\"https:\/\/www.mareallarco.com\/en\/i-migliori-ristoranti-a-gaeta\/\">\n\t\tI migliori ristoranti a Gaeta.\t<\/a>\n<\/h4>\t\t<p itemprop=\"description\" class=\"qodef-e-excerpt\">Ecco alcuni dei migliori ristoranti a Gaeta, dove puoi gustare piatti della cucina locale e internazionale: Questi ristoranti rappresentano solo una piccola selezion<\/p>\n\t\t\t\t<\/div>\n\t\t\t\t\t<\/div>\n\t<\/div>\n<\/article><article class=\"qodef-e qodef-blog-item qodef-grid-item qodef-item--full post-7147 post type-post status-publish format-standard has-post-thumbnail hentry category-escursioni category-news category-servizi\">\n\t<div class=\"qodef-e-inner\">\n\t\t<div class=\"qodef-e-media\">\n\t\t<div class=\"qodef-e-media-image\">\n\t\t<a itemprop=\"url\" href=\"https:\/\/www.mareallarco.com\/en\/le-migliori-case-vacanze-a-gaeta-per-famiglie\/\">\n\t\t\t<img loading=\"lazy\" decoding=\"async\" width=\"687\" height=\"386\" src=\"https:\/\/www.mareallarco.com\/wp-content\/uploads\/2024\/04\/viaggiatori.jpg\" class=\"attachment-full size-full wp-post-image\" alt=\"\" srcset=\"https:\/\/www.mareallarco.com\/wp-content\/uploads\/2024\/04\/viaggiatori.jpg 687w, https:\/\/www.mareallarco.com\/wp-content\/uploads\/2024\/04\/viaggiatori-300x169.jpg 300w, https:\/\/www.mareallarco.com\/wp-content\/uploads\/2024\/04\/viaggiatori-18x10.jpg 18w, https:\/\/www.mareallarco.com\/wp-content\/uploads\/2024\/04\/viaggiatori-600x337.jpg 600w\" sizes=\"auto, (max-width: 687px) 100vw, 687px\" \/>\t\t<\/a>\n\t<\/div>\n<\/div>\t\t<div class=\"qodef-e-content\">\n\t\t\t<div class=\"qodef-e-info qodef-info--top\">\n\t\t\t\t<div itemprop=\"dateCreated\" class=\"qodef-e-info-item qodef-e-info-date entry-date\">\n\t<a itemprop=\"url\" href=\"https:\/\/www.mareallarco.com\/en\/2024\/04\/\">April 7, 2024<\/a>\n\t<meta itemprop=\"interactionCount\" content=\"UserComments: 0\"\/>\n<\/div>\t\t\t<\/div>\n\t\t\t<div class=\"qodef-e-text\">\n\t\t\t\t<h4 itemprop=\"name\" class=\"qodef-e-title entry-title\" >\n\t<a itemprop=\"url\" class=\"qodef-e-title-link\" href=\"https:\/\/www.mareallarco.com\/en\/le-migliori-case-vacanze-a-gaeta-per-famiglie\/\">\n\t\tCome scegliere la casa vacanza perfetta a Gaeta.\t<\/a>\n<\/h4>\t\t<p itemprop=\"description\" class=\"qodef-e-excerpt\">Buongiorno miei carissimi viaggiatori, come state? Ricordatevi sempre che: La propria destinazione non \u00e8 mai un luogo, ma un nuovo modo di vedere le cose. Oggi vi s<\/p>\n\t\t\t\t<\/div>\n\t\t\t\t\t<\/div>\n\t<\/div>\n<\/article><article class=\"qodef-e qodef-blog-item qodef-grid-item qodef-item--full post-7151 post type-post status-publish format-standard has-post-thumbnail hentry category-escursioni category-news category-servizi\">\n\t<div class=\"qodef-e-inner\">\n\t\t<div class=\"qodef-e-media\">\n\t\t<div class=\"qodef-e-media-image\">\n\t\t<a itemprop=\"url\" href=\"https:\/\/www.mareallarco.com\/en\/le-piu-belle-spiaggie-di-gaeta\/\">\n\t\t\t<img loading=\"lazy\" decoding=\"async\" width=\"1200\" height=\"682\" src=\"https:\/\/www.mareallarco.com\/wp-content\/uploads\/2023\/06\/Gaeta_Medievale.jpg\" class=\"attachment-full size-full wp-post-image\" alt=\"\" srcset=\"https:\/\/www.mareallarco.com\/wp-content\/uploads\/2023\/06\/Gaeta_Medievale.jpg 1200w, https:\/\/www.mareallarco.com\/wp-content\/uploads\/2023\/06\/Gaeta_Medievale-300x171.jpg 300w, https:\/\/www.mareallarco.com\/wp-content\/uploads\/2023\/06\/Gaeta_Medievale-1024x582.jpg 1024w, https:\/\/www.mareallarco.com\/wp-content\/uploads\/2023\/06\/Gaeta_Medievale-768x436.jpg 768w, https:\/\/www.mareallarco.com\/wp-content\/uploads\/2023\/06\/Gaeta_Medievale-18x10.jpg 18w, https:\/\/www.mareallarco.com\/wp-content\/uploads\/2023\/06\/Gaeta_Medievale-600x341.jpg 600w\" sizes=\"auto, (max-width: 1200px) 100vw, 1200px\" \/>\t\t<\/a>\n\t<\/div>\n<\/div>\t\t<div class=\"qodef-e-content\">\n\t\t\t<div class=\"qodef-e-info qodef-info--top\">\n\t\t\t\t<div itemprop=\"dateCreated\" class=\"qodef-e-info-item qodef-e-info-date entry-date\">\n\t<a itemprop=\"url\" href=\"https:\/\/www.mareallarco.com\/en\/2024\/04\/\">April 7, 2024<\/a>\n\t<meta itemprop=\"interactionCount\" content=\"UserComments: 0\"\/>\n<\/div>\t\t\t<\/div>\n\t\t\t<div class=\"qodef-e-text\">\n\t\t\t\t<h4 itemprop=\"name\" class=\"qodef-e-title entry-title\" >\n\t<a itemprop=\"url\" class=\"qodef-e-title-link\" href=\"https:\/\/www.mareallarco.com\/en\/le-piu-belle-spiaggie-di-gaeta\/\">\n\t\tLe pi\u00f9 belle spiagge di Gaeta.\t<\/a>\n<\/h4>\t\t<p itemprop=\"description\" class=\"qodef-e-excerpt\">Buongiorno carissimi viaggiatori. Il Dalai Lama disse: &#8220;Una volta l\u2019anno, vai in un posto dove non sei mai stato prima\u201d. Gaeta \u00e8 rinomata per le sue belle<\/p>\n\t\t\t\t<\/div>\n\t\t\t\t\t<\/div>\n\t<\/div>\n<\/article><article class=\"qodef-e qodef-blog-item qodef-grid-item qodef-item--full post-7158 post type-post status-publish format-standard has-post-thumbnail hentry category-escursioni category-news category-servizi\">\n\t<div class=\"qodef-e-inner\">\n\t\t<div class=\"qodef-e-media\">\n\t\t<div class=\"qodef-e-media-image\">\n\t\t<a itemprop=\"url\" href=\"https:\/\/www.mareallarco.com\/en\/dove-dormire-a-gaeta\/\">\n\t\t\t<img loading=\"lazy\" decoding=\"async\" width=\"1242\" height=\"686\" src=\"https:\/\/www.mareallarco.com\/wp-content\/uploads\/2023\/06\/IMG_4218.jpg\" class=\"attachment-full size-full wp-post-image\" alt=\"\" srcset=\"https:\/\/www.mareallarco.com\/wp-content\/uploads\/2023\/06\/IMG_4218.jpg 1242w, https:\/\/www.mareallarco.com\/wp-content\/uploads\/2023\/06\/IMG_4218-300x166.jpg 300w, https:\/\/www.mareallarco.com\/wp-content\/uploads\/2023\/06\/IMG_4218-1024x566.jpg 1024w, https:\/\/www.mareallarco.com\/wp-content\/uploads\/2023\/06\/IMG_4218-768x424.jpg 768w, https:\/\/www.mareallarco.com\/wp-content\/uploads\/2023\/06\/IMG_4218-18x10.jpg 18w, https:\/\/www.mareallarco.com\/wp-content\/uploads\/2023\/06\/IMG_4218-600x331.jpg 600w\" sizes=\"auto, (max-width: 1242px) 100vw, 1242px\" \/>\t\t<\/a>\n\t<\/div>\n<\/div>\t\t<div class=\"qodef-e-content\">\n\t\t\t<div class=\"qodef-e-info qodef-info--top\">\n\t\t\t\t<div itemprop=\"dateCreated\" class=\"qodef-e-info-item qodef-e-info-date entry-date\">\n\t<a itemprop=\"url\" href=\"https:\/\/www.mareallarco.com\/en\/2024\/04\/\">April 12, 2024<\/a>\n\t<meta itemprop=\"interactionCount\" content=\"UserComments: 0\"\/>\n<\/div>\t\t\t<\/div>\n\t\t\t<div class=\"qodef-e-text\">\n\t\t\t\t<h4 itemprop=\"name\" class=\"qodef-e-title entry-title\" >\n\t<a itemprop=\"url\" class=\"qodef-e-title-link\" href=\"https:\/\/www.mareallarco.com\/en\/dove-dormire-a-gaeta\/\">\n\t\tDove dormire a Gaeta.\t<\/a>\n<\/h4>\t\t<p itemprop=\"description\" class=\"qodef-e-excerpt\">Buona giornata viaggiatori. Dopo una intensa giornata trascorsa tra le bellezze della nostra cittadina, non resta altro che fermarsi&#8230;. e riposarsi. Gaeta \u00e8 un<\/p>\n\t\t\t\t<\/div>\n\t\t\t\t\t<\/div>\n\t<\/div>\n<\/article><article class=\"qodef-e qodef-blog-item qodef-grid-item qodef-item--full post-7161 post type-post status-publish format-standard has-post-thumbnail hentry category-escursioni category-gite-in-barca category-news category-servizi\">\n\t<div class=\"qodef-e-inner\">\n\t\t<div class=\"qodef-e-media\">\n\t\t<div class=\"qodef-e-media-image\">\n\t\t<a itemprop=\"url\" href=\"https:\/\/www.mareallarco.com\/en\/attivita-allaperto-a-gaeta\/\">\n\t\t\t<img loading=\"lazy\" decoding=\"async\" width=\"800\" height=\"530\" src=\"https:\/\/www.mareallarco.com\/wp-content\/uploads\/2022\/05\/barca-02.jpg\" class=\"attachment-full size-full wp-post-image\" alt=\"\" srcset=\"https:\/\/www.mareallarco.com\/wp-content\/uploads\/2022\/05\/barca-02.jpg 800w, https:\/\/www.mareallarco.com\/wp-content\/uploads\/2022\/05\/barca-02-300x199.jpg 300w, https:\/\/www.mareallarco.com\/wp-content\/uploads\/2022\/05\/barca-02-768x509.jpg 768w, https:\/\/www.mareallarco.com\/wp-content\/uploads\/2022\/05\/barca-02-600x398.jpg 600w\" sizes=\"auto, (max-width: 800px) 100vw, 800px\" \/>\t\t<\/a>\n\t<\/div>\n<\/div>\t\t<div class=\"qodef-e-content\">\n\t\t\t<div class=\"qodef-e-info qodef-info--top\">\n\t\t\t\t<div itemprop=\"dateCreated\" class=\"qodef-e-info-item qodef-e-info-date entry-date\">\n\t<a itemprop=\"url\" href=\"https:\/\/www.mareallarco.com\/en\/2024\/04\/\">April 16, 2024<\/a>\n\t<meta itemprop=\"interactionCount\" content=\"UserComments: 0\"\/>\n<\/div>\t\t\t<\/div>\n\t\t\t<div class=\"qodef-e-text\">\n\t\t\t\t<h4 itemprop=\"name\" class=\"qodef-e-title entry-title\" >\n\t<a itemprop=\"url\" class=\"qodef-e-title-link\" href=\"https:\/\/www.mareallarco.com\/en\/attivita-allaperto-a-gaeta\/\">\n\t\tAttivit\u00e0 all&#8217;aperto a Gaeta.\t<\/a>\n<\/h4>\t\t<p itemprop=\"description\" class=\"qodef-e-excerpt\">Buongiorno a tutti i miei cari viaggiatori. e come diceva Lamartine &#8220;I viaggiatori sono quelli che lasciano le loro convinzioni a casa, i turisti no\u201d. Oggi v<\/p>\n\t\t\t\t<\/div>\n\t\t\t\t\t<\/div>\n\t<\/div>\n<\/article><article class=\"qodef-e qodef-blog-item qodef-grid-item qodef-item--full post-7165 post type-post status-publish format-standard has-post-thumbnail hentry category-escursioni category-news category-servizi\">\n\t<div class=\"qodef-e-inner\">\n\t\t<div class=\"qodef-e-media\">\n\t\t<div class=\"qodef-e-media-image\">\n\t\t<a itemprop=\"url\" href=\"https:\/\/www.mareallarco.com\/en\/castello-angioino-2024-orario-aperture-al-pubblico\/\">\n\t\t\t<img loading=\"lazy\" decoding=\"async\" width=\"500\" height=\"375\" src=\"https:\/\/www.mareallarco.com\/wp-content\/uploads\/2023\/05\/Castello.jpg\" class=\"attachment-full size-full wp-post-image\" alt=\"\" srcset=\"https:\/\/www.mareallarco.com\/wp-content\/uploads\/2023\/05\/Castello.jpg 500w, https:\/\/www.mareallarco.com\/wp-content\/uploads\/2023\/05\/Castello-300x225.jpg 300w, https:\/\/www.mareallarco.com\/wp-content\/uploads\/2023\/05\/Castello-16x12.jpg 16w\" sizes=\"auto, (max-width: 500px) 100vw, 500px\" \/>\t\t<\/a>\n\t<\/div>\n<\/div>\t\t<div class=\"qodef-e-content\">\n\t\t\t<div class=\"qodef-e-info qodef-info--top\">\n\t\t\t\t<div itemprop=\"dateCreated\" class=\"qodef-e-info-item qodef-e-info-date entry-date\">\n\t<a itemprop=\"url\" href=\"https:\/\/www.mareallarco.com\/en\/2024\/04\/\">April 16, 2024<\/a>\n\t<meta itemprop=\"interactionCount\" content=\"UserComments: 0\"\/>\n<\/div>\t\t\t<\/div>\n\t\t\t<div class=\"qodef-e-text\">\n\t\t\t\t<h4 itemprop=\"name\" class=\"qodef-e-title entry-title\" >\n\t<a itemprop=\"url\" class=\"qodef-e-title-link\" href=\"https:\/\/www.mareallarco.com\/en\/castello-angioino-2024-orario-aperture-al-pubblico\/\">\n\t\tCASTELLO ANGIOINO &#8211; orario aperture al pubblico-\t<\/a>\n<\/h4>\t\t<p itemprop=\"description\" class=\"qodef-e-excerpt\">Per tutti i nostri viaggiatori, Vi informo che sar\u00e0 possibile visitare l&#8217;ex carcere militare di Gaeta sito nei locali dell&#8217;antico Castello Angioino. Di <\/p>\n\t\t\t\t<\/div>\n\t\t\t\t\t<\/div>\n\t<\/div>\n<\/article><article class=\"qodef-e qodef-blog-item qodef-grid-item qodef-item--full post-7172 post type-post status-publish format-standard has-post-thumbnail hentry category-escursioni category-news category-servizi\">\n\t<div class=\"qodef-e-inner\">\n\t\t<div class=\"qodef-e-media\">\n\t\t<div class=\"qodef-e-media-image\">\n\t\t<a itemprop=\"url\" href=\"https:\/\/www.mareallarco.com\/en\/santuario-ss-trinita-alla-montagna-spaccata-di-gaeta\/\">\n\t\t\t<img loading=\"lazy\" decoding=\"async\" width=\"800\" height=\"585\" src=\"https:\/\/www.mareallarco.com\/wp-content\/uploads\/2022\/05\/montagna-spaccata-gaeta.jpg\" class=\"attachment-full size-full wp-post-image\" alt=\"\" srcset=\"https:\/\/www.mareallarco.com\/wp-content\/uploads\/2022\/05\/montagna-spaccata-gaeta.jpg 800w, https:\/\/www.mareallarco.com\/wp-content\/uploads\/2022\/05\/montagna-spaccata-gaeta-300x219.jpg 300w, https:\/\/www.mareallarco.com\/wp-content\/uploads\/2022\/05\/montagna-spaccata-gaeta-768x562.jpg 768w, https:\/\/www.mareallarco.com\/wp-content\/uploads\/2022\/05\/montagna-spaccata-gaeta-600x439.jpg 600w\" sizes=\"auto, (max-width: 800px) 100vw, 800px\" \/>\t\t<\/a>\n\t<\/div>\n<\/div>\t\t<div class=\"qodef-e-content\">\n\t\t\t<div class=\"qodef-e-info qodef-info--top\">\n\t\t\t\t<div itemprop=\"dateCreated\" class=\"qodef-e-info-item qodef-e-info-date entry-date\">\n\t<a itemprop=\"url\" href=\"https:\/\/www.mareallarco.com\/en\/2024\/04\/\">April 16, 2024<\/a>\n\t<meta itemprop=\"interactionCount\" content=\"UserComments: 0\"\/>\n<\/div>\t\t\t<\/div>\n\t\t\t<div class=\"qodef-e-text\">\n\t\t\t\t<h4 itemprop=\"name\" class=\"qodef-e-title entry-title\" >\n\t<a itemprop=\"url\" class=\"qodef-e-title-link\" href=\"https:\/\/www.mareallarco.com\/en\/santuario-ss-trinita-alla-montagna-spaccata-di-gaeta\/\">\n\t\tSantuario SS Trinit\u00e0 alla Montagna Spaccata di Gaeta.\t<\/a>\n<\/h4>\t\t<p itemprop=\"description\" class=\"qodef-e-excerpt\">Santuario SS Trinit\u00e0 alla Montagna Spaccata di Gaeta. Orario estivo 2024 Santuario SS. Trinit\u00e0 alla Montagna Spaccata ORARIO ESTIVO 2024 Montagna Spaccata e Grotta<\/p>\n\t\t\t\t<\/div>\n\t\t\t\t\t<\/div>\n\t<\/div>\n<\/article><article class=\"qodef-e qodef-blog-item qodef-grid-item qodef-item--full post-7176 post type-post status-publish format-standard has-post-thumbnail hentry category-escursioni category-news category-servizi\">\n\t<div class=\"qodef-e-inner\">\n\t\t<div class=\"qodef-e-media\">\n\t\t<div class=\"qodef-e-media-image\">\n\t\t<a itemprop=\"url\" href=\"https:\/\/www.mareallarco.com\/en\/appartamenti-e-bb-a-gaeta-sul-mare\/\">\n\t\t\t<img loading=\"lazy\" decoding=\"async\" width=\"2047\" height=\"1191\" src=\"https:\/\/www.mareallarco.com\/wp-content\/uploads\/2023\/06\/30-Gaeta-Maedioevale.jpg\" class=\"attachment-full size-full wp-post-image\" alt=\"\" srcset=\"https:\/\/www.mareallarco.com\/wp-content\/uploads\/2023\/06\/30-Gaeta-Maedioevale.jpg 2047w, https:\/\/www.mareallarco.com\/wp-content\/uploads\/2023\/06\/30-Gaeta-Maedioevale-300x175.jpg 300w, https:\/\/www.mareallarco.com\/wp-content\/uploads\/2023\/06\/30-Gaeta-Maedioevale-1024x596.jpg 1024w, https:\/\/www.mareallarco.com\/wp-content\/uploads\/2023\/06\/30-Gaeta-Maedioevale-768x447.jpg 768w, https:\/\/www.mareallarco.com\/wp-content\/uploads\/2023\/06\/30-Gaeta-Maedioevale-1536x894.jpg 1536w, https:\/\/www.mareallarco.com\/wp-content\/uploads\/2023\/06\/30-Gaeta-Maedioevale-18x10.jpg 18w, https:\/\/www.mareallarco.com\/wp-content\/uploads\/2023\/06\/30-Gaeta-Maedioevale-600x349.jpg 600w\" sizes=\"auto, (max-width: 2047px) 100vw, 2047px\" \/>\t\t<\/a>\n\t<\/div>\n<\/div>\t\t<div class=\"qodef-e-content\">\n\t\t\t<div class=\"qodef-e-info qodef-info--top\">\n\t\t\t\t<div itemprop=\"dateCreated\" class=\"qodef-e-info-item qodef-e-info-date entry-date\">\n\t<a itemprop=\"url\" href=\"https:\/\/www.mareallarco.com\/en\/2024\/04\/\">April 17, 2024<\/a>\n\t<meta itemprop=\"interactionCount\" content=\"UserComments: 0\"\/>\n<\/div>\t\t\t<\/div>\n\t\t\t<div class=\"qodef-e-text\">\n\t\t\t\t<h4 itemprop=\"name\" class=\"qodef-e-title entry-title\" >\n\t<a itemprop=\"url\" class=\"qodef-e-title-link\" href=\"https:\/\/www.mareallarco.com\/en\/appartamenti-e-bb-a-gaeta-sul-mare\/\">\n\t\tAppartamenti e B&#038;B a Gaeta sul mare.\t<\/a>\n<\/h4>\t\t<p itemprop=\"description\" class=\"qodef-e-excerpt\">Perch\u00e9 scegliere un appartamento, casa vacanze o B&amp;b a Gaeta sul mare per la nostra prossima vacanza? Elementare Watson: \u00e8 la migliore soluzione tra un\u2019ospit<\/p>\n\t\t\t\t<\/div>\n\t\t\t\t\t<\/div>\n\t<\/div>\n<\/article><article class=\"qodef-e qodef-blog-item qodef-grid-item qodef-item--full post-7180 post type-post status-publish format-standard has-post-thumbnail hentry category-escursioni category-news category-servizi\">\n\t<div class=\"qodef-e-inner\">\n\t\t<div class=\"qodef-e-media\">\n\t\t<div class=\"qodef-e-media-image\">\n\t\t<a itemprop=\"url\" href=\"https:\/\/www.mareallarco.com\/en\/visite-guidate-ed-escursioni-centro-storico-di-gaeta-medievale\/\">\n\t\t\t<img loading=\"lazy\" decoding=\"async\" width=\"565\" height=\"372\" src=\"https:\/\/www.mareallarco.com\/wp-content\/uploads\/2024\/06\/gaeta-barche.jpg\" class=\"attachment-full size-full wp-post-image\" alt=\"\" srcset=\"https:\/\/www.mareallarco.com\/wp-content\/uploads\/2024\/06\/gaeta-barche.jpg 565w, https:\/\/www.mareallarco.com\/wp-content\/uploads\/2024\/06\/gaeta-barche-300x198.jpg 300w, https:\/\/www.mareallarco.com\/wp-content\/uploads\/2024\/06\/gaeta-barche-18x12.jpg 18w\" sizes=\"auto, (max-width: 565px) 100vw, 565px\" \/>\t\t<\/a>\n\t<\/div>\n<\/div>\t\t<div class=\"qodef-e-content\">\n\t\t\t<div class=\"qodef-e-info qodef-info--top\">\n\t\t\t\t<div itemprop=\"dateCreated\" class=\"qodef-e-info-item qodef-e-info-date entry-date\">\n\t<a itemprop=\"url\" href=\"https:\/\/www.mareallarco.com\/en\/2024\/06\/\">June 12, 2024<\/a>\n\t<meta itemprop=\"interactionCount\" content=\"UserComments: 0\"\/>\n<\/div>\t\t\t<\/div>\n\t\t\t<div class=\"qodef-e-text\">\n\t\t\t\t<h4 itemprop=\"name\" class=\"qodef-e-title entry-title\" >\n\t<a itemprop=\"url\" class=\"qodef-e-title-link\" href=\"https:\/\/www.mareallarco.com\/en\/visite-guidate-ed-escursioni-centro-storico-di-gaeta-medievale\/\">\n\t\tVisite guidate ed Escursioni: Centro Storico di Gaeta Medievale\t<\/a>\n<\/h4>\t\t<p itemprop=\"description\" class=\"qodef-e-excerpt\">Buongiorno miei cari viaggiatori e come diceva Lao Tzu \u201cUn buon viaggiatore non ha piani precisi, il suo scopo non \u00e8 arrivare\u201d Oggi vi volevo informare che nell<\/p>\n\t\t\t\t<\/div>\n\t\t\t\t\t<\/div>\n\t<\/div>\n<\/article><article class=\"qodef-e qodef-blog-item qodef-grid-item qodef-item--full post-7183 post type-post status-publish format-standard has-post-thumbnail hentry category-escursioni category-news category-servizi\">\n\t<div class=\"qodef-e-inner\">\n\t\t<div class=\"qodef-e-media\">\n\t\t<div class=\"qodef-e-media-image\">\n\t\t<a itemprop=\"url\" href=\"https:\/\/www.mareallarco.com\/en\/tradizioni-e-folklore-a-gaeta\/\">\n\t\t\t<img loading=\"lazy\" decoding=\"async\" width=\"1200\" height=\"800\" src=\"https:\/\/www.mareallarco.com\/wp-content\/uploads\/2024\/06\/HD-Video-Il-Sciuscio-di-Baffone-Gaeta-Comunicato-Stampa.jpg\" class=\"attachment-full size-full wp-post-image\" alt=\"\" srcset=\"https:\/\/www.mareallarco.com\/wp-content\/uploads\/2024\/06\/HD-Video-Il-Sciuscio-di-Baffone-Gaeta-Comunicato-Stampa.jpg 1200w, https:\/\/www.mareallarco.com\/wp-content\/uploads\/2024\/06\/HD-Video-Il-Sciuscio-di-Baffone-Gaeta-Comunicato-Stampa-300x200.jpg 300w, https:\/\/www.mareallarco.com\/wp-content\/uploads\/2024\/06\/HD-Video-Il-Sciuscio-di-Baffone-Gaeta-Comunicato-Stampa-1024x683.jpg 1024w, https:\/\/www.mareallarco.com\/wp-content\/uploads\/2024\/06\/HD-Video-Il-Sciuscio-di-Baffone-Gaeta-Comunicato-Stampa-768x512.jpg 768w, https:\/\/www.mareallarco.com\/wp-content\/uploads\/2024\/06\/HD-Video-Il-Sciuscio-di-Baffone-Gaeta-Comunicato-Stampa-18x12.jpg 18w, https:\/\/www.mareallarco.com\/wp-content\/uploads\/2024\/06\/HD-Video-Il-Sciuscio-di-Baffone-Gaeta-Comunicato-Stampa-600x400.jpg 600w\" sizes=\"auto, (max-width: 1200px) 100vw, 1200px\" \/>\t\t<\/a>\n\t<\/div>\n<\/div>\t\t<div class=\"qodef-e-content\">\n\t\t\t<div class=\"qodef-e-info qodef-info--top\">\n\t\t\t\t<div itemprop=\"dateCreated\" class=\"qodef-e-info-item qodef-e-info-date entry-date\">\n\t<a itemprop=\"url\" href=\"https:\/\/www.mareallarco.com\/en\/2024\/06\/\">June 12, 2024<\/a>\n\t<meta itemprop=\"interactionCount\" content=\"UserComments: 0\"\/>\n<\/div>\t\t\t<\/div>\n\t\t\t<div class=\"qodef-e-text\">\n\t\t\t\t<h4 itemprop=\"name\" class=\"qodef-e-title entry-title\" >\n\t<a itemprop=\"url\" class=\"qodef-e-title-link\" href=\"https:\/\/www.mareallarco.com\/en\/tradizioni-e-folklore-a-gaeta\/\">\n\t\tTradizioni e Folklore a Gaeta!\t<\/a>\n<\/h4>\t\t<p itemprop=\"description\" class=\"qodef-e-excerpt\">Gaeta \u00e8 ricca di tradizioni e alcune manifestazioni folcloristiche, che non hanno uguali nei paesi limitrofi. Le usanze ed i costumi delle feste di Natale e del pri<\/p>\n\t\t\t\t<\/div>\n\t\t\t\t\t<\/div>\n\t<\/div>\n<\/article><article class=\"qodef-e qodef-blog-item qodef-grid-item qodef-item--full post-7190 post type-post status-publish format-standard has-post-thumbnail hentry category-escursioni category-news category-servizi\">\n\t<div class=\"qodef-e-inner\">\n\t\t<div class=\"qodef-e-media\">\n\t\t<div class=\"qodef-e-media-image\">\n\t\t<a itemprop=\"url\" href=\"https:\/\/www.mareallarco.com\/en\/aperture-monumenti-e-siti-di-interesse-gaeta-2024\/\">\n\t\t\t<img loading=\"lazy\" decoding=\"async\" width=\"2560\" height=\"1792\" src=\"https:\/\/www.mareallarco.com\/wp-content\/uploads\/2023\/05\/Mappa-musei-Gaeta-scaled.jpg\" class=\"attachment-full size-full wp-post-image\" alt=\"\" srcset=\"https:\/\/www.mareallarco.com\/wp-content\/uploads\/2023\/05\/Mappa-musei-Gaeta-scaled.jpg 2560w, https:\/\/www.mareallarco.com\/wp-content\/uploads\/2023\/05\/Mappa-musei-Gaeta-300x210.jpg 300w, https:\/\/www.mareallarco.com\/wp-content\/uploads\/2023\/05\/Mappa-musei-Gaeta-1024x717.jpg 1024w, https:\/\/www.mareallarco.com\/wp-content\/uploads\/2023\/05\/Mappa-musei-Gaeta-768x537.jpg 768w, https:\/\/www.mareallarco.com\/wp-content\/uploads\/2023\/05\/Mappa-musei-Gaeta-1536x1075.jpg 1536w, https:\/\/www.mareallarco.com\/wp-content\/uploads\/2023\/05\/Mappa-musei-Gaeta-2048x1433.jpg 2048w, https:\/\/www.mareallarco.com\/wp-content\/uploads\/2023\/05\/Mappa-musei-Gaeta-18x12.jpg 18w, https:\/\/www.mareallarco.com\/wp-content\/uploads\/2023\/05\/Mappa-musei-Gaeta-600x420.jpg 600w\" sizes=\"auto, (max-width: 2560px) 100vw, 2560px\" \/>\t\t<\/a>\n\t<\/div>\n<\/div>\t\t<div class=\"qodef-e-content\">\n\t\t\t<div class=\"qodef-e-info qodef-info--top\">\n\t\t\t\t<div itemprop=\"dateCreated\" class=\"qodef-e-info-item qodef-e-info-date entry-date\">\n\t<a itemprop=\"url\" href=\"https:\/\/www.mareallarco.com\/en\/2024\/10\/\">October 3, 2024<\/a>\n\t<meta itemprop=\"interactionCount\" content=\"UserComments: 0\"\/>\n<\/div>\t\t\t<\/div>\n\t\t\t<div class=\"qodef-e-text\">\n\t\t\t\t<h4 itemprop=\"name\" class=\"qodef-e-title entry-title\" >\n\t<a itemprop=\"url\" class=\"qodef-e-title-link\" href=\"https:\/\/www.mareallarco.com\/en\/aperture-monumenti-e-siti-di-interesse-gaeta-2024\/\">\n\t\tAPERTURE MONUMENTI E SITI DI INTERESSE*\t<\/a>\n<\/h4>\t\t<p itemprop=\"description\" class=\"qodef-e-excerpt\">APERTURE MONUMENTI E SITI DI INTERESSE- SETTEMBRE A DICEMBRE 2024 Basilica Cattedrale di Maria Santissima Assunta in Cielo e dei Santi Erasmo e Marciano Via Duomo Da<\/p>\n\t\t\t\t<\/div>\n\t\t\t\t\t<\/div>\n\t<\/div>\n<\/article><article class=\"qodef-e qodef-blog-item qodef-grid-item qodef-item--full post-7206 post type-post status-publish format-standard has-post-thumbnail hentry category-escursioni category-gite-in-barca category-news category-servizi\">\n\t<div class=\"qodef-e-inner\">\n\t\t<div class=\"qodef-e-media\">\n\t\t<div class=\"qodef-e-media-image\">\n\t\t<a itemprop=\"url\" href=\"https:\/\/www.mareallarco.com\/en\/esperienza-esclusiva-a-gaeta-soggiorno-nel-cuore-di-gaeta-e-tour-in-barca-nella-riviera-di-ulisse\/\">\n\t\t\t<img loading=\"lazy\" decoding=\"async\" width=\"900\" height=\"1600\" src=\"https:\/\/www.mareallarco.com\/wp-content\/uploads\/2025\/03\/1eb311da-775e-4d17-99a4-061ae4e09e0a.jpg\" class=\"attachment-full size-full wp-post-image\" alt=\"\" srcset=\"https:\/\/www.mareallarco.com\/wp-content\/uploads\/2025\/03\/1eb311da-775e-4d17-99a4-061ae4e09e0a.jpg 900w, https:\/\/www.mareallarco.com\/wp-content\/uploads\/2025\/03\/1eb311da-775e-4d17-99a4-061ae4e09e0a-169x300.jpg 169w, https:\/\/www.mareallarco.com\/wp-content\/uploads\/2025\/03\/1eb311da-775e-4d17-99a4-061ae4e09e0a-576x1024.jpg 576w, https:\/\/www.mareallarco.com\/wp-content\/uploads\/2025\/03\/1eb311da-775e-4d17-99a4-061ae4e09e0a-768x1365.jpg 768w, https:\/\/www.mareallarco.com\/wp-content\/uploads\/2025\/03\/1eb311da-775e-4d17-99a4-061ae4e09e0a-864x1536.jpg 864w, https:\/\/www.mareallarco.com\/wp-content\/uploads\/2025\/03\/1eb311da-775e-4d17-99a4-061ae4e09e0a-7x12.jpg 7w, https:\/\/www.mareallarco.com\/wp-content\/uploads\/2025\/03\/1eb311da-775e-4d17-99a4-061ae4e09e0a-600x1067.jpg 600w\" sizes=\"auto, (max-width: 900px) 100vw, 900px\" \/>\t\t<\/a>\n\t<\/div>\n<\/div>\t\t<div class=\"qodef-e-content\">\n\t\t\t<div class=\"qodef-e-info qodef-info--top\">\n\t\t\t\t<div itemprop=\"dateCreated\" class=\"qodef-e-info-item qodef-e-info-date entry-date\">\n\t<a itemprop=\"url\" href=\"https:\/\/www.mareallarco.com\/en\/2025\/03\/\">March 22, 2025<\/a>\n\t<meta itemprop=\"interactionCount\" content=\"UserComments: 0\"\/>\n<\/div>\t\t\t<\/div>\n\t\t\t<div class=\"qodef-e-text\">\n\t\t\t\t<h4 itemprop=\"name\" class=\"qodef-e-title entry-title\" >\n\t<a itemprop=\"url\" class=\"qodef-e-title-link\" href=\"https:\/\/www.mareallarco.com\/en\/esperienza-esclusiva-a-gaeta-soggiorno-nel-cuore-di-gaeta-e-tour-in-barca-nella-riviera-di-ulisse\/\">\n\t\tEsperienza esclusiva a Gaeta: soggiorno nel cuore di Gaeta e Tour in barca nella Riviera di Ulisse!\t<\/a>\n<\/h4>\t\t<p itemprop=\"description\" class=\"qodef-e-excerpt\">Buongiorno cari viaggiatori, oggi vi propongo di vivere un&#8217;esperienza unica tra storia, mare cristallino e relax. Soggiorna nel nostro caratteristico palazzott<\/p>\n\t\t\t\t<\/div>\n\t\t\t\t\t<\/div>\n\t<\/div>\n<\/article><article class=\"qodef-e qodef-blog-item qodef-grid-item qodef-item--full post-7216 post type-post status-publish format-standard has-post-thumbnail hentry category-escursioni category-gite-in-barca category-news category-servizi\">\n\t<div class=\"qodef-e-inner\">\n\t\t<div class=\"qodef-e-media\">\n\t\t<div class=\"qodef-e-media-image\">\n\t\t<a itemprop=\"url\" href=\"https:\/\/www.mareallarco.com\/en\/week-end-romantico-a-gaeta-mare-tramonti-e-tour-speciale-in-barca\/\">\n\t\t\t<img loading=\"lazy\" decoding=\"async\" width=\"640\" height=\"480\" src=\"https:\/\/www.mareallarco.com\/wp-content\/uploads\/2025\/03\/TRAMONTO.jpg\" class=\"attachment-full size-full wp-post-image\" alt=\"\" srcset=\"https:\/\/www.mareallarco.com\/wp-content\/uploads\/2025\/03\/TRAMONTO.jpg 640w, https:\/\/www.mareallarco.com\/wp-content\/uploads\/2025\/03\/TRAMONTO-300x225.jpg 300w, https:\/\/www.mareallarco.com\/wp-content\/uploads\/2025\/03\/TRAMONTO-16x12.jpg 16w, https:\/\/www.mareallarco.com\/wp-content\/uploads\/2025\/03\/TRAMONTO-600x450.jpg 600w\" sizes=\"auto, (max-width: 640px) 100vw, 640px\" \/>\t\t<\/a>\n\t<\/div>\n<\/div>\t\t<div class=\"qodef-e-content\">\n\t\t\t<div class=\"qodef-e-info qodef-info--top\">\n\t\t\t\t<div itemprop=\"dateCreated\" class=\"qodef-e-info-item qodef-e-info-date entry-date\">\n\t<a itemprop=\"url\" href=\"https:\/\/www.mareallarco.com\/en\/2025\/03\/\">March 22, 2025<\/a>\n\t<meta itemprop=\"interactionCount\" content=\"UserComments: 0\"\/>\n<\/div>\t\t\t<\/div>\n\t\t\t<div class=\"qodef-e-text\">\n\t\t\t\t<h4 itemprop=\"name\" class=\"qodef-e-title entry-title\" >\n\t<a itemprop=\"url\" class=\"qodef-e-title-link\" href=\"https:\/\/www.mareallarco.com\/en\/week-end-romantico-a-gaeta-mare-tramonti-e-tour-speciale-in-barca\/\">\n\t\tWEEK END ROMANTICO A GAETA: MARE, TRAMONTI E TOUR SPECIALE IN BARCA.\t<\/a>\n<\/h4>\t\t<p itemprop=\"description\" class=\"qodef-e-excerpt\">Regalati un soggiorno da favolacon la tua dolce met\u00e0. il nostro palazzotto storico ti accoglier\u00e0 con il suo fascino unico, mentre il toru in barca ti far\u00e0 vivere <\/p>\n\t\t\t\t<\/div>\n\t\t\t\t\t<\/div>\n\t<\/div>\n<\/article><article class=\"qodef-e qodef-blog-item qodef-grid-item qodef-item--full post-7230 post type-post status-publish format-standard has-post-thumbnail hentry category-escursioni category-news category-servizi\">\n\t<div class=\"qodef-e-inner\">\n\t\t<div class=\"qodef-e-media\">\n\t\t<div class=\"qodef-e-media-image\">\n\t\t<a itemprop=\"url\" href=\"https:\/\/www.mareallarco.com\/en\/benvenuti-a-gaeta-opera-popolare\/\">\n\t\t\t<img loading=\"lazy\" decoding=\"async\" width=\"200\" height=\"130\" src=\"https:\/\/www.mareallarco.com\/wp-content\/uploads\/2025\/11\/OPERA-POPOLARE.jpg\" class=\"attachment-full size-full wp-post-image\" alt=\"\" srcset=\"https:\/\/www.mareallarco.com\/wp-content\/uploads\/2025\/11\/OPERA-POPOLARE.jpg 200w, https:\/\/www.mareallarco.com\/wp-content\/uploads\/2025\/11\/OPERA-POPOLARE-18x12.jpg 18w\" sizes=\"auto, (max-width: 200px) 100vw, 200px\" \/>\t\t<\/a>\n\t<\/div>\n<\/div>\t\t<div class=\"qodef-e-content\">\n\t\t\t<div class=\"qodef-e-info qodef-info--top\">\n\t\t\t\t<div itemprop=\"dateCreated\" class=\"qodef-e-info-item qodef-e-info-date entry-date\">\n\t<a itemprop=\"url\" href=\"https:\/\/www.mareallarco.com\/en\/2025\/11\/\">November 25, 2025<\/a>\n\t<meta itemprop=\"interactionCount\" content=\"UserComments: 0\"\/>\n<\/div>\t\t\t<\/div>\n\t\t\t<div class=\"qodef-e-text\">\n\t\t\t\t<h4 itemprop=\"name\" class=\"qodef-e-title entry-title\" >\n\t<a itemprop=\"url\" class=\"qodef-e-title-link\" href=\"https:\/\/www.mareallarco.com\/en\/benvenuti-a-gaeta-opera-popolare\/\">\n\t\t\u201cBenvenuti a Gaeta &#8211; Opera Popolare\u201d\t<\/a>\n<\/h4>\t\t<p itemprop=\"description\" class=\"qodef-e-excerpt\">Dal 29 novembre al 28 dicembre, ogni sabato e domenica, presso il Complesso Monumentale della Santissima Annunziata di Gaeta. L\u2019ASP \u2013 Istituti Riuniti del Lazio <\/p>\n\t\t\t\t<\/div>\n\t\t\t\t\t<\/div>\n\t<\/div>\n<\/article><article class=\"qodef-e qodef-blog-item qodef-grid-item qodef-item--full post-7240 post type-post status-publish format-standard has-post-thumbnail hentry category-escursioni category-news category-servizi\">\n\t<div class=\"qodef-e-inner\">\n\t\t<div class=\"qodef-e-media\">\n\t\t<div class=\"qodef-e-media-image\">\n\t\t<a itemprop=\"url\" href=\"https:\/\/www.mareallarco.com\/en\/xxxvii-edizione-del-porticato-gaetano-consumo-dal-14-dicembre-al-1-marzo-26\/\">\n\t\t\t<img loading=\"lazy\" decoding=\"async\" width=\"200\" height=\"130\" src=\"https:\/\/www.mareallarco.com\/wp-content\/uploads\/2025\/11\/porticato-gaetano.jpg\" class=\"attachment-full size-full wp-post-image\" alt=\"\" srcset=\"https:\/\/www.mareallarco.com\/wp-content\/uploads\/2025\/11\/porticato-gaetano.jpg 200w, https:\/\/www.mareallarco.com\/wp-content\/uploads\/2025\/11\/porticato-gaetano-18x12.jpg 18w\" sizes=\"auto, (max-width: 200px) 100vw, 200px\" \/>\t\t<\/a>\n\t<\/div>\n<\/div>\t\t<div class=\"qodef-e-content\">\n\t\t\t<div class=\"qodef-e-info qodef-info--top\">\n\t\t\t\t<div itemprop=\"dateCreated\" class=\"qodef-e-info-item qodef-e-info-date entry-date\">\n\t<a itemprop=\"url\" href=\"https:\/\/www.mareallarco.com\/en\/2025\/11\/\">November 25, 2025<\/a>\n\t<meta itemprop=\"interactionCount\" content=\"UserComments: 0\"\/>\n<\/div>\t\t\t<\/div>\n\t\t\t<div class=\"qodef-e-text\">\n\t\t\t\t<h4 itemprop=\"name\" class=\"qodef-e-title entry-title\" >\n\t<a itemprop=\"url\" class=\"qodef-e-title-link\" href=\"https:\/\/www.mareallarco.com\/en\/xxxvii-edizione-del-porticato-gaetano-consumo-dal-14-dicembre-al-1-marzo-26\/\">\n\t\tXXXVII edizione del PORTICATO GAETANO: CONSUMO! Dal 14 Dicembre al 1 Marzo &#8217;26\t<\/a>\n<\/h4>\t\t<p itemprop=\"description\" class=\"qodef-e-excerpt\">&nbsp; XXXVII edizione del PORTICATO GAETANO: CONSUMO! Dal 14 Dicembre al 1 Marzo &#8217;26 Inaugurazione: Domenica 14 Dicembre, ore 11:00 presso Pinacoteca Comunale<\/p>\n\t\t\t\t<\/div>\n\t\t\t\t\t<\/div>\n\t<\/div>\n<\/article><article class=\"qodef-e qodef-blog-item qodef-grid-item qodef-item--full post-7242 post type-post status-publish format-standard has-post-thumbnail hentry category-escursioni category-news category-servizi\">\n\t<div class=\"qodef-e-inner\">\n\t\t<div class=\"qodef-e-media\">\n\t\t<div class=\"qodef-e-media-image\">\n\t\t<a itemprop=\"url\" href=\"https:\/\/www.mareallarco.com\/en\/favole-di-luce-a-gaeta-dal-9-novembre-2025-all11-gennaio-2026\/\">\n\t\t\t<img loading=\"lazy\" decoding=\"async\" width=\"886\" height=\"886\" src=\"https:\/\/www.mareallarco.com\/wp-content\/uploads\/2024\/10\/LUMINARIE-1-principale.jpg\" class=\"attachment-full size-full wp-post-image\" alt=\"\" srcset=\"https:\/\/www.mareallarco.com\/wp-content\/uploads\/2024\/10\/LUMINARIE-1-principale.jpg 886w, https:\/\/www.mareallarco.com\/wp-content\/uploads\/2024\/10\/LUMINARIE-1-principale-300x300.jpg 300w, https:\/\/www.mareallarco.com\/wp-content\/uploads\/2024\/10\/LUMINARIE-1-principale-150x150.jpg 150w, https:\/\/www.mareallarco.com\/wp-content\/uploads\/2024\/10\/LUMINARIE-1-principale-768x768.jpg 768w, https:\/\/www.mareallarco.com\/wp-content\/uploads\/2024\/10\/LUMINARIE-1-principale-12x12.jpg 12w, https:\/\/www.mareallarco.com\/wp-content\/uploads\/2024\/10\/LUMINARIE-1-principale-650x650.jpg 650w\" sizes=\"auto, (max-width: 886px) 100vw, 886px\" \/>\t\t<\/a>\n\t<\/div>\n<\/div>\t\t<div class=\"qodef-e-content\">\n\t\t\t<div class=\"qodef-e-info qodef-info--top\">\n\t\t\t\t<div itemprop=\"dateCreated\" class=\"qodef-e-info-item qodef-e-info-date entry-date\">\n\t<a itemprop=\"url\" href=\"https:\/\/www.mareallarco.com\/en\/2025\/11\/\">November 25, 2025<\/a>\n\t<meta itemprop=\"interactionCount\" content=\"UserComments: 0\"\/>\n<\/div>\t\t\t<\/div>\n\t\t\t<div class=\"qodef-e-text\">\n\t\t\t\t<h4 itemprop=\"name\" class=\"qodef-e-title entry-title\" >\n\t<a itemprop=\"url\" class=\"qodef-e-title-link\" href=\"https:\/\/www.mareallarco.com\/en\/favole-di-luce-a-gaeta-dal-9-novembre-2025-all11-gennaio-2026\/\">\n\t\tFAVOLE DI LUCE A GAETA DAL 9 NOVEMBRE 2025 ALL&#8217;11 GENNAIO 2026\t<\/a>\n<\/h4>\t\t<p itemprop=\"description\" class=\"qodef-e-excerpt\">A Gaeta, le emozioni non finiscono mai&#8230; da domenica 9 novembre all&#8217;11 gennaio torna la magia di&#8230; \u201cFavole di Luce\u201d! Lasciati incantare da maesto<\/p>\n\t\t\t\t<\/div>\n\t\t\t\t\t<\/div>\n\t<\/div>\n<\/article>\t<\/div>\n\t<\/div>\t\t<\/div>\n\t\t\t\t<\/div>\n\t\t\t\t\t<\/div>\n\t\t<\/div>\n\t\t\t\t\t\t\t<\/div>\n\t\t<\/section>\n\t\t\t\t\t\t\t<\/div>","protected":false},"excerpt":{"rendered":"<p>Eccezionale cura di ogni dettaglio Bellissimi appartamenti e atmosfera accogliente Abbinate un aperitivo ad un tramonto perfetto Visitate i tesori nascosti di Gaeta Abbandonatevi al dolce far niente Check-in Check-out Room Type DefaultApartmentsBed &amp; BreakfastLux ApartmentsPrivate HomeVilla Guests: Adults 1234567891011121314151617181920 Children 2-12 years old 01234567891011121314151617181920 Infant&#8217;s 0-2 years old 01234567891011121314151617181920 Done prenota Antica dimora e [&hellip;]<\/p>","protected":false},"author":1,"featured_media":0,"parent":0,"menu_order":0,"comment_status":"closed","ping_status":"closed","template":"page-full-width.php","meta":{"footnotes":""},"class_list":["post-39","page","type-page","status-publish","hentry"],"_links":{"self":[{"href":"https:\/\/www.mareallarco.com\/en\/wp-json\/wp\/v2\/pages\/39","targetHints":{"allow":["GET"]}}],"collection":[{"href":"https:\/\/www.mareallarco.com\/en\/wp-json\/wp\/v2\/pages"}],"about":[{"href":"https:\/\/www.mareallarco.com\/en\/wp-json\/wp\/v2\/types\/page"}],"author":[{"embeddable":true,"href":"https:\/\/www.mareallarco.com\/en\/wp-json\/wp\/v2\/users\/1"}],"replies":[{"embeddable":true,"href":"https:\/\/www.mareallarco.com\/en\/wp-json\/wp\/v2\/comments?post=39"}],"version-history":[{"count":260,"href":"https:\/\/www.mareallarco.com\/en\/wp-json\/wp\/v2\/pages\/39\/revisions"}],"predecessor-version":[{"id":6957,"href":"https:\/\/www.mareallarco.com\/en\/wp-json\/wp\/v2\/pages\/39\/revisions\/6957"}],"wp:attachment":[{"href":"https:\/\/www.mareallarco.com\/en\/wp-json\/wp\/v2\/media?parent=39"}],"curies":[{"name":"wp","href":"https:\/\/api.w.org\/{rel}","templated":true}]}}